{"id":49433,"date":"2025-01-10T12:58:22","date_gmt":"2025-01-10T12:58:22","guid":{"rendered":"https:\/\/www.enabel.be\/?post_type=grants&#038;p=49433"},"modified":"2025-02-03T20:16:20","modified_gmt":"2025-02-03T20:16:20","slug":"contribution-a-la-resilience-du-systeme-de-sante-par-le-renforcement-de-laccessibilite-de-ladaptabilite-de-linclusivite-et-de-la-qualite-des-services-de-sante-pour-les-populations-de-la","status":"publish","type":"grants","link":"https:\/\/www.enabel.be\/fr\/grants\/contribution-a-la-resilience-du-systeme-de-sante-par-le-renforcement-de-laccessibilite-de-ladaptabilite-de-linclusivite-et-de-la-qualite-des-services-de-sante-pour-les-populations-de-la\/","title":{"rendered":"Contribution \u00e0 la r\u00e9silience du syst\u00e8me de sant\u00e9 par le renforcement de l\u2019accessibilit\u00e9, de l&rsquo;adaptabilit\u00e9, de l&rsquo;inclusivit\u00e9 et de la qualit\u00e9 des services de sant\u00e9 pour les populations de la Boucle du Mouhoun"},"content":{"rendered":"","protected":false},"featured_media":0,"template":"","class_list":["post-49433","grants","type-grants","status-publish","hentry"],"yoast_head":"<!-- This site is optimized with the Yoast SEO plugin v25.9 - https:\/\/yoast.com\/wordpress\/plugins\/seo\/ -->\n<title>Contribution \u00e0 la r\u00e9silience du syst\u00e8me de sant\u00e9 par le renforcement de l\u2019accessibilit\u00e9, de l&#039;adaptabilit\u00e9, de l&#039;inclusivit\u00e9 et de la qualit\u00e9 des services de sant\u00e9 pour les populations de la Boucle du Mouhoun - Enabel - Agence belge de coop\u00e9ration internationale<\/title>\n<meta name=\"robots\" content=\"index, follow, max-snippet:-1, max-image-preview:large, max-video-preview:-1\" \/>\n<link rel=\"canonical\" href=\"https:\/\/www.enabel.be\/fr\/grants\/contribution-a-la-resilience-du-systeme-de-sante-par-le-renforcement-de-laccessibilite-de-ladaptabilite-de-linclusivite-et-de-la-qualite-des-services-de-sante-pour-les-populations-de-la\/\" \/>\n<meta property=\"og:locale\" content=\"fr_FR\" \/>\n<meta property=\"og:type\" content=\"article\" \/>\n<meta property=\"og:title\" content=\"Contribution \u00e0 la r\u00e9silience du syst\u00e8me de sant\u00e9 par le renforcement de l\u2019accessibilit\u00e9, de l&#039;adaptabilit\u00e9, de l&#039;inclusivit\u00e9 et de la qualit\u00e9 des services de sant\u00e9 pour les populations de la Boucle du Mouhoun - Enabel - Agence belge de coop\u00e9ration internationale\" \/>\n<meta property=\"og:url\" content=\"https:\/\/www.enabel.be\/fr\/grants\/contribution-a-la-resilience-du-systeme-de-sante-par-le-renforcement-de-laccessibilite-de-ladaptabilite-de-linclusivite-et-de-la-qualite-des-services-de-sante-pour-les-populations-de-la\/\" \/>\n<meta property=\"og:site_name\" content=\"Enabel - Agence belge de coop\u00e9ration internationale\" \/>\n<meta property=\"article:publisher\" content=\"https:\/\/www.facebook.com\/EnabelBelgium\/\" \/>\n<meta property=\"article:modified_time\" content=\"2025-02-03T20:16:20+00:00\" \/>\n<meta property=\"og:image\" content=\"https:\/\/www.enabel.be\/app\/uploads\/2022\/10\/OG-Enabel-e1666600479426.jpg\" \/>\n\t<meta property=\"og:image:width\" content=\"1500\" \/>\n\t<meta property=\"og:image:height\" content=\"707\" \/>\n\t<meta property=\"og:image:type\" content=\"image\/jpeg\" \/>\n<meta name=\"twitter:card\" content=\"summary_large_image\" \/>\n<meta name=\"twitter:site\" content=\"@Enabel_Belgium\" \/>\n<script type=\"application\/ld+json\" class=\"yoast-schema-graph\">{\"@context\":\"https:\/\/schema.org\",\"@graph\":[{\"@type\":\"WebPage\",\"@id\":\"https:\/\/www.enabel.be\/fr\/grants\/contribution-a-la-resilience-du-systeme-de-sante-par-le-renforcement-de-laccessibilite-de-ladaptabilite-de-linclusivite-et-de-la-qualite-des-services-de-sante-pour-les-populations-de-la\/\",\"url\":\"https:\/\/www.enabel.be\/fr\/grants\/contribution-a-la-resilience-du-systeme-de-sante-par-le-renforcement-de-laccessibilite-de-ladaptabilite-de-linclusivite-et-de-la-qualite-des-services-de-sante-pour-les-populations-de-la\/\",\"name\":\"Contribution \u00e0 la r\u00e9silience du syst\u00e8me de sant\u00e9 par le renforcement de l\u2019accessibilit\u00e9, de l'adaptabilit\u00e9, de l'inclusivit\u00e9 et de la qualit\u00e9 des services de sant\u00e9 pour les populations de la Boucle du Mouhoun - Enabel - Agence belge de coop\u00e9ration internationale\",\"isPartOf\":{\"@id\":\"https:\/\/www.enabel.be\/fr\/#website\"},\"datePublished\":\"2025-01-10T12:58:22+00:00\",\"dateModified\":\"2025-02-03T20:16:20+00:00\",\"breadcrumb\":{\"@id\":\"https:\/\/www.enabel.be\/fr\/grants\/contribution-a-la-resilience-du-systeme-de-sante-par-le-renforcement-de-laccessibilite-de-ladaptabilite-de-linclusivite-et-de-la-qualite-des-services-de-sante-pour-les-populations-de-la\/#breadcrumb\"},\"inLanguage\":\"fr-FR\",\"potentialAction\":[{\"@type\":\"ReadAction\",\"target\":[\"https:\/\/www.enabel.be\/fr\/grants\/contribution-a-la-resilience-du-systeme-de-sante-par-le-renforcement-de-laccessibilite-de-ladaptabilite-de-linclusivite-et-de-la-qualite-des-services-de-sante-pour-les-populations-de-la\/\"]}]},{\"@type\":\"BreadcrumbList\",\"@id\":\"https:\/\/www.enabel.be\/fr\/grants\/contribution-a-la-resilience-du-systeme-de-sante-par-le-renforcement-de-laccessibilite-de-ladaptabilite-de-linclusivite-et-de-la-qualite-des-services-de-sante-pour-les-populations-de-la\/#breadcrumb\",\"itemListElement\":[{\"@type\":\"ListItem\",\"position\":1,\"name\":\"Home\",\"item\":\"https:\/\/www.enabel.be\/fr\/\"},{\"@type\":\"ListItem\",\"position\":2,\"name\":\"Contribution \u00e0 la r\u00e9silience du syst\u00e8me de sant\u00e9 par le renforcement de l\u2019accessibilit\u00e9, de l&#8217;adaptabilit\u00e9, de l&#8217;inclusivit\u00e9 et de la qualit\u00e9 des services de sant\u00e9 pour les populations de la Boucle du Mouhoun\"}]},{\"@type\":\"WebSite\",\"@id\":\"https:\/\/www.enabel.be\/fr\/#website\",\"url\":\"https:\/\/www.enabel.be\/fr\/\",\"name\":\"Enabel - Agence belge de coop\u00e9ration internationale\",\"description\":\"Enabling Change\",\"publisher\":{\"@id\":\"https:\/\/www.enabel.be\/fr\/#organization\"},\"potentialAction\":[{\"@type\":\"SearchAction\",\"target\":{\"@type\":\"EntryPoint\",\"urlTemplate\":\"https:\/\/www.enabel.be\/fr\/?s={search_term_string}\"},\"query-input\":{\"@type\":\"PropertyValueSpecification\",\"valueRequired\":true,\"valueName\":\"search_term_string\"}}],\"inLanguage\":\"fr-FR\"},{\"@type\":\"Organization\",\"@id\":\"https:\/\/www.enabel.be\/fr\/#organization\",\"name\":\"Enabel - Agence belge de coop\u00e9ration internationale\",\"url\":\"https:\/\/www.enabel.be\/fr\/\",\"logo\":{\"@type\":\"ImageObject\",\"inLanguage\":\"fr-FR\",\"@id\":\"https:\/\/www.enabel.be\/fr\/#\/schema\/logo\/image\/\",\"url\":\"https:\/\/www.enabel.be\/app\/uploads\/2022\/06\/enabel-logo-color.svg\",\"contentUrl\":\"https:\/\/www.enabel.be\/app\/uploads\/2022\/06\/enabel-logo-color.svg\",\"width\":103,\"height\":35,\"caption\":\"Enabel - Agence belge de coop\u00e9ration internationale\"},\"image\":{\"@id\":\"https:\/\/www.enabel.be\/fr\/#\/schema\/logo\/image\/\"},\"sameAs\":[\"https:\/\/www.facebook.com\/EnabelBelgium\/\",\"https:\/\/x.com\/Enabel_Belgium\",\"https:\/\/www.instagram.com\/enabel_be\/\",\"https:\/\/www.linkedin.com\/company\/enabel\/\",\"https:\/\/www.youtube.com\/channel\/UCHGr3iOQ9n2jORzgtkv5FyQ\"]}]}<\/script>\n<!-- \/ Yoast SEO plugin. -->","yoast_head_json":{"title":"Contribution \u00e0 la r\u00e9silience du syst\u00e8me de sant\u00e9 par le renforcement de l\u2019accessibilit\u00e9, de l'adaptabilit\u00e9, de l'inclusivit\u00e9 et de la qualit\u00e9 des services de sant\u00e9 pour les populations de la Boucle du Mouhoun - Enabel - Agence belge de coop\u00e9ration internationale","robots":{"index":"index","follow":"follow","max-snippet":"max-snippet:-1","max-image-preview":"max-image-preview:large","max-video-preview":"max-video-preview:-1"},"canonical":"https:\/\/www.enabel.be\/fr\/grants\/contribution-a-la-resilience-du-systeme-de-sante-par-le-renforcement-de-laccessibilite-de-ladaptabilite-de-linclusivite-et-de-la-qualite-des-services-de-sante-pour-les-populations-de-la\/","og_locale":"fr_FR","og_type":"article","og_title":"Contribution \u00e0 la r\u00e9silience du syst\u00e8me de sant\u00e9 par le renforcement de l\u2019accessibilit\u00e9, de l'adaptabilit\u00e9, de l'inclusivit\u00e9 et de la qualit\u00e9 des services de sant\u00e9 pour les populations de la Boucle du Mouhoun - Enabel - Agence belge de coop\u00e9ration internationale","og_url":"https:\/\/www.enabel.be\/fr\/grants\/contribution-a-la-resilience-du-systeme-de-sante-par-le-renforcement-de-laccessibilite-de-ladaptabilite-de-linclusivite-et-de-la-qualite-des-services-de-sante-pour-les-populations-de-la\/","og_site_name":"Enabel - Agence belge de coop\u00e9ration internationale","article_publisher":"https:\/\/www.facebook.com\/EnabelBelgium\/","article_modified_time":"2025-02-03T20:16:20+00:00","og_image":[{"width":1500,"height":707,"url":"https:\/\/www.enabel.be\/app\/uploads\/2022\/10\/OG-Enabel-e1666600479426.jpg","type":"image\/jpeg"}],"twitter_card":"summary_large_image","twitter_site":"@Enabel_Belgium","schema":{"@context":"https:\/\/schema.org","@graph":[{"@type":"WebPage","@id":"https:\/\/www.enabel.be\/fr\/grants\/contribution-a-la-resilience-du-systeme-de-sante-par-le-renforcement-de-laccessibilite-de-ladaptabilite-de-linclusivite-et-de-la-qualite-des-services-de-sante-pour-les-populations-de-la\/","url":"https:\/\/www.enabel.be\/fr\/grants\/contribution-a-la-resilience-du-systeme-de-sante-par-le-renforcement-de-laccessibilite-de-ladaptabilite-de-linclusivite-et-de-la-qualite-des-services-de-sante-pour-les-populations-de-la\/","name":"Contribution \u00e0 la r\u00e9silience du syst\u00e8me de sant\u00e9 par le renforcement de l\u2019accessibilit\u00e9, de l'adaptabilit\u00e9, de l'inclusivit\u00e9 et de la qualit\u00e9 des services de sant\u00e9 pour les populations de la Boucle du Mouhoun - Enabel - Agence belge de coop\u00e9ration internationale","isPartOf":{"@id":"https:\/\/www.enabel.be\/fr\/#website"},"datePublished":"2025-01-10T12:58:22+00:00","dateModified":"2025-02-03T20:16:20+00:00","breadcrumb":{"@id":"https:\/\/www.enabel.be\/fr\/grants\/contribution-a-la-resilience-du-systeme-de-sante-par-le-renforcement-de-laccessibilite-de-ladaptabilite-de-linclusivite-et-de-la-qualite-des-services-de-sante-pour-les-populations-de-la\/#breadcrumb"},"inLanguage":"fr-FR","potentialAction":[{"@type":"ReadAction","target":["https:\/\/www.enabel.be\/fr\/grants\/contribution-a-la-resilience-du-systeme-de-sante-par-le-renforcement-de-laccessibilite-de-ladaptabilite-de-linclusivite-et-de-la-qualite-des-services-de-sante-pour-les-populations-de-la\/"]}]},{"@type":"BreadcrumbList","@id":"https:\/\/www.enabel.be\/fr\/grants\/contribution-a-la-resilience-du-systeme-de-sante-par-le-renforcement-de-laccessibilite-de-ladaptabilite-de-linclusivite-et-de-la-qualite-des-services-de-sante-pour-les-populations-de-la\/#breadcrumb","itemListElement":[{"@type":"ListItem","position":1,"name":"Home","item":"https:\/\/www.enabel.be\/fr\/"},{"@type":"ListItem","position":2,"name":"Contribution \u00e0 la r\u00e9silience du syst\u00e8me de sant\u00e9 par le renforcement de l\u2019accessibilit\u00e9, de l&#8217;adaptabilit\u00e9, de l&#8217;inclusivit\u00e9 et de la qualit\u00e9 des services de sant\u00e9 pour les populations de la Boucle du Mouhoun"}]},{"@type":"WebSite","@id":"https:\/\/www.enabel.be\/fr\/#website","url":"https:\/\/www.enabel.be\/fr\/","name":"Enabel - Agence belge de coop\u00e9ration internationale","description":"Enabling Change","publisher":{"@id":"https:\/\/www.enabel.be\/fr\/#organization"},"potentialAction":[{"@type":"SearchAction","target":{"@type":"EntryPoint","urlTemplate":"https:\/\/www.enabel.be\/fr\/?s={search_term_string}"},"query-input":{"@type":"PropertyValueSpecification","valueRequired":true,"valueName":"search_term_string"}}],"inLanguage":"fr-FR"},{"@type":"Organization","@id":"https:\/\/www.enabel.be\/fr\/#organization","name":"Enabel - Agence belge de coop\u00e9ration internationale","url":"https:\/\/www.enabel.be\/fr\/","logo":{"@type":"ImageObject","inLanguage":"fr-FR","@id":"https:\/\/www.enabel.be\/fr\/#\/schema\/logo\/image\/","url":"https:\/\/www.enabel.be\/app\/uploads\/2022\/06\/enabel-logo-color.svg","contentUrl":"https:\/\/www.enabel.be\/app\/uploads\/2022\/06\/enabel-logo-color.svg","width":103,"height":35,"caption":"Enabel - Agence belge de coop\u00e9ration internationale"},"image":{"@id":"https:\/\/www.enabel.be\/fr\/#\/schema\/logo\/image\/"},"sameAs":["https:\/\/www.facebook.com\/EnabelBelgium\/","https:\/\/x.com\/Enabel_Belgium","https:\/\/www.instagram.com\/enabel_be\/","https:\/\/www.linkedin.com\/company\/enabel\/","https:\/\/www.youtube.com\/channel\/UCHGr3iOQ9n2jORzgtkv5FyQ"]}]}},"acf":[],"_links":{"self":[{"href":"https:\/\/www.enabel.be\/fr\/wp-json\/wp\/v2\/grants\/49433","targetHints":{"allow":["GET"]}}],"collection":[{"href":"https:\/\/www.enabel.be\/fr\/wp-json\/wp\/v2\/grants"}],"about":[{"href":"https:\/\/www.enabel.be\/fr\/wp-json\/wp\/v2\/types\/grants"}],"wp:attachment":[{"href":"https:\/\/www.enabel.be\/fr\/wp-json\/wp\/v2\/media?parent=49433"}],"curies":[{"name":"wp","href":"https:\/\/api.w.org\/{rel}","templated":true}]}}