{"id":25512,"date":"2023-01-04T11:10:39","date_gmt":"2023-01-04T11:10:39","guid":{"rendered":"https:\/\/www.enabel.be\/?page_id=25512"},"modified":"2023-04-28T08:35:29","modified_gmt":"2023-04-28T08:35:29","slug":"open-enabel-be","status":"publish","type":"page","link":"https:\/\/www.enabel.be\/fr\/open-enabel-be\/","title":{"rendered":"Open.enabel.be"},"content":{"rendered":"<header class=\"header--big relative flex align-center items-center min-h-screen\">\n\t<div class=\"z-20 container grid grid-cols-12\">\n\t\t<div class=\"z-30 relative col-span-12 md:col-span-8 col-start-1 md:col-start-3 text-center text-white\">\n\t\t\t\t\t\t\t<p class=\"h5\" data-aos=\"fade-down\">Aper\u00e7u de tous nos projets<\/p>\n\t\t\t\t\t\t<h1 data-aos=\"fade-up mb-0\">open.enabel.be<\/h1>\n\t\t\t\t\t<\/div>\n\t<\/div>\n\t\t\t\t\t\t\t<img decoding=\"async\" width=\"2560\" height=\"1707\" src=\"https:\/\/www.enabel.be\/app\/uploads\/2022\/09\/190806moz_enabel267-scaled.jpg\" class=\"z-0 absolute inset-0 w-full h-full object-cover object-top wp-post-image\" alt=\"\" srcset=\"https:\/\/www.enabel.be\/app\/uploads\/2022\/09\/190806moz_enabel267-scaled.jpg 2560w, https:\/\/www.enabel.be\/app\/uploads\/2022\/09\/190806moz_enabel267-300x200.jpg 300w, https:\/\/www.enabel.be\/app\/uploads\/2022\/09\/190806moz_enabel267-1024x683.jpg 1024w, https:\/\/www.enabel.be\/app\/uploads\/2022\/09\/190806moz_enabel267-768x512.jpg 768w, https:\/\/www.enabel.be\/app\/uploads\/2022\/09\/190806moz_enabel267-1536x1024.jpg 1536w\" sizes=\"(max-width: 2560px) 100vw, 2560px\" \/>\n\t\t\t\t\t<div class=\"scroll rellax\" data-rellax-percentage=\"0.5\" data-rellax-speed=\"-1.5\">\n\t\t<p>\n\t\t\tScroll\n\t\t<\/p>\n\t<\/div>\n<\/header>\n\n<section class=\"section--text-center mx-auto bg-primary-50\">\n    <div class=\"container items-center grid-flow-row-dense grid-cols-12 lg:grid\">\n        <div class=\"relative text-center z-1 lg:col-start-2 lg:col-span-10\">\n            <h2>Enabel g\u00e8re environ 170 projets dans plus de 20 pays, en Belgique, en Afrique et au Moyen-Orient. Sur <a href=\"https:\/\/open.enabel.be\/fr\" target=\"_blank\" rel=\"noopener\">open.enabel.be<\/a>, vous trouverez tous les projets en cours, ainsi que les projets achev\u00e9s et les projets en pr\u00e9paration, par pays, par secteur et par bailleur. Les projets publient \u00e9galement des nouvelles et des r\u00e9alisations sur les pages qui leur sont consacr\u00e9es.<\/h2>\n\n        <\/div>\n    <\/div>\n<\/section>\n\n\n<section class=\"section--action py-40 bg-greylight\">\n    <div class=\"container relative grid-cols-12 gap-8 md:grid\">\n                    <div class=\"z-10 flex items-center justify-between col-span-12 gap-10 mb-2 md:col-span-10 md:col-start-2 actions__title\">\n                <h2 class=\"mb-0 \">Aper\u00e7u des projets par pays<\/h2>\n                                                                <\/div>\n        \n        <div class=\"relative z-10 flex flex-row flex-wrap content-between col-span-12 gap-10 md:col-span-10 md:col-start-2\">\n                            <a\n    href=\"https:\/\/open.enabel.be\/en\/projects\/56\/belgium.html\"\n    class=\"has-cursor card--action card--animation | overflow-hidden font-normal no-underline text-inherit w-full md:w-[46%] lg:w-[47%] \"\n    data-aos=\"fade-down\"\n    data-aos-delay=\"000\"\n    target=\"_blank\">\n    <div class=\"relative card--top h-[340px] flex items-center\">\n        <img decoding=\"async\" width=\"1900\" height=\"950\" src=\"https:\/\/www.enabel.be\/app\/uploads\/2022\/07\/1900x950px_belgique_d_2.jpg\" class=\"absolute top-0 left-0 h-full w-full object-cover object-center\" alt=\"\" data-aos=\"fade-left\" data-aos-delay=\"400\" srcset=\"https:\/\/www.enabel.be\/app\/uploads\/2022\/07\/1900x950px_belgique_d_2.jpg 1900w, https:\/\/www.enabel.be\/app\/uploads\/2022\/07\/1900x950px_belgique_d_2-300x150.jpg 300w, https:\/\/www.enabel.be\/app\/uploads\/2022\/07\/1900x950px_belgique_d_2-1024x512.jpg 1024w, https:\/\/www.enabel.be\/app\/uploads\/2022\/07\/1900x950px_belgique_d_2-768x384.jpg 768w, https:\/\/www.enabel.be\/app\/uploads\/2022\/07\/1900x950px_belgique_d_2-1536x768.jpg 1536w\" sizes=\"(max-width: 1900px) 100vw, 1900px\" \/>\n        <p class=\"px-[24px] z-10\">\n            Aper\u00e7u des projets en Belgique.\n        <\/p>\n    <\/div>\n    <h3 class=\"relative z-10 flex justify-between w-full p-6 mb-0\">\n        Belgique\n        <svg width=\"17\" height=\"12\" viewBox=\"0 0 17 12\" fill=\"none\" xmlns=\"http:\/\/www.w3.org\/2000\/svg\" class=\"min-w-[43px]\">\n\t<path d=\"M0 6.00004L16.0319 6.00004M16.0319 6.00004L10.705 0.813232M16.0319 6.00004L10.705 11.1868\" stroke=\"#012D3A\"\/>\n<\/svg>\n    <\/h3>\n<\/a>\n                            <a\n    href=\"https:\/\/open.enabel.be\/fr\/projects\/204\/bnin.html\"\n    class=\"has-cursor card--action card--animation | overflow-hidden font-normal no-underline text-inherit w-full md:w-[46%] lg:w-[47%] \"\n    data-aos=\"fade-down\"\n    data-aos-delay=\"100\"\n    target=\"_blank\">\n    <div class=\"relative card--top h-[340px] flex items-center\">\n        <img decoding=\"async\" width=\"900\" height=\"600\" src=\"https:\/\/www.enabel.be\/app\/uploads\/2023\/04\/603A9166.jpg\" class=\"absolute top-0 left-0 h-full w-full object-cover object-center\" alt=\"\" data-aos=\"fade-left\" data-aos-delay=\"400\" srcset=\"https:\/\/www.enabel.be\/app\/uploads\/2023\/04\/603A9166.jpg 900w, https:\/\/www.enabel.be\/app\/uploads\/2023\/04\/603A9166-300x200.jpg 300w, https:\/\/www.enabel.be\/app\/uploads\/2023\/04\/603A9166-768x512.jpg 768w\" sizes=\"(max-width: 900px) 100vw, 900px\" \/>\n        <p class=\"px-[24px] z-10\">\n            Aper\u00e7u des projets au B\u00e9nin.\n        <\/p>\n    <\/div>\n    <h3 class=\"relative z-10 flex justify-between w-full p-6 mb-0\">\n        B\u00e9nin\n        <svg width=\"17\" height=\"12\" viewBox=\"0 0 17 12\" fill=\"none\" xmlns=\"http:\/\/www.w3.org\/2000\/svg\" class=\"min-w-[43px]\">\n\t<path d=\"M0 6.00004L16.0319 6.00004M16.0319 6.00004L10.705 0.813232M16.0319 6.00004L10.705 11.1868\" stroke=\"#012D3A\"\/>\n<\/svg>\n    <\/h3>\n<\/a>\n                            <a\n    href=\"https:\/\/open.enabel.be\/en\/projects\/854\/burkina-faso.html\"\n    class=\"has-cursor card--action card--animation | overflow-hidden font-normal no-underline text-inherit w-full md:w-[46%] lg:w-[47%] \"\n    data-aos=\"fade-down\"\n    data-aos-delay=\"200\"\n    target=\"_blank\">\n    <div class=\"relative card--top h-[340px] flex items-center\">\n        <img decoding=\"async\" src=\"https:\/\/www.enabel.be\/app\/uploads\/2022\/08\/POLICE-PROX-7-scaled.jpg\" class=\"absolute top-0 left-0 h-full w-full object-cover object-center\" alt=\"\" data-aos=\"fade-left\" data-aos-delay=\"400\" \/>\n        <p class=\"px-[24px] z-10\">\n            Aper\u00e7u des projets au Burkina Faso.\n        <\/p>\n    <\/div>\n    <h3 class=\"relative z-10 flex justify-between w-full p-6 mb-0\">\n        Burkina Faso\n        <svg width=\"17\" height=\"12\" viewBox=\"0 0 17 12\" fill=\"none\" xmlns=\"http:\/\/www.w3.org\/2000\/svg\" class=\"min-w-[43px]\">\n\t<path d=\"M0 6.00004L16.0319 6.00004M16.0319 6.00004L10.705 0.813232M16.0319 6.00004L10.705 11.1868\" stroke=\"#012D3A\"\/>\n<\/svg>\n    <\/h3>\n<\/a>\n                            <a\n    href=\"https:\/\/open.enabel.be\/en\/projects\/108\/burundi.html\"\n    class=\"has-cursor card--action card--animation | overflow-hidden font-normal no-underline text-inherit w-full md:w-[46%] lg:w-[47%] \"\n    data-aos=\"fade-down\"\n    data-aos-delay=\"300\"\n    target=\"_blank\">\n    <div class=\"relative card--top h-[340px] flex items-center\">\n        <img decoding=\"async\" width=\"1600\" height=\"1200\" src=\"https:\/\/www.enabel.be\/app\/uploads\/2022\/10\/80a921db-06d9-434e-9827-9cb6fb3a41b5_0.jpg\" class=\"absolute top-0 left-0 h-full w-full object-cover object-center\" alt=\"\" data-aos=\"fade-left\" data-aos-delay=\"400\" srcset=\"https:\/\/www.enabel.be\/app\/uploads\/2022\/10\/80a921db-06d9-434e-9827-9cb6fb3a41b5_0.jpg 1600w, https:\/\/www.enabel.be\/app\/uploads\/2022\/10\/80a921db-06d9-434e-9827-9cb6fb3a41b5_0-300x225.jpg 300w, https:\/\/www.enabel.be\/app\/uploads\/2022\/10\/80a921db-06d9-434e-9827-9cb6fb3a41b5_0-1024x768.jpg 1024w, https:\/\/www.enabel.be\/app\/uploads\/2022\/10\/80a921db-06d9-434e-9827-9cb6fb3a41b5_0-768x576.jpg 768w, https:\/\/www.enabel.be\/app\/uploads\/2022\/10\/80a921db-06d9-434e-9827-9cb6fb3a41b5_0-1536x1152.jpg 1536w\" sizes=\"(max-width: 1600px) 100vw, 1600px\" \/>\n        <p class=\"px-[24px] z-10\">\n            Aper\u00e7u des projets au Burundi.\n        <\/p>\n    <\/div>\n    <h3 class=\"relative z-10 flex justify-between w-full p-6 mb-0\">\n        Burundi\n        <svg width=\"17\" height=\"12\" viewBox=\"0 0 17 12\" fill=\"none\" xmlns=\"http:\/\/www.w3.org\/2000\/svg\" class=\"min-w-[43px]\">\n\t<path d=\"M0 6.00004L16.0319 6.00004M16.0319 6.00004L10.705 0.813232M16.0319 6.00004L10.705 11.1868\" stroke=\"#012D3A\"\/>\n<\/svg>\n    <\/h3>\n<\/a>\n                            <a\n    href=\"https:\/\/open.enabel.be\/en\/projects\/384\/cte-d-ivoire.html\"\n    class=\"has-cursor card--action card--animation | overflow-hidden font-normal no-underline text-inherit w-full md:w-[46%] lg:w-[47%] \"\n    data-aos=\"fade-down\"\n    data-aos-delay=\"400\"\n    target=\"_blank\">\n    <div class=\"relative card--top h-[340px] flex items-center\">\n        <img decoding=\"async\" width=\"800\" height=\"550\" src=\"https:\/\/www.enabel.be\/app\/uploads\/2023\/01\/CIV21002_1664437388.jpg\" class=\"absolute top-0 left-0 h-full w-full object-cover object-center\" alt=\"\" data-aos=\"fade-left\" data-aos-delay=\"400\" srcset=\"https:\/\/www.enabel.be\/app\/uploads\/2023\/01\/CIV21002_1664437388.jpg 800w, https:\/\/www.enabel.be\/app\/uploads\/2023\/01\/CIV21002_1664437388-300x206.jpg 300w, https:\/\/www.enabel.be\/app\/uploads\/2023\/01\/CIV21002_1664437388-768x528.jpg 768w\" sizes=\"(max-width: 800px) 100vw, 800px\" \/>\n        <p class=\"px-[24px] z-10\">\n            Aper\u00e7u des projets en C\u00f4te d&rsquo;Ivoire.\n        <\/p>\n    <\/div>\n    <h3 class=\"relative z-10 flex justify-between w-full p-6 mb-0\">\n        C\u00f4te d&rsquo;Ivoire\n        <svg width=\"17\" height=\"12\" viewBox=\"0 0 17 12\" fill=\"none\" xmlns=\"http:\/\/www.w3.org\/2000\/svg\" class=\"min-w-[43px]\">\n\t<path d=\"M0 6.00004L16.0319 6.00004M16.0319 6.00004L10.705 0.813232M16.0319 6.00004L10.705 11.1868\" stroke=\"#012D3A\"\/>\n<\/svg>\n    <\/h3>\n<\/a>\n                            <a\n    href=\"https:\/\/open.enabel.be\/en\/projects\/270\/gambia.html\"\n    class=\"has-cursor card--action card--animation | overflow-hidden font-normal no-underline text-inherit w-full md:w-[46%] lg:w-[47%] \"\n    data-aos=\"fade-down\"\n    data-aos-delay=\"500\"\n    target=\"_blank\">\n    <div class=\"relative card--top h-[340px] flex items-center\">\n        <img decoding=\"async\" width=\"800\" height=\"533\" src=\"https:\/\/www.enabel.be\/app\/uploads\/2023\/01\/GMB170011T_1619091993.jpg\" class=\"absolute top-0 left-0 h-full w-full object-cover object-center\" alt=\"\" data-aos=\"fade-left\" data-aos-delay=\"400\" srcset=\"https:\/\/www.enabel.be\/app\/uploads\/2023\/01\/GMB170011T_1619091993.jpg 800w, https:\/\/www.enabel.be\/app\/uploads\/2023\/01\/GMB170011T_1619091993-300x200.jpg 300w, https:\/\/www.enabel.be\/app\/uploads\/2023\/01\/GMB170011T_1619091993-768x512.jpg 768w\" sizes=\"(max-width: 800px) 100vw, 800px\" \/>\n        <p class=\"px-[24px] z-10\">\n            Aper\u00e7u des projets au Gambie.\n        <\/p>\n    <\/div>\n    <h3 class=\"relative z-10 flex justify-between w-full p-6 mb-0\">\n        Gambie\n        <svg width=\"17\" height=\"12\" viewBox=\"0 0 17 12\" fill=\"none\" xmlns=\"http:\/\/www.w3.org\/2000\/svg\" class=\"min-w-[43px]\">\n\t<path d=\"M0 6.00004L16.0319 6.00004M16.0319 6.00004L10.705 0.813232M16.0319 6.00004L10.705 11.1868\" stroke=\"#012D3A\"\/>\n<\/svg>\n    <\/h3>\n<\/a>\n                            <a\n    href=\"https:\/\/open.enabel.be\/en\/projects\/324\/guinea.html\"\n    class=\"has-cursor card--action card--animation | overflow-hidden font-normal no-underline text-inherit w-full md:w-[46%] lg:w-[47%] \"\n    data-aos=\"fade-down\"\n    data-aos-delay=\"600\"\n    target=\"_blank\">\n    <div class=\"relative card--top h-[340px] flex items-center\">\n        <img decoding=\"async\" width=\"1800\" height=\"1201\" src=\"https:\/\/www.enabel.be\/app\/uploads\/2023\/01\/J1-44.jpg\" class=\"absolute top-0 left-0 h-full w-full object-cover object-center\" alt=\"\" data-aos=\"fade-left\" data-aos-delay=\"400\" srcset=\"https:\/\/www.enabel.be\/app\/uploads\/2023\/01\/J1-44.jpg 1800w, https:\/\/www.enabel.be\/app\/uploads\/2023\/01\/J1-44-300x200.jpg 300w, https:\/\/www.enabel.be\/app\/uploads\/2023\/01\/J1-44-1024x683.jpg 1024w, https:\/\/www.enabel.be\/app\/uploads\/2023\/01\/J1-44-768x512.jpg 768w, https:\/\/www.enabel.be\/app\/uploads\/2023\/01\/J1-44-1536x1025.jpg 1536w\" sizes=\"(max-width: 1800px) 100vw, 1800px\" \/>\n        <p class=\"px-[24px] z-10\">\n            Aper\u00e7u des projets en Guin\u00e9e\n        <\/p>\n    <\/div>\n    <h3 class=\"relative z-10 flex justify-between w-full p-6 mb-0\">\n        Guin\u00e9e\n        <svg width=\"17\" height=\"12\" viewBox=\"0 0 17 12\" fill=\"none\" xmlns=\"http:\/\/www.w3.org\/2000\/svg\" class=\"min-w-[43px]\">\n\t<path d=\"M0 6.00004L16.0319 6.00004M16.0319 6.00004L10.705 0.813232M16.0319 6.00004L10.705 11.1868\" stroke=\"#012D3A\"\/>\n<\/svg>\n    <\/h3>\n<\/a>\n                            <a\n    href=\"https:\/\/open.enabel.be\/en\/projects\/624\/guinea-bissau.html\"\n    class=\"has-cursor card--action card--animation | overflow-hidden font-normal no-underline text-inherit w-full md:w-[46%] lg:w-[47%] \"\n    data-aos=\"fade-down\"\n    data-aos-delay=\"700\"\n    target=\"_blank\">\n    <div class=\"relative card--top h-[340px] flex items-center\">\n        <img decoding=\"async\" width=\"800\" height=\"613\" src=\"https:\/\/www.enabel.be\/app\/uploads\/2023\/01\/GNB180011T_1619076453.jpg\" class=\"absolute top-0 left-0 h-full w-full object-cover object-center\" alt=\"\" data-aos=\"fade-left\" data-aos-delay=\"400\" srcset=\"https:\/\/www.enabel.be\/app\/uploads\/2023\/01\/GNB180011T_1619076453.jpg 800w, https:\/\/www.enabel.be\/app\/uploads\/2023\/01\/GNB180011T_1619076453-300x230.jpg 300w, https:\/\/www.enabel.be\/app\/uploads\/2023\/01\/GNB180011T_1619076453-768x588.jpg 768w\" sizes=\"(max-width: 800px) 100vw, 800px\" \/>\n        <p class=\"px-[24px] z-10\">\n            Aper\u00e7u des projets en Guin\u00e9e-Bissau.\n        <\/p>\n    <\/div>\n    <h3 class=\"relative z-10 flex justify-between w-full p-6 mb-0\">\n        Guin\u00e9e-Bissau\n        <svg width=\"17\" height=\"12\" viewBox=\"0 0 17 12\" fill=\"none\" xmlns=\"http:\/\/www.w3.org\/2000\/svg\" class=\"min-w-[43px]\">\n\t<path d=\"M0 6.00004L16.0319 6.00004M16.0319 6.00004L10.705 0.813232M16.0319 6.00004L10.705 11.1868\" stroke=\"#012D3A\"\/>\n<\/svg>\n    <\/h3>\n<\/a>\n                            <a\n    href=\"https:\/\/open.enabel.be\/en\/projects\/400\/jordan.html\"\n    class=\"has-cursor card--action card--animation | overflow-hidden font-normal no-underline text-inherit w-full md:w-[46%] lg:w-[47%] \"\n    data-aos=\"fade-down\"\n    data-aos-delay=\"800\"\n    target=\"_blank\">\n    <div class=\"relative card--top h-[340px] flex items-center\">\n        <img decoding=\"async\" width=\"605\" height=\"405\" src=\"https:\/\/www.enabel.be\/app\/uploads\/2022\/07\/jordan_1.jpg\" class=\"absolute top-0 left-0 h-full w-full object-cover object-center\" alt=\"\" data-aos=\"fade-left\" data-aos-delay=\"400\" srcset=\"https:\/\/www.enabel.be\/app\/uploads\/2022\/07\/jordan_1.jpg 605w, https:\/\/www.enabel.be\/app\/uploads\/2022\/07\/jordan_1-300x201.jpg 300w\" sizes=\"(max-width: 605px) 100vw, 605px\" \/>\n        <p class=\"px-[24px] z-10\">\n            Aper\u00e7u des projets en Jordanie.\n        <\/p>\n    <\/div>\n    <h3 class=\"relative z-10 flex justify-between w-full p-6 mb-0\">\n        Jordanie\n        <svg width=\"17\" height=\"12\" viewBox=\"0 0 17 12\" fill=\"none\" xmlns=\"http:\/\/www.w3.org\/2000\/svg\" class=\"min-w-[43px]\">\n\t<path d=\"M0 6.00004L16.0319 6.00004M16.0319 6.00004L10.705 0.813232M16.0319 6.00004L10.705 11.1868\" stroke=\"#012D3A\"\/>\n<\/svg>\n    <\/h3>\n<\/a>\n                            <a\n    href=\"https:\/\/open.enabel.be\/en\/projects\/466\/mali.html\"\n    class=\"has-cursor card--action card--animation | overflow-hidden font-normal no-underline text-inherit w-full md:w-[46%] lg:w-[47%] \"\n    data-aos=\"fade-down\"\n    data-aos-delay=\"900\"\n    target=\"_blank\">\n    <div class=\"relative card--top h-[340px] flex items-center\">\n        <img decoding=\"async\" width=\"1500\" height=\"1000\" src=\"https:\/\/www.enabel.be\/app\/uploads\/2022\/08\/Mali_Enabel_20_DSC06505_KristofVadino.jpg\" class=\"absolute top-0 left-0 h-full w-full object-cover object-center\" alt=\"shadow of a child on a fishing boat in Mali\" data-aos=\"fade-left\" data-aos-delay=\"400\" srcset=\"https:\/\/www.enabel.be\/app\/uploads\/2022\/08\/Mali_Enabel_20_DSC06505_KristofVadino.jpg 1500w, https:\/\/www.enabel.be\/app\/uploads\/2022\/08\/Mali_Enabel_20_DSC06505_KristofVadino-300x200.jpg 300w, https:\/\/www.enabel.be\/app\/uploads\/2022\/08\/Mali_Enabel_20_DSC06505_KristofVadino-1024x683.jpg 1024w, https:\/\/www.enabel.be\/app\/uploads\/2022\/08\/Mali_Enabel_20_DSC06505_KristofVadino-768x512.jpg 768w\" sizes=\"(max-width: 1500px) 100vw, 1500px\" \/>\n        <p class=\"px-[24px] z-10\">\n            Aper\u00e7u des projets au Mali.\n        <\/p>\n    <\/div>\n    <h3 class=\"relative z-10 flex justify-between w-full p-6 mb-0\">\n        Mali\n        <svg width=\"17\" height=\"12\" viewBox=\"0 0 17 12\" fill=\"none\" xmlns=\"http:\/\/www.w3.org\/2000\/svg\" class=\"min-w-[43px]\">\n\t<path d=\"M0 6.00004L16.0319 6.00004M16.0319 6.00004L10.705 0.813232M16.0319 6.00004L10.705 11.1868\" stroke=\"#012D3A\"\/>\n<\/svg>\n    <\/h3>\n<\/a>\n                            <a\n    href=\"https:\/\/open.enabel.be\/en\/projects\/504\/morocco.html\"\n    class=\"has-cursor card--action card--animation | overflow-hidden font-normal no-underline text-inherit w-full md:w-[46%] lg:w-[47%] \"\n    data-aos=\"fade-down\"\n    data-aos-delay=\"1000\"\n    target=\"_blank\">\n    <div class=\"relative card--top h-[340px] flex items-center\">\n        <img decoding=\"async\" width=\"1920\" height=\"1080\" src=\"https:\/\/www.enabel.be\/app\/uploads\/2023\/01\/0074.jpg\" class=\"absolute top-0 left-0 h-full w-full object-cover object-center\" alt=\"\" data-aos=\"fade-left\" data-aos-delay=\"400\" srcset=\"https:\/\/www.enabel.be\/app\/uploads\/2023\/01\/0074.jpg 1920w, https:\/\/www.enabel.be\/app\/uploads\/2023\/01\/0074-300x169.jpg 300w, https:\/\/www.enabel.be\/app\/uploads\/2023\/01\/0074-1024x576.jpg 1024w, https:\/\/www.enabel.be\/app\/uploads\/2023\/01\/0074-768x432.jpg 768w, https:\/\/www.enabel.be\/app\/uploads\/2023\/01\/0074-1536x864.jpg 1536w, https:\/\/www.enabel.be\/app\/uploads\/2023\/01\/0074-550x309.jpg 550w\" sizes=\"(max-width: 1920px) 100vw, 1920px\" \/>\n        <p class=\"px-[24px] z-10\">\n            Aper\u00e7u des projets au Maroc.\n        <\/p>\n    <\/div>\n    <h3 class=\"relative z-10 flex justify-between w-full p-6 mb-0\">\n        Maroc\n        <svg width=\"17\" height=\"12\" viewBox=\"0 0 17 12\" fill=\"none\" xmlns=\"http:\/\/www.w3.org\/2000\/svg\" class=\"min-w-[43px]\">\n\t<path d=\"M0 6.00004L16.0319 6.00004M16.0319 6.00004L10.705 0.813232M16.0319 6.00004L10.705 11.1868\" stroke=\"#012D3A\"\/>\n<\/svg>\n    <\/h3>\n<\/a>\n                            <a\n    href=\"https:\/\/open.enabel.be\/en\/projects\/478\/mauritania.html\"\n    class=\"has-cursor card--action card--animation | overflow-hidden font-normal no-underline text-inherit w-full md:w-[46%] lg:w-[47%] \"\n    data-aos=\"fade-down\"\n    data-aos-delay=\"1100\"\n    target=\"_blank\">\n    <div class=\"relative card--top h-[340px] flex items-center\">\n        <img decoding=\"async\" width=\"1200\" height=\"1600\" src=\"https:\/\/www.enabel.be\/app\/uploads\/2023\/01\/MRT20002_1601632560.jpg\" class=\"absolute top-0 left-0 h-full w-full object-cover object-center\" alt=\"\" data-aos=\"fade-left\" data-aos-delay=\"400\" srcset=\"https:\/\/www.enabel.be\/app\/uploads\/2023\/01\/MRT20002_1601632560.jpg 1200w, https:\/\/www.enabel.be\/app\/uploads\/2023\/01\/MRT20002_1601632560-225x300.jpg 225w, https:\/\/www.enabel.be\/app\/uploads\/2023\/01\/MRT20002_1601632560-768x1024.jpg 768w, https:\/\/www.enabel.be\/app\/uploads\/2023\/01\/MRT20002_1601632560-1152x1536.jpg 1152w\" sizes=\"(max-width: 1200px) 100vw, 1200px\" \/>\n        <p class=\"px-[24px] z-10\">\n            Aper\u00e7u des projets en Mauritanie\n        <\/p>\n    <\/div>\n    <h3 class=\"relative z-10 flex justify-between w-full p-6 mb-0\">\n        Mauritanie\n        <svg width=\"17\" height=\"12\" viewBox=\"0 0 17 12\" fill=\"none\" xmlns=\"http:\/\/www.w3.org\/2000\/svg\" class=\"min-w-[43px]\">\n\t<path d=\"M0 6.00004L16.0319 6.00004M16.0319 6.00004L10.705 0.813232M16.0319 6.00004L10.705 11.1868\" stroke=\"#012D3A\"\/>\n<\/svg>\n    <\/h3>\n<\/a>\n                            <a\n    href=\"https:\/\/open.enabel.be\/en\/projects\/508\/mozambique.html\"\n    class=\"has-cursor card--action card--animation | overflow-hidden font-normal no-underline text-inherit w-full md:w-[46%] lg:w-[47%] \"\n    data-aos=\"fade-down\"\n    data-aos-delay=\"1200\"\n    target=\"_blank\">\n    <div class=\"relative card--top h-[340px] flex items-center\">\n        <img decoding=\"async\" width=\"2560\" height=\"1707\" src=\"https:\/\/www.enabel.be\/app\/uploads\/2022\/08\/190806moz_enabel078-scaled.jpg\" class=\"absolute top-0 left-0 h-full w-full object-cover object-center\" alt=\"\" data-aos=\"fade-left\" data-aos-delay=\"400\" srcset=\"https:\/\/www.enabel.be\/app\/uploads\/2022\/08\/190806moz_enabel078-scaled.jpg 2560w, https:\/\/www.enabel.be\/app\/uploads\/2022\/08\/190806moz_enabel078-300x200.jpg 300w, https:\/\/www.enabel.be\/app\/uploads\/2022\/08\/190806moz_enabel078-1024x683.jpg 1024w, https:\/\/www.enabel.be\/app\/uploads\/2022\/08\/190806moz_enabel078-768x512.jpg 768w, https:\/\/www.enabel.be\/app\/uploads\/2022\/08\/190806moz_enabel078-1536x1024.jpg 1536w\" sizes=\"(max-width: 2560px) 100vw, 2560px\" \/>\n        <p class=\"px-[24px] z-10\">\n            Aper\u00e7u des projets au Mozambique\n        <\/p>\n    <\/div>\n    <h3 class=\"relative z-10 flex justify-between w-full p-6 mb-0\">\n        Mozambique\n        <svg width=\"17\" height=\"12\" viewBox=\"0 0 17 12\" fill=\"none\" xmlns=\"http:\/\/www.w3.org\/2000\/svg\" class=\"min-w-[43px]\">\n\t<path d=\"M0 6.00004L16.0319 6.00004M16.0319 6.00004L10.705 0.813232M16.0319 6.00004L10.705 11.1868\" stroke=\"#012D3A\"\/>\n<\/svg>\n    <\/h3>\n<\/a>\n                            <a\n    href=\"https:\/\/open.enabel.be\/en\/projects\/562\/niger.html\"\n    class=\"has-cursor card--action card--animation | overflow-hidden font-normal no-underline text-inherit w-full md:w-[46%] lg:w-[47%] \"\n    data-aos=\"fade-down\"\n    data-aos-delay=\"1300\"\n    target=\"_blank\">\n    <div class=\"relative card--top h-[340px] flex items-center\">\n        <img decoding=\"async\" width=\"1808\" height=\"1210\" src=\"https:\/\/www.enabel.be\/app\/uploads\/2023\/01\/enabel-niger-100x.jpg\" class=\"absolute top-0 left-0 h-full w-full object-cover object-center\" alt=\"\" data-aos=\"fade-left\" data-aos-delay=\"400\" srcset=\"https:\/\/www.enabel.be\/app\/uploads\/2023\/01\/enabel-niger-100x.jpg 1808w, https:\/\/www.enabel.be\/app\/uploads\/2023\/01\/enabel-niger-100x-300x201.jpg 300w, https:\/\/www.enabel.be\/app\/uploads\/2023\/01\/enabel-niger-100x-1024x685.jpg 1024w, https:\/\/www.enabel.be\/app\/uploads\/2023\/01\/enabel-niger-100x-768x514.jpg 768w, https:\/\/www.enabel.be\/app\/uploads\/2023\/01\/enabel-niger-100x-1536x1028.jpg 1536w\" sizes=\"(max-width: 1808px) 100vw, 1808px\" \/>\n        <p class=\"px-[24px] z-10\">\n            Aper\u00e7u des projets au Niger.\n        <\/p>\n    <\/div>\n    <h3 class=\"relative z-10 flex justify-between w-full p-6 mb-0\">\n        Niger\n        <svg width=\"17\" height=\"12\" viewBox=\"0 0 17 12\" fill=\"none\" xmlns=\"http:\/\/www.w3.org\/2000\/svg\" class=\"min-w-[43px]\">\n\t<path d=\"M0 6.00004L16.0319 6.00004M16.0319 6.00004L10.705 0.813232M16.0319 6.00004L10.705 11.1868\" stroke=\"#012D3A\"\/>\n<\/svg>\n    <\/h3>\n<\/a>\n                            <a\n    href=\"https:\/\/open.enabel.be\/en\/projects\/800\/uganda.html\"\n    class=\"has-cursor card--action card--animation | overflow-hidden font-normal no-underline text-inherit w-full md:w-[46%] lg:w-[47%] \"\n    data-aos=\"fade-down\"\n    data-aos-delay=\"1400\"\n    target=\"_blank\">\n    <div class=\"relative card--top h-[340px] flex items-center\">\n        <img decoding=\"async\" width=\"1358\" height=\"858\" src=\"https:\/\/www.enabel.be\/app\/uploads\/2022\/08\/Uganda.jpg\" class=\"absolute top-0 left-0 h-full w-full object-cover object-center\" alt=\"\" data-aos=\"fade-left\" data-aos-delay=\"400\" srcset=\"https:\/\/www.enabel.be\/app\/uploads\/2022\/08\/Uganda.jpg 1358w, https:\/\/www.enabel.be\/app\/uploads\/2022\/08\/Uganda-300x190.jpg 300w, https:\/\/www.enabel.be\/app\/uploads\/2022\/08\/Uganda-1024x647.jpg 1024w, https:\/\/www.enabel.be\/app\/uploads\/2022\/08\/Uganda-768x485.jpg 768w\" sizes=\"(max-width: 1358px) 100vw, 1358px\" \/>\n        <p class=\"px-[24px] z-10\">\n            Aper\u00e7u des projets en Ouganda. \n        <\/p>\n    <\/div>\n    <h3 class=\"relative z-10 flex justify-between w-full p-6 mb-0\">\n        Ouganda\n        <svg width=\"17\" height=\"12\" viewBox=\"0 0 17 12\" fill=\"none\" xmlns=\"http:\/\/www.w3.org\/2000\/svg\" class=\"min-w-[43px]\">\n\t<path d=\"M0 6.00004L16.0319 6.00004M16.0319 6.00004L10.705 0.813232M16.0319 6.00004L10.705 11.1868\" stroke=\"#012D3A\"\/>\n<\/svg>\n    <\/h3>\n<\/a>\n                            <a\n    href=\"https:\/\/open.enabel.be\/en\/projects\/275\/palestine.html\"\n    class=\"has-cursor card--action card--animation | overflow-hidden font-normal no-underline text-inherit w-full md:w-[46%] lg:w-[47%] \"\n    data-aos=\"fade-down\"\n    data-aos-delay=\"1500\"\n    target=\"_blank\">\n    <div class=\"relative card--top h-[340px] flex items-center\">\n        <img decoding=\"async\" width=\"2560\" height=\"1708\" src=\"https:\/\/www.enabel.be\/app\/uploads\/2023\/01\/Enabel-65-scaled.jpg\" class=\"absolute top-0 left-0 h-full w-full object-cover object-center\" alt=\"\" data-aos=\"fade-left\" data-aos-delay=\"400\" srcset=\"https:\/\/www.enabel.be\/app\/uploads\/2023\/01\/Enabel-65-scaled.jpg 2560w, https:\/\/www.enabel.be\/app\/uploads\/2023\/01\/Enabel-65-300x200.jpg 300w, https:\/\/www.enabel.be\/app\/uploads\/2023\/01\/Enabel-65-1024x683.jpg 1024w, https:\/\/www.enabel.be\/app\/uploads\/2023\/01\/Enabel-65-768x512.jpg 768w, https:\/\/www.enabel.be\/app\/uploads\/2023\/01\/Enabel-65-1536x1025.jpg 1536w, https:\/\/www.enabel.be\/app\/uploads\/2023\/01\/Enabel-65-2048x1366.jpg 2048w\" sizes=\"(max-width: 2560px) 100vw, 2560px\" \/>\n        <p class=\"px-[24px] z-10\">\n            Aper\u00e7u des projets en Palestine.\n        <\/p>\n    <\/div>\n    <h3 class=\"relative z-10 flex justify-between w-full p-6 mb-0\">\n        Palestine\n        <svg width=\"17\" height=\"12\" viewBox=\"0 0 17 12\" fill=\"none\" xmlns=\"http:\/\/www.w3.org\/2000\/svg\" class=\"min-w-[43px]\">\n\t<path d=\"M0 6.00004L16.0319 6.00004M16.0319 6.00004L10.705 0.813232M16.0319 6.00004L10.705 11.1868\" stroke=\"#012D3A\"\/>\n<\/svg>\n    <\/h3>\n<\/a>\n                            <a\n    href=\"https:\/\/open.enabel.be\/en\/projects\/180\/dr-congo.html\"\n    class=\"has-cursor card--action card--animation | overflow-hidden font-normal no-underline text-inherit w-full md:w-[46%] lg:w-[47%] \"\n    data-aos=\"fade-down\"\n    data-aos-delay=\"1600\"\n    target=\"_blank\">\n    <div class=\"relative card--top h-[340px] flex items-center\">\n        <img decoding=\"async\" width=\"2560\" height=\"1709\" src=\"https:\/\/www.enabel.be\/app\/uploads\/2022\/08\/Kisangani1-9-scaled.jpg\" class=\"absolute top-0 left-0 h-full w-full object-cover object-center\" alt=\"\" data-aos=\"fade-left\" data-aos-delay=\"400\" srcset=\"https:\/\/www.enabel.be\/app\/uploads\/2022\/08\/Kisangani1-9-scaled.jpg 2560w, https:\/\/www.enabel.be\/app\/uploads\/2022\/08\/Kisangani1-9-300x200.jpg 300w, https:\/\/www.enabel.be\/app\/uploads\/2022\/08\/Kisangani1-9-1024x683.jpg 1024w, https:\/\/www.enabel.be\/app\/uploads\/2022\/08\/Kisangani1-9-768x513.jpg 768w, https:\/\/www.enabel.be\/app\/uploads\/2022\/08\/Kisangani1-9-1536x1025.jpg 1536w, https:\/\/www.enabel.be\/app\/uploads\/2022\/08\/Kisangani1-9-2048x1367.jpg 2048w\" sizes=\"(max-width: 2560px) 100vw, 2560px\" \/>\n        <p class=\"px-[24px] z-10\">\n            Aper\u00e7u des projets en R\u00e9publique d\u00e9mocratique du Congo\n        <\/p>\n    <\/div>\n    <h3 class=\"relative z-10 flex justify-between w-full p-6 mb-0\">\n        RD Congo\n        <svg width=\"17\" height=\"12\" viewBox=\"0 0 17 12\" fill=\"none\" xmlns=\"http:\/\/www.w3.org\/2000\/svg\" class=\"min-w-[43px]\">\n\t<path d=\"M0 6.00004L16.0319 6.00004M16.0319 6.00004L10.705 0.813232M16.0319 6.00004L10.705 11.1868\" stroke=\"#012D3A\"\/>\n<\/svg>\n    <\/h3>\n<\/a>\n                            <a\n    href=\"https:\/\/open.enabel.be\/en\/projects\/140\/central-african-republic.html\"\n    class=\"has-cursor card--action card--animation | overflow-hidden font-normal no-underline text-inherit w-full md:w-[46%] lg:w-[47%] \"\n    data-aos=\"fade-down\"\n    data-aos-delay=\"1700\"\n    target=\"_blank\">\n    <div class=\"relative card--top h-[340px] flex items-center\">\n        <img decoding=\"async\" width=\"1358\" height=\"858\" src=\"https:\/\/www.enabel.be\/app\/uploads\/2022\/07\/Headers-website-4.jpg\" class=\"absolute top-0 left-0 h-full w-full object-cover object-center\" alt=\"\" data-aos=\"fade-left\" data-aos-delay=\"400\" srcset=\"https:\/\/www.enabel.be\/app\/uploads\/2022\/07\/Headers-website-4.jpg 1358w, https:\/\/www.enabel.be\/app\/uploads\/2022\/07\/Headers-website-4-300x190.jpg 300w, https:\/\/www.enabel.be\/app\/uploads\/2022\/07\/Headers-website-4-1024x647.jpg 1024w, https:\/\/www.enabel.be\/app\/uploads\/2022\/07\/Headers-website-4-768x485.jpg 768w\" sizes=\"(max-width: 1358px) 100vw, 1358px\" \/>\n        <p class=\"px-[24px] z-10\">\n            Aper\u00e7u des projets au R\u00e9publique centrafricaine.\n        <\/p>\n    <\/div>\n    <h3 class=\"relative z-10 flex justify-between w-full p-6 mb-0\">\n        R\u00e9publique centrafricaine\n        <svg width=\"17\" height=\"12\" viewBox=\"0 0 17 12\" fill=\"none\" xmlns=\"http:\/\/www.w3.org\/2000\/svg\" class=\"min-w-[43px]\">\n\t<path d=\"M0 6.00004L16.0319 6.00004M16.0319 6.00004L10.705 0.813232M16.0319 6.00004L10.705 11.1868\" stroke=\"#012D3A\"\/>\n<\/svg>\n    <\/h3>\n<\/a>\n                            <a\n    href=\"https:\/\/open.enabel.be\/en\/projects\/646\/rwanda.html\"\n    class=\"has-cursor card--action card--animation | overflow-hidden font-normal no-underline text-inherit w-full md:w-[46%] lg:w-[47%] \"\n    data-aos=\"fade-down\"\n    data-aos-delay=\"1800\"\n    target=\"_blank\">\n    <div class=\"relative card--top h-[340px] flex items-center\">\n        <img decoding=\"async\" width=\"1358\" height=\"858\" src=\"https:\/\/www.enabel.be\/app\/uploads\/2022\/07\/Rwanda.jpg\" class=\"absolute top-0 left-0 h-full w-full object-cover object-center\" alt=\"\" data-aos=\"fade-left\" data-aos-delay=\"400\" srcset=\"https:\/\/www.enabel.be\/app\/uploads\/2022\/07\/Rwanda.jpg 1358w, https:\/\/www.enabel.be\/app\/uploads\/2022\/07\/Rwanda-300x190.jpg 300w, https:\/\/www.enabel.be\/app\/uploads\/2022\/07\/Rwanda-1024x647.jpg 1024w, https:\/\/www.enabel.be\/app\/uploads\/2022\/07\/Rwanda-768x485.jpg 768w\" sizes=\"(max-width: 1358px) 100vw, 1358px\" \/>\n        <p class=\"px-[24px] z-10\">\n            Aper\u00e7u des projets au Rwanda.\n        <\/p>\n    <\/div>\n    <h3 class=\"relative z-10 flex justify-between w-full p-6 mb-0\">\n        Rwanda\n        <svg width=\"17\" height=\"12\" viewBox=\"0 0 17 12\" fill=\"none\" xmlns=\"http:\/\/www.w3.org\/2000\/svg\" class=\"min-w-[43px]\">\n\t<path d=\"M0 6.00004L16.0319 6.00004M16.0319 6.00004L10.705 0.813232M16.0319 6.00004L10.705 11.1868\" stroke=\"#012D3A\"\/>\n<\/svg>\n    <\/h3>\n<\/a>\n                            <a\n    href=\"https:\/\/open.enabel.be\/en\/projects\/686\/senegal.html\"\n    class=\"has-cursor card--action card--animation | overflow-hidden font-normal no-underline text-inherit w-full md:w-[46%] lg:w-[47%] \"\n    data-aos=\"fade-down\"\n    data-aos-delay=\"1900\"\n    target=\"_blank\">\n    <div class=\"relative card--top h-[340px] flex items-center\">\n        <img decoding=\"async\" width=\"2048\" height=\"1365\" src=\"https:\/\/www.enabel.be\/app\/uploads\/2022\/09\/senegal_HR2.jpg\" class=\"absolute top-0 left-0 h-full w-full object-cover object-center\" alt=\"\" data-aos=\"fade-left\" data-aos-delay=\"400\" srcset=\"https:\/\/www.enabel.be\/app\/uploads\/2022\/09\/senegal_HR2.jpg 2048w, https:\/\/www.enabel.be\/app\/uploads\/2022\/09\/senegal_HR2-300x200.jpg 300w, https:\/\/www.enabel.be\/app\/uploads\/2022\/09\/senegal_HR2-1024x683.jpg 1024w, https:\/\/www.enabel.be\/app\/uploads\/2022\/09\/senegal_HR2-768x512.jpg 768w, https:\/\/www.enabel.be\/app\/uploads\/2022\/09\/senegal_HR2-1536x1024.jpg 1536w\" sizes=\"(max-width: 2048px) 100vw, 2048px\" \/>\n        <p class=\"px-[24px] z-10\">\n            Aper\u00e7u des projets au S\u00e9n\u00e9gal.\n        <\/p>\n    <\/div>\n    <h3 class=\"relative z-10 flex justify-between w-full p-6 mb-0\">\n        S\u00e9n\u00e9gal\n        <svg width=\"17\" height=\"12\" viewBox=\"0 0 17 12\" fill=\"none\" xmlns=\"http:\/\/www.w3.org\/2000\/svg\" class=\"min-w-[43px]\">\n\t<path d=\"M0 6.00004L16.0319 6.00004M16.0319 6.00004L10.705 0.813232M16.0319 6.00004L10.705 11.1868\" stroke=\"#012D3A\"\/>\n<\/svg>\n    <\/h3>\n<\/a>\n                            <a\n    href=\"https:\/\/open.enabel.be\/en\/projects\/834\/tanzania.html\"\n    class=\"has-cursor card--action card--animation | overflow-hidden font-normal no-underline text-inherit w-full md:w-[46%] lg:w-[47%] \"\n    data-aos=\"fade-down\"\n    data-aos-delay=\"2000\"\n    target=\"_blank\">\n    <div class=\"relative card--top h-[340px] flex items-center\">\n        <img decoding=\"async\" width=\"679\" height=\"580\" src=\"https:\/\/www.enabel.be\/app\/uploads\/2022\/08\/Tanzania-beekeeping.jpg\" class=\"absolute top-0 left-0 h-full w-full object-cover object-center\" alt=\"Beekeepers collecting honey in Tanzania.\" data-aos=\"fade-left\" data-aos-delay=\"400\" srcset=\"https:\/\/www.enabel.be\/app\/uploads\/2022\/08\/Tanzania-beekeeping.jpg 679w, https:\/\/www.enabel.be\/app\/uploads\/2022\/08\/Tanzania-beekeeping-300x256.jpg 300w\" sizes=\"(max-width: 679px) 100vw, 679px\" \/>\n        <p class=\"px-[24px] z-10\">\n            Aper\u00e7u des projets en Tanzanie.\n        <\/p>\n    <\/div>\n    <h3 class=\"relative z-10 flex justify-between w-full p-6 mb-0\">\n        Tanzanie\n        <svg width=\"17\" height=\"12\" viewBox=\"0 0 17 12\" fill=\"none\" xmlns=\"http:\/\/www.w3.org\/2000\/svg\" class=\"min-w-[43px]\">\n\t<path d=\"M0 6.00004L16.0319 6.00004M16.0319 6.00004L10.705 0.813232M16.0319 6.00004L10.705 11.1868\" stroke=\"#012D3A\"\/>\n<\/svg>\n    <\/h3>\n<\/a>\n                    <\/div>\n            <\/div>\n<\/section>\n\n\n<section class=\"relative  mx-auto overflow-hidden section--last-news bg-primary-50\">\n        <div class=\"container relative z-20 grid items-center grid-flow-row-dense grid-cols-12 gap-8 mb-4\">\n            <div class=\"flex items-center justify-between col-span-12 actions__title\">\n                                <h2 class=\"mb-0 text-white\">Actualit\u00e9s, \u00e9v\u00e9nements et ressources<\/h2>\n                <div class=\"hidden md:block\">\n                    <a href=\"https:\/\/www.enabel.be\/fr\/news-events\/\" class=\"btn-primary card--animation\" >\n\t\t<span>En savoir plus<\/span>\n\t<\/a>\n                <\/div>\n            <\/div>\n        <\/div>\n        <div class=\"container relative z-20 grid grid-flow-row-dense grid-cols-12 gap-8 slick\">\n                                            <a\n    href=\"https:\/\/www.enabel.be\/fr\/preparer-la-mise-a-lechelle-pour-accelerer-limpact\/\"\n    class=\"has-cursor card--news | font-normal group text-inherit bg-white no-underline  md:col-span-6 lg:col-span-4 \"\n>\n    <div class=\"news__top relative block min-h-[270px] h-[270px] max-h-[270px] overflow-hidden\">\n        <img decoding=\"async\" width=\"1528\" height=\"950\" src=\"https:\/\/www.enabel.be\/app\/uploads\/2026\/04\/2026_1.png\" class=\"w-full h-full object-cover object-center relative z-10 group-hover:bg-white wp-post-image\" alt=\"illustration with half a globe, cogwheels and a lightbulb\" srcset=\"https:\/\/www.enabel.be\/app\/uploads\/2026\/04\/2026_1.png 1528w, https:\/\/www.enabel.be\/app\/uploads\/2026\/04\/2026_1-300x187.png 300w, https:\/\/www.enabel.be\/app\/uploads\/2026\/04\/2026_1-1024x637.png 1024w, https:\/\/www.enabel.be\/app\/uploads\/2026\/04\/2026_1-768x477.png 768w\" sizes=\"(max-width: 1528px) 100vw, 1528px\" \/>\n        \n                    <span class=\"btn btn-little | top-[24px] left-[24px] z-20\">Actualit\u00e9s<\/span>\n            <\/div>\n    <div class=\"px-6 pt-6 pb-10 news__botton\">\n        <p class=\"text-sm text-gray-500 news__date\">\n            22 avril 2026\n        <\/p>\n        <p class=\"h5\">Pr\u00e9parer la mise \u00e0 l\u2019\u00e9chelle pour acc\u00e9l\u00e9rer l\u2019impact<\/p>\n        <p class=\"text-sm text-gray-500 excerpt\">Enabel s&rsquo;attaque \u00e0 la \u00ab vall\u00e9e de la mort \u00bb des innovations &#8211; et acc\u00e9l\u00e8re le d\u00e9ploiement de solutions num\u00e9riques \u00e0 fort impact.<\/p>\n    <\/div>\n            <p class=\"news__more | text-primary-500 font-medium font-semibold mb-0 flex items-center\">\n            En savoir plus\n            <i class=\"ml-1 fa-light fa-arrow-right-long\"><\/i>\n        <\/p>\n    <\/a>                                            <a\n    href=\"https:\/\/www.enabel.be\/fr\/innovation-et-creativite-au-dela-dune-idee-originale\/\"\n    class=\"has-cursor card--news | font-normal group text-inherit bg-white no-underline  md:col-span-6 lg:col-span-4 \"\n>\n    <div class=\"news__top relative block min-h-[270px] h-[270px] max-h-[270px] overflow-hidden\">\n        <img decoding=\"async\" width=\"960\" height=\"565\" src=\"https:\/\/www.enabel.be\/app\/uploads\/2026\/04\/2026_16_White.png\" class=\"w-full h-full object-cover object-center relative z-10 group-hover:bg-white wp-post-image\" alt=\"illustration with people, cogwheels and lightbulb\" srcset=\"https:\/\/www.enabel.be\/app\/uploads\/2026\/04\/2026_16_White.png 960w, https:\/\/www.enabel.be\/app\/uploads\/2026\/04\/2026_16_White-300x177.png 300w, https:\/\/www.enabel.be\/app\/uploads\/2026\/04\/2026_16_White-768x452.png 768w\" sizes=\"(max-width: 960px) 100vw, 960px\" \/>\n        \n                    <span class=\"btn btn-little | top-[24px] left-[24px] z-20\">Actualit\u00e9s<\/span>\n            <\/div>\n    <div class=\"px-6 pt-6 pb-10 news__botton\">\n        <p class=\"text-sm text-gray-500 news__date\">\n            17 avril 2026\n        <\/p>\n        <p class=\"h5\">Innovation et cr\u00e9ativit\u00e9, au-del\u00e0 d\u2019une id\u00e9e originale<\/p>\n        <p class=\"text-sm text-gray-500 excerpt\">Enabel stimule l\u2019innovation sociale et des solutions durables via partenariats, cr\u00e9ativit\u00e9 et impact dans la coop\u00e9ration internationale.<\/p>\n    <\/div>\n            <p class=\"news__more | text-primary-500 font-medium font-semibold mb-0 flex items-center\">\n            En savoir plus\n            <i class=\"ml-1 fa-light fa-arrow-right-long\"><\/i>\n        <\/p>\n    <\/a>                                            <a\n    href=\"https:\/\/www.enabel.be\/fr\/enabel-et-ab-inbev-signent-un-accord-de-collaboration-strategique-pour-faire-progresser-le-developpement-durable\/\"\n    class=\"has-cursor card--news | font-normal group text-inherit bg-white no-underline  md:col-span-6 lg:col-span-4 \"\n>\n    <div class=\"news__top relative block min-h-[270px] h-[270px] max-h-[270px] overflow-hidden\">\n        <img decoding=\"async\" width=\"1024\" height=\"685\" src=\"https:\/\/www.enabel.be\/app\/uploads\/2026\/04\/IMG_6924.jpeg\" class=\"w-full h-full object-cover object-center relative z-10 group-hover:bg-white wp-post-image\" alt=\"enabel and ab inbev representatives shaking hands\" srcset=\"https:\/\/www.enabel.be\/app\/uploads\/2026\/04\/IMG_6924.jpeg 1024w, https:\/\/www.enabel.be\/app\/uploads\/2026\/04\/IMG_6924-300x201.jpeg 300w, https:\/\/www.enabel.be\/app\/uploads\/2026\/04\/IMG_6924-768x514.jpeg 768w\" sizes=\"(max-width: 1024px) 100vw, 1024px\" \/>\n        \n                    <span class=\"btn btn-little | top-[24px] left-[24px] z-20\">Actualit\u00e9s<\/span>\n            <\/div>\n    <div class=\"px-6 pt-6 pb-10 news__botton\">\n        <p class=\"text-sm text-gray-500 news__date\">\n            16 avril 2026\n        <\/p>\n        <p class=\"h5\">Enabel et AB InBev signent un accord de collaboration strat\u00e9gique pour faire progresser le d\u00e9veloppement durable<\/p>\n        <p class=\"text-sm text-gray-500 excerpt\">Enabel et AB InBev s\u2019allient pour acc\u00e9l\u00e9rer l\u2019agriculture durable, la gestion de l\u2019eau et l\u2019\u00e9conomie circulaire en Afrique.<\/p>\n    <\/div>\n            <p class=\"news__more | text-primary-500 font-medium font-semibold mb-0 flex items-center\">\n            En savoir plus\n            <i class=\"ml-1 fa-light fa-arrow-right-long\"><\/i>\n        <\/p>\n    <\/a>                                            <a\n    href=\"https:\/\/www.enabel.be\/fr\/cadre-de-durabilite-et-de-gestion-environnementale-et-sociale\/\"\n    class=\"has-cursor card--news | font-normal group text-inherit bg-white no-underline  md:col-span-6 lg:col-span-4 \"\n>\n    <div class=\"news__top relative block min-h-[270px] h-[270px] max-h-[270px] overflow-hidden\">\n        <img decoding=\"async\" width=\"7733\" height=\"4350\" src=\"https:\/\/www.enabel.be\/app\/uploads\/2026\/03\/AdobeStock_523787861.jpeg\" class=\"w-full h-full object-cover object-center relative z-10 group-hover:bg-white wp-post-image\" alt=\"hands holding an illustration of earth with ESG icons\" srcset=\"https:\/\/www.enabel.be\/app\/uploads\/2026\/03\/AdobeStock_523787861.jpeg 7733w, https:\/\/www.enabel.be\/app\/uploads\/2026\/03\/AdobeStock_523787861-300x169.jpeg 300w, https:\/\/www.enabel.be\/app\/uploads\/2026\/03\/AdobeStock_523787861-1024x576.jpeg 1024w, https:\/\/www.enabel.be\/app\/uploads\/2026\/03\/AdobeStock_523787861-768x432.jpeg 768w, https:\/\/www.enabel.be\/app\/uploads\/2026\/03\/AdobeStock_523787861-1536x864.jpeg 1536w, https:\/\/www.enabel.be\/app\/uploads\/2026\/03\/AdobeStock_523787861-2048x1152.jpeg 2048w, https:\/\/www.enabel.be\/app\/uploads\/2026\/03\/AdobeStock_523787861-550x309.jpeg 550w\" sizes=\"(max-width: 7733px) 100vw, 7733px\" \/>\n        \n                    <span class=\"btn btn-little | top-[24px] left-[24px] z-20\">Ressources<\/span>\n            <\/div>\n    <div class=\"px-6 pt-6 pb-10 news__botton\">\n        <p class=\"text-sm text-gray-500 news__date\">\n            30 mars 2026\n        <\/p>\n        <p class=\"h5\">Cadre de durabilit\u00e9 et de gestion environnementale et sociale<\/p>\n        <p class=\"text-sm text-gray-500 excerpt\">Ce document pr\u00e9sente le cadre de durabilit\u00e9 ainsi que le syst\u00e8me de gestion environnementale et sociale d\u2019Enabel.<\/p>\n    <\/div>\n            <p class=\"news__more | text-primary-500 font-medium font-semibold mb-0 flex items-center\">\n            En savoir plus\n            <i class=\"ml-1 fa-light fa-arrow-right-long\"><\/i>\n        <\/p>\n    <\/a>                                            <a\n    href=\"https:\/\/www.enabel.be\/fr\/forum-daffaires-ue-regional-corridors-dafrique-de-louest-levier-pour-les-partenariats-dinvestissement\/\"\n    class=\"has-cursor card--news | font-normal group text-inherit bg-white no-underline  md:col-span-6 lg:col-span-4 \"\n>\n    <div class=\"news__top relative block min-h-[270px] h-[270px] max-h-[270px] overflow-hidden\">\n        <img decoding=\"async\" width=\"3200\" height=\"2133\" src=\"https:\/\/www.enabel.be\/app\/uploads\/2026\/03\/52084441114_fa6ed1edc0_o.jpg\" class=\"w-full h-full object-cover object-center relative z-10 group-hover:bg-white wp-post-image\" alt=\"portrait of jean van wetter, enabel&#039;s ceo\" srcset=\"https:\/\/www.enabel.be\/app\/uploads\/2026\/03\/52084441114_fa6ed1edc0_o.jpg 3200w, https:\/\/www.enabel.be\/app\/uploads\/2026\/03\/52084441114_fa6ed1edc0_o-300x200.jpg 300w, https:\/\/www.enabel.be\/app\/uploads\/2026\/03\/52084441114_fa6ed1edc0_o-1024x683.jpg 1024w, https:\/\/www.enabel.be\/app\/uploads\/2026\/03\/52084441114_fa6ed1edc0_o-768x512.jpg 768w, https:\/\/www.enabel.be\/app\/uploads\/2026\/03\/52084441114_fa6ed1edc0_o-1536x1024.jpg 1536w, https:\/\/www.enabel.be\/app\/uploads\/2026\/03\/52084441114_fa6ed1edc0_o-2048x1365.jpg 2048w\" sizes=\"(max-width: 3200px) 100vw, 3200px\" \/>\n        \n                    <span class=\"btn btn-little | top-[24px] left-[24px] z-20\">Actualit\u00e9s<\/span>\n            <\/div>\n    <div class=\"px-6 pt-6 pb-10 news__botton\">\n        <p class=\"text-sm text-gray-500 news__date\">\n            27 mars 2026\n        <\/p>\n        <p class=\"h5\">Forum d\u2019Affaires UE-R\u00e9gional \u2013 Corridors d&rsquo;Afrique de l&rsquo;Ouest : levier pour les partenariats d&rsquo;investissement<\/p>\n        <p class=\"text-sm text-gray-500 excerpt\">\u00c0 Abidjan, le Forum d\u2019Affaires UE-R\u00e9gional vise \u00e0 stimuler investissements et partenariats le long des corridors d\u2019Afrique de l\u2019Ouest.<\/p>\n    <\/div>\n            <p class=\"news__more | text-primary-500 font-medium font-semibold mb-0 flex items-center\">\n            En savoir plus\n            <i class=\"ml-1 fa-light fa-arrow-right-long\"><\/i>\n        <\/p>\n    <\/a>                                            <a\n    href=\"https:\/\/www.enabel.be\/fr\/enabel-fer-de-lance-dun-nouveau-modele-de-cooperation-internationale-par-le-biais-dinvestissements-energetiques-axes-sur-le-climat\/\"\n    class=\"has-cursor card--news | font-normal group text-inherit bg-white no-underline  md:col-span-6 lg:col-span-4 \"\n>\n    <div class=\"news__top relative block min-h-[270px] h-[270px] max-h-[270px] overflow-hidden\">\n        <img decoding=\"async\" width=\"2048\" height=\"1365\" src=\"https:\/\/www.enabel.be\/app\/uploads\/2026\/03\/652309648_122115782019177581_1420392818076694168_n-1.jpg\" class=\"w-full h-full object-cover object-center relative z-10 group-hover:bg-white wp-post-image\" alt=\"mozambican and belgian private sector actors sitting around a table\" srcset=\"https:\/\/www.enabel.be\/app\/uploads\/2026\/03\/652309648_122115782019177581_1420392818076694168_n-1.jpg 2048w, https:\/\/www.enabel.be\/app\/uploads\/2026\/03\/652309648_122115782019177581_1420392818076694168_n-1-300x200.jpg 300w, https:\/\/www.enabel.be\/app\/uploads\/2026\/03\/652309648_122115782019177581_1420392818076694168_n-1-1024x683.jpg 1024w, https:\/\/www.enabel.be\/app\/uploads\/2026\/03\/652309648_122115782019177581_1420392818076694168_n-1-768x512.jpg 768w, https:\/\/www.enabel.be\/app\/uploads\/2026\/03\/652309648_122115782019177581_1420392818076694168_n-1-1536x1024.jpg 1536w\" sizes=\"(max-width: 2048px) 100vw, 2048px\" \/>\n        \n                    <span class=\"btn btn-little | top-[24px] left-[24px] z-20\">Actualit\u00e9s<\/span>\n            <\/div>\n    <div class=\"px-6 pt-6 pb-10 news__botton\">\n        <p class=\"text-sm text-gray-500 news__date\">\n            16 mars 2026\n        <\/p>\n        <p class=\"h5\">Enabel, fer de lance d\u2019un nouveau mod\u00e8le de coop\u00e9ration internationale par le biais d\u2019investissements \u00e9nerg\u00e9tiques ax\u00e9s sur le climat<\/p>\n        <p class=\"text-sm text-gray-500 excerpt\">Enabel acc\u00e9l\u00e8re la transition \u00e9nerg\u00e9tique du Mozambique via financements climat, \u00e9lectrification rurale et projets renouvelables durables.<\/p>\n    <\/div>\n            <p class=\"news__more | text-primary-500 font-medium font-semibold mb-0 flex items-center\">\n            En savoir plus\n            <i class=\"ml-1 fa-light fa-arrow-right-long\"><\/i>\n        <\/p>\n    <\/a>                    <\/div>\n        <div class=\"container block mt-20 md:hidden\">\n            <a href=\"https:\/\/www.enabel.be\/fr\/news-events\/\" class=\"btn-primary card--animation\" >\n\t\t<span>En savoir plus<\/span>\n\t<\/a>\n        <\/div>\n        <svg class=\"left absolute h-[80%] md:h-full w-auto right-0 md:right-[inherit] left-[inherit] top-0 md:left-0 z-10\" width=\"1008\" height=\"890\" viewBox=\"0 0 1008 890\" fill=\"none\" xmlns=\"http:\/\/www.w3.org\/2000\/svg\">\n            <path d=\"M0 0H520V890H0V0Z\" fill=\"#0096BE\"\/>\n            <path d=\"M895.078 417.992C921.292 208.39 981.282 51.9966 1008 0H518V890C677.805 890 859.533 702.206 895.078 417.992Z\" fill=\"#0096BE\"\/>\n        <\/svg>\n    <\/section>\n\n\n<section class=\"section--big-image\">\n\t<img decoding=\"async\" width=\"1358\" height=\"640\" src=\"https:\/\/www.enabel.be\/app\/uploads\/2022\/06\/Rectangle-3254.jpg\" class=\"z-10 w-[100%] h-[50vh] md:h-[90vh] object-cover object-center\" alt=\"\" srcset=\"https:\/\/www.enabel.be\/app\/uploads\/2022\/06\/Rectangle-3254.jpg 1358w, https:\/\/www.enabel.be\/app\/uploads\/2022\/06\/Rectangle-3254-300x141.jpg 300w, https:\/\/www.enabel.be\/app\/uploads\/2022\/06\/Rectangle-3254-1024x483.jpg 1024w, https:\/\/www.enabel.be\/app\/uploads\/2022\/06\/Rectangle-3254-768x362.jpg 768w\" sizes=\"(max-width: 1358px) 100vw, 1358px\" \/>\n<\/section>","protected":false},"excerpt":{"rendered":"","protected":false},"author":3,"featured_media":6330,"parent":0,"menu_order":0,"comment_status":"closed","ping_status":"closed","template":"","meta":{"_acf_changed":false,"inline_featured_image":false,"footnotes":""},"class_list":["post-25512","page","type-page","status-publish","has-post-thumbnail","hentry"],"yoast_head":"<!-- This site is optimized with the Yoast SEO plugin v25.9 - https:\/\/yoast.com\/wordpress\/plugins\/seo\/ -->\n<title>Open.enabel.be - Enabel - Agence belge de coop\u00e9ration internationale<\/title>\n<meta name=\"description\" content=\"Enabel g\u00e8re environ 170 projets dans plus de 20 pays. Sur open.enabel.be, vous trouverez tous les projets en cours, ainsi que les projets achev\u00e9s et les projets en pr\u00e9paration,\" \/>\n<meta name=\"robots\" content=\"index, follow, max-snippet:-1, max-image-preview:large, max-video-preview:-1\" \/>\n<link rel=\"canonical\" href=\"https:\/\/www.enabel.be\/fr\/open-enabel-be\/\" \/>\n<meta property=\"og:locale\" content=\"fr_FR\" \/>\n<meta property=\"og:type\" content=\"article\" \/>\n<meta property=\"og:title\" content=\"Open.enabel.be - Enabel - Agence belge de coop\u00e9ration internationale\" \/>\n<meta property=\"og:description\" content=\"Enabel g\u00e8re environ 170 projets dans plus de 20 pays. Sur open.enabel.be, vous trouverez tous les projets en cours, ainsi que les projets achev\u00e9s et les projets en pr\u00e9paration,\" \/>\n<meta property=\"og:url\" content=\"https:\/\/www.enabel.be\/fr\/open-enabel-be\/\" \/>\n<meta property=\"og:site_name\" content=\"Enabel - Agence belge de coop\u00e9ration internationale\" \/>\n<meta property=\"article:publisher\" content=\"https:\/\/www.facebook.com\/EnabelBelgium\/\" \/>\n<meta property=\"article:modified_time\" content=\"2023-04-28T08:35:29+00:00\" \/>\n<meta property=\"og:image\" content=\"https:\/\/www.enabel.be\/app\/uploads\/2022\/09\/190806moz_enabel267-scaled.jpg\" \/>\n\t<meta property=\"og:image:width\" content=\"2560\" \/>\n\t<meta property=\"og:image:height\" content=\"1707\" \/>\n\t<meta property=\"og:image:type\" content=\"image\/jpeg\" \/>\n<meta name=\"twitter:card\" content=\"summary_large_image\" \/>\n<meta name=\"twitter:site\" content=\"@Enabel_Belgium\" \/>\n<script type=\"application\/ld+json\" class=\"yoast-schema-graph\">{\"@context\":\"https:\/\/schema.org\",\"@graph\":[{\"@type\":\"WebPage\",\"@id\":\"https:\/\/www.enabel.be\/fr\/open-enabel-be\/\",\"url\":\"https:\/\/www.enabel.be\/fr\/open-enabel-be\/\",\"name\":\"Open.enabel.be - Enabel - Agence belge de coop\u00e9ration internationale\",\"isPartOf\":{\"@id\":\"https:\/\/www.enabel.be\/fr\/#website\"},\"primaryImageOfPage\":{\"@id\":\"https:\/\/www.enabel.be\/fr\/open-enabel-be\/#primaryimage\"},\"image\":{\"@id\":\"https:\/\/www.enabel.be\/fr\/open-enabel-be\/#primaryimage\"},\"thumbnailUrl\":\"https:\/\/www.enabel.be\/app\/uploads\/2022\/09\/190806moz_enabel267-scaled.jpg\",\"datePublished\":\"2023-01-04T11:10:39+00:00\",\"dateModified\":\"2023-04-28T08:35:29+00:00\",\"description\":\"Enabel g\u00e8re environ 170 projets dans plus de 20 pays. Sur open.enabel.be, vous trouverez tous les projets en cours, ainsi que les projets achev\u00e9s et les projets en pr\u00e9paration,\",\"breadcrumb\":{\"@id\":\"https:\/\/www.enabel.be\/fr\/open-enabel-be\/#breadcrumb\"},\"inLanguage\":\"fr-FR\",\"potentialAction\":[{\"@type\":\"ReadAction\",\"target\":[\"https:\/\/www.enabel.be\/fr\/open-enabel-be\/\"]}]},{\"@type\":\"ImageObject\",\"inLanguage\":\"fr-FR\",\"@id\":\"https:\/\/www.enabel.be\/fr\/open-enabel-be\/#primaryimage\",\"url\":\"https:\/\/www.enabel.be\/app\/uploads\/2022\/09\/190806moz_enabel267-scaled.jpg\",\"contentUrl\":\"https:\/\/www.enabel.be\/app\/uploads\/2022\/09\/190806moz_enabel267-scaled.jpg\",\"width\":2560,\"height\":1707,\"caption\":\"Armando Ndove, 25 years, O&amp;M technician, Collins Water Systems company. He is a resident of the Tomanine village and his daily functions include providing O&amp;M support to the system, collecting meter readings and testing water quality from different taps around the village (measuring the Electrical Conductivity \/ Total Dissolved Salts + pH + residual chlorine). Village Tomanine, District of Guija, Gaza Province. This conventional water system was completed in 2017 as part of the Enabel Water Gaza project. They have over 350 tap connections in the village and the system is operated and maintained by Collins, a local private sector operator.\"},{\"@type\":\"BreadcrumbList\",\"@id\":\"https:\/\/www.enabel.be\/fr\/open-enabel-be\/#breadcrumb\",\"itemListElement\":[{\"@type\":\"ListItem\",\"position\":1,\"name\":\"Home\",\"item\":\"https:\/\/www.enabel.be\/fr\/\"},{\"@type\":\"ListItem\",\"position\":2,\"name\":\"Open.enabel.be\"}]},{\"@type\":\"WebSite\",\"@id\":\"https:\/\/www.enabel.be\/fr\/#website\",\"url\":\"https:\/\/www.enabel.be\/fr\/\",\"name\":\"Enabel - Agence belge de coop\u00e9ration internationale\",\"description\":\"Enabling Change\",\"publisher\":{\"@id\":\"https:\/\/www.enabel.be\/fr\/#organization\"},\"potentialAction\":[{\"@type\":\"SearchAction\",\"target\":{\"@type\":\"EntryPoint\",\"urlTemplate\":\"https:\/\/www.enabel.be\/fr\/?s={search_term_string}\"},\"query-input\":{\"@type\":\"PropertyValueSpecification\",\"valueRequired\":true,\"valueName\":\"search_term_string\"}}],\"inLanguage\":\"fr-FR\"},{\"@type\":\"Organization\",\"@id\":\"https:\/\/www.enabel.be\/fr\/#organization\",\"name\":\"Enabel - Agence belge de coop\u00e9ration internationale\",\"url\":\"https:\/\/www.enabel.be\/fr\/\",\"logo\":{\"@type\":\"ImageObject\",\"inLanguage\":\"fr-FR\",\"@id\":\"https:\/\/www.enabel.be\/fr\/#\/schema\/logo\/image\/\",\"url\":\"https:\/\/www.enabel.be\/app\/uploads\/2022\/06\/enabel-logo-color.svg\",\"contentUrl\":\"https:\/\/www.enabel.be\/app\/uploads\/2022\/06\/enabel-logo-color.svg\",\"width\":103,\"height\":35,\"caption\":\"Enabel - Agence belge de coop\u00e9ration internationale\"},\"image\":{\"@id\":\"https:\/\/www.enabel.be\/fr\/#\/schema\/logo\/image\/\"},\"sameAs\":[\"https:\/\/www.facebook.com\/EnabelBelgium\/\",\"https:\/\/x.com\/Enabel_Belgium\",\"https:\/\/www.instagram.com\/enabel_be\/\",\"https:\/\/www.linkedin.com\/company\/enabel\/\",\"https:\/\/www.youtube.com\/channel\/UCHGr3iOQ9n2jORzgtkv5FyQ\"]}]}<\/script>\n<!-- \/ Yoast SEO plugin. -->","yoast_head_json":{"title":"Open.enabel.be - Enabel - Agence belge de coop\u00e9ration internationale","description":"Enabel g\u00e8re environ 170 projets dans plus de 20 pays. Sur open.enabel.be, vous trouverez tous les projets en cours, ainsi que les projets achev\u00e9s et les projets en pr\u00e9paration,","robots":{"index":"index","follow":"follow","max-snippet":"max-snippet:-1","max-image-preview":"max-image-preview:large","max-video-preview":"max-video-preview:-1"},"canonical":"https:\/\/www.enabel.be\/fr\/open-enabel-be\/","og_locale":"fr_FR","og_type":"article","og_title":"Open.enabel.be - Enabel - Agence belge de coop\u00e9ration internationale","og_description":"Enabel g\u00e8re environ 170 projets dans plus de 20 pays. Sur open.enabel.be, vous trouverez tous les projets en cours, ainsi que les projets achev\u00e9s et les projets en pr\u00e9paration,","og_url":"https:\/\/www.enabel.be\/fr\/open-enabel-be\/","og_site_name":"Enabel - Agence belge de coop\u00e9ration internationale","article_publisher":"https:\/\/www.facebook.com\/EnabelBelgium\/","article_modified_time":"2023-04-28T08:35:29+00:00","og_image":[{"width":2560,"height":1707,"url":"https:\/\/www.enabel.be\/app\/uploads\/2022\/09\/190806moz_enabel267-scaled.jpg","type":"image\/jpeg"}],"twitter_card":"summary_large_image","twitter_site":"@Enabel_Belgium","schema":{"@context":"https:\/\/schema.org","@graph":[{"@type":"WebPage","@id":"https:\/\/www.enabel.be\/fr\/open-enabel-be\/","url":"https:\/\/www.enabel.be\/fr\/open-enabel-be\/","name":"Open.enabel.be - Enabel - Agence belge de coop\u00e9ration internationale","isPartOf":{"@id":"https:\/\/www.enabel.be\/fr\/#website"},"primaryImageOfPage":{"@id":"https:\/\/www.enabel.be\/fr\/open-enabel-be\/#primaryimage"},"image":{"@id":"https:\/\/www.enabel.be\/fr\/open-enabel-be\/#primaryimage"},"thumbnailUrl":"https:\/\/www.enabel.be\/app\/uploads\/2022\/09\/190806moz_enabel267-scaled.jpg","datePublished":"2023-01-04T11:10:39+00:00","dateModified":"2023-04-28T08:35:29+00:00","description":"Enabel g\u00e8re environ 170 projets dans plus de 20 pays. Sur open.enabel.be, vous trouverez tous les projets en cours, ainsi que les projets achev\u00e9s et les projets en pr\u00e9paration,","breadcrumb":{"@id":"https:\/\/www.enabel.be\/fr\/open-enabel-be\/#breadcrumb"},"inLanguage":"fr-FR","potentialAction":[{"@type":"ReadAction","target":["https:\/\/www.enabel.be\/fr\/open-enabel-be\/"]}]},{"@type":"ImageObject","inLanguage":"fr-FR","@id":"https:\/\/www.enabel.be\/fr\/open-enabel-be\/#primaryimage","url":"https:\/\/www.enabel.be\/app\/uploads\/2022\/09\/190806moz_enabel267-scaled.jpg","contentUrl":"https:\/\/www.enabel.be\/app\/uploads\/2022\/09\/190806moz_enabel267-scaled.jpg","width":2560,"height":1707,"caption":"Armando Ndove, 25 years, O&amp;M technician, Collins Water Systems company. He is a resident of the Tomanine village and his daily functions include providing O&amp;M support to the system, collecting meter readings and testing water quality from different taps around the village (measuring the Electrical Conductivity \/ Total Dissolved Salts + pH + residual chlorine). Village Tomanine, District of Guija, Gaza Province. This conventional water system was completed in 2017 as part of the Enabel Water Gaza project. They have over 350 tap connections in the village and the system is operated and maintained by Collins, a local private sector operator."},{"@type":"BreadcrumbList","@id":"https:\/\/www.enabel.be\/fr\/open-enabel-be\/#breadcrumb","itemListElement":[{"@type":"ListItem","position":1,"name":"Home","item":"https:\/\/www.enabel.be\/fr\/"},{"@type":"ListItem","position":2,"name":"Open.enabel.be"}]},{"@type":"WebSite","@id":"https:\/\/www.enabel.be\/fr\/#website","url":"https:\/\/www.enabel.be\/fr\/","name":"Enabel - Agence belge de coop\u00e9ration internationale","description":"Enabling Change","publisher":{"@id":"https:\/\/www.enabel.be\/fr\/#organization"},"potentialAction":[{"@type":"SearchAction","target":{"@type":"EntryPoint","urlTemplate":"https:\/\/www.enabel.be\/fr\/?s={search_term_string}"},"query-input":{"@type":"PropertyValueSpecification","valueRequired":true,"valueName":"search_term_string"}}],"inLanguage":"fr-FR"},{"@type":"Organization","@id":"https:\/\/www.enabel.be\/fr\/#organization","name":"Enabel - Agence belge de coop\u00e9ration internationale","url":"https:\/\/www.enabel.be\/fr\/","logo":{"@type":"ImageObject","inLanguage":"fr-FR","@id":"https:\/\/www.enabel.be\/fr\/#\/schema\/logo\/image\/","url":"https:\/\/www.enabel.be\/app\/uploads\/2022\/06\/enabel-logo-color.svg","contentUrl":"https:\/\/www.enabel.be\/app\/uploads\/2022\/06\/enabel-logo-color.svg","width":103,"height":35,"caption":"Enabel - Agence belge de coop\u00e9ration internationale"},"image":{"@id":"https:\/\/www.enabel.be\/fr\/#\/schema\/logo\/image\/"},"sameAs":["https:\/\/www.facebook.com\/EnabelBelgium\/","https:\/\/x.com\/Enabel_Belgium","https:\/\/www.instagram.com\/enabel_be\/","https:\/\/www.linkedin.com\/company\/enabel\/","https:\/\/www.youtube.com\/channel\/UCHGr3iOQ9n2jORzgtkv5FyQ"]}]}},"acf":[],"_links":{"self":[{"href":"https:\/\/www.enabel.be\/fr\/wp-json\/wp\/v2\/pages\/25512","targetHints":{"allow":["GET"]}}],"collection":[{"href":"https:\/\/www.enabel.be\/fr\/wp-json\/wp\/v2\/pages"}],"about":[{"href":"https:\/\/www.enabel.be\/fr\/wp-json\/wp\/v2\/types\/page"}],"author":[{"embeddable":true,"href":"https:\/\/www.enabel.be\/fr\/wp-json\/wp\/v2\/users\/3"}],"replies":[{"embeddable":true,"href":"https:\/\/www.enabel.be\/fr\/wp-json\/wp\/v2\/comments?post=25512"}],"version-history":[{"count":10,"href":"https:\/\/www.enabel.be\/fr\/wp-json\/wp\/v2\/pages\/25512\/revisions"}],"predecessor-version":[{"id":25527,"href":"https:\/\/www.enabel.be\/fr\/wp-json\/wp\/v2\/pages\/25512\/revisions\/25527"}],"wp:featuredmedia":[{"embeddable":true,"href":"https:\/\/www.enabel.be\/fr\/wp-json\/wp\/v2\/media\/6330"}],"wp:attachment":[{"href":"https:\/\/www.enabel.be\/fr\/wp-json\/wp\/v2\/media?parent=25512"}],"curies":[{"name":"wp","href":"https:\/\/api.w.org\/{rel}","templated":true}]}}