{"id":4988,"date":"2022-08-05T11:44:29","date_gmt":"2022-08-05T11:44:29","guid":{"rendered":"https:\/\/www.enabel.be\/tenders\/"},"modified":"2022-10-24T08:45:46","modified_gmt":"2022-10-24T08:45:46","slug":"marches-publics","status":"publish","type":"page","link":"https:\/\/www.enabel.be\/fr\/marches-publics\/","title":{"rendered":"March\u00e9s publics"},"content":{"rendered":"<header class=\"header--big relative flex align-center items-center min-h-[50vh] mt-[115px]\">\n\t<div class=\"z-20 container grid grid-cols-12\">\n\t\t<div class=\"z-30 relative col-span-12 md:col-span-8 col-start-1 md:col-start-3 text-center text-white\">\n\t\t\t\t\t\t<h1 data-aos=\"fade-up mb-0\">March\u00e9s publics<\/h1>\n\t\t\t\t\t<\/div>\n\t<\/div>\n\t\t\t\t\t\t\t<img decoding=\"async\" width=\"2560\" height=\"1709\" src=\"https:\/\/www.enabel.be\/app\/uploads\/2022\/09\/J4-8-scaled.jpg\" class=\"z-0 absolute inset-0 w-full h-full object-cover object-top wp-post-image\" alt=\"In Guinea contractors have a look at the planning for a\" srcset=\"https:\/\/www.enabel.be\/app\/uploads\/2022\/09\/J4-8-scaled.jpg 2560w, https:\/\/www.enabel.be\/app\/uploads\/2022\/09\/J4-8-300x200.jpg 300w, https:\/\/www.enabel.be\/app\/uploads\/2022\/09\/J4-8-1024x683.jpg 1024w, https:\/\/www.enabel.be\/app\/uploads\/2022\/09\/J4-8-768x513.jpg 768w, https:\/\/www.enabel.be\/app\/uploads\/2022\/09\/J4-8-1536x1025.jpg 1536w, https:\/\/www.enabel.be\/app\/uploads\/2022\/09\/J4-8-2048x1367.jpg 2048w\" sizes=\"(max-width: 2560px) 100vw, 2560px\" \/>\n\t\t\t\t\t<div class=\"scroll rellax\" data-rellax-percentage=\"0.5\" data-rellax-speed=\"-1.5\">\n\t\t<p>\n\t\t\tScroll\n\t\t<\/p>\n\t<\/div>\n<\/header>\n\n<section class=\"section--all-news section--subside mx-auto bg-greylight\" id=\"news\">\n    <div class=\"container grid grid-cols-12 md:gap-8\">\n        <div class=\"flex justify-center col-span-12\">\n            <form role=\"search\" method=\"get\" class=\"search-form\" action=\"https:\/\/www.enabel.be\/fr\/marches-publics\/#news\">\n                <div class=\"flex flex-wrap justify-start mb-5 checkboxes md:justify-center\">\n                    <div class=\"checkbox\">\n                        <input\n                             checked                             class=\"hidden\"\n                            id=\"_all\"\n                            name=\"in_category[]\"\n                            type=\"checkbox\"\n                            value=\"all\"\n                        >\n                        <label for=\"_all\" class=\"btn btn-taxonomy\">Tout<\/label>\n                    <\/div>\n                                                                        <div class=\"checkbox\">\n                                                                <input\n                                                                        class=\"hidden\"\n                                    id=\"_march-de-fournitures-fr\"\n                                    name=\"in_category[]\"\n                                    type=\"checkbox\"\n                                    value=\"march-de-fournitures-fr\"\n                                >\n                                <label for=\"_march-de-fournitures-fr\" class=\"btn btn-taxonomy\">March\u00e9 de fournitures<\/label>\n                            <\/div>\n                                                    <div class=\"checkbox\">\n                                                                <input\n                                                                        class=\"hidden\"\n                                    id=\"_marche-de-services-fr\"\n                                    name=\"in_category[]\"\n                                    type=\"checkbox\"\n                                    value=\"marche-de-services-fr\"\n                                >\n                                <label for=\"_marche-de-services-fr\" class=\"btn btn-taxonomy\">March\u00e9 de services<\/label>\n                            <\/div>\n                                                    <div class=\"checkbox\">\n                                                                <input\n                                                                        class=\"hidden\"\n                                    id=\"_marche-de-travaux-fr\"\n                                    name=\"in_category[]\"\n                                    type=\"checkbox\"\n                                    value=\"marche-de-travaux-fr\"\n                                >\n                                <label for=\"_marche-de-travaux-fr\" class=\"btn btn-taxonomy\">March\u00e9 de travaux<\/label>\n                            <\/div>\n                                                    <div class=\"checkbox\">\n                                                                <input\n                                                                        class=\"hidden\"\n                                    id=\"_subsides\"\n                                    name=\"in_category[]\"\n                                    type=\"checkbox\"\n                                    value=\"subsides\"\n                                >\n                                <label for=\"_subsides\" class=\"btn btn-taxonomy\">Subsides<\/label>\n                            <\/div>\n                                                            <\/div>\n                <div class=\"flex flex-col items-start md:flex-row md:items-center\">\n                    Pays\n                    <select name=\"in_country\" id=\"country\" class=\"mb-0\">\n                        <option value=\"all\"  selected >Tout<\/option>\n                                                                                <option\n                                                                value=\"1701\"\n                            >Belgique<\/option>\n                                                                                <option\n                                                                value=\"1710\"\n                            >B\u00e9nin<\/option>\n                                                                                <option\n                                                                value=\"1726\"\n                            >Burkina Faso<\/option>\n                                                                                <option\n                                                                value=\"1735\"\n                            >Burundi<\/option>\n                                                                                <option\n                                                                value=\"31023\"\n                            >C\u00f4te d&rsquo;Ivoire<\/option>\n                                                                                <option\n                                                                value=\"7323\"\n                            >Jordanie<\/option>\n                                                                                <option\n                                                                value=\"1902\"\n                            >Guin\u00e9e<\/option>\n                                                                                <option\n                                                                value=\"1977\"\n                            >Mali<\/option>\n                                                                                <option\n                                                                value=\"2157\"\n                            >Maroc<\/option>\n                                                                                <option\n                                                                value=\"1982\"\n                            >Mauritanie<\/option>\n                                                                                <option\n                                                                value=\"9032\"\n                            >Mozambique<\/option>\n                                                                                <option\n                                                                value=\"2165\"\n                            >Niger<\/option>\n                                                                                <option\n                                                                value=\"8006\"\n                            >Ouganda<\/option>\n                                                                                <option\n                                                                value=\"2306\"\n                            >Palestine<\/option>\n                                                                                <option\n                                                                value=\"1876\"\n                            >RD Congo<\/option>\n                                                                                <option\n                                                                value=\"1861\"\n                            >R\u00e9publique Centrafricaine<\/option>\n                                                                                <option\n                                                                value=\"7710\"\n                            >Rwanda<\/option>\n                                                                                <option\n                                                                value=\"2003\"\n                            >S\u00e9n\u00e9gal<\/option>\n                                                                                <option\n                                                                value=\"2316\"\n                            >Tanzanie<\/option>\n                                                                                <option\n                                                                value=\"42913\"\n                            >Ukraine<\/option>\n                                            <\/select>\n                    Status\n                    <select name=\"is_status\" id=\"status\" class=\"mb-0\">\n                        <option value=\"all\"  selected >Tout<\/option>\n                                                    <option\n                                                                value=\"0\"\n                            >Ouvert<\/option>\n                                                    <option\n                                                                value=\"1\"\n                            >Ferm\u00e9<\/option>\n                                            <\/select>\n                    <input class=\"mb-0 btn--red\" type=\"submit\" value=\"Filter\">\n                <\/div>\n            <\/form>\n        <\/div>\n    <\/div>\n    <div class=\"container grid grid-cols-12 mt-10 container--news md:gap-8\">\n                                                                <div class=\"card--news card--tenders | font-normal group text-inherit min-w-full col-span-12 bg-white no-underline\" data-open=\"false\">\n    <div class=\"news__botton px-6 pt-6 pb-10\">\n        <p class=\"h5\">\n            <span>\n                                    COD2299611SH6-10553 &#8211;\n                                March\u00e9 public de services relatif \u00e0 \u201cla mise \u00e0 disposition en location \u00a0d\u2019imprimantes multifonctions \u00e0 usage professionnel pour les bureaux d\u2019Enabel en RDC\u201d\n            <\/span>\n        <\/p>\n\n        <p><strong>Pays : <\/strong> RD Congo<\/p>\n\n                    <p class=\"\"><strong>Date de cl\u00f4ture : <\/strong> 09 October 2026 15:30 <\/p>\n        \n        <div class=\"hidden__card hidden\">\n                            <p>\n                    <strong>Status :<\/strong>\n                    Ouvert\n                <\/p>\n            \n                            <p><strong>L\u00e9gislation applicable : <\/strong>BE<\/p>\n            \n                            <p><strong>Description : <\/strong><\/p>\n                <p> Pour toute information suppl\u00e9mentaire veuillez contacter l&rsquo;adresse email: procurement.cod@enabel.be avec CC\/albert.ongombe.enabel.be et yannick.mukendi@enabel.be<\/p>\n\n            \n                            <p><strong>Pi\u00e8ces jointes : <\/strong><\/p>\n                                                        <p><a href=\"https:\/\/www.enabel.be\/app\/uploads\/2026\/09\/COD2299611SH6-10553-CSC_PUB-1.docx\" download>COD2299611SH6-10553-CSC_PUB-1.docx<\/a><\/p>\n                                                        <p><a href=\"https:\/\/www.enabel.be\/app\/uploads\/2026\/09\/COD2299611SH6-10553-CSC_PUB-1.pdf\" download>COD2299611SH6-10553-CSC_PUB-1.pdf<\/a><\/p>\n                                                        <p><a href=\"https:\/\/www.enabel.be\/app\/uploads\/2026\/09\/COD2299611SH6-10553-DUME-1.pdf\" download>COD2299611SH6-10553-DUME-1.pdf<\/a><\/p>\n                                    <\/div>\n    <\/div>\n<\/div>\n                                            <div class=\"card--news card--tenders | font-normal group text-inherit min-w-full col-span-12 bg-white no-underline\" data-open=\"false\">\n    <div class=\"news__botton px-6 pt-6 pb-10\">\n        <p class=\"h5\">\n            <span>\n                                    MRT22001-10400 &#8211;\n                                March\u00e9 public de services relatif \u00e0 \u201cRecrutement de trois (3) techniciens pour l\u2019appui\/conseil aux membres de l\u2019Union des Coop\u00e9ratives F\u00e9minines du Guidimakha (UCFG)\u201d\n            <\/span>\n        <\/p>\n\n        <p><strong>Pays : <\/strong> Mauritanie<\/p>\n\n                    <p class=\"\"><strong>Date de cl\u00f4ture : <\/strong> 21 September 2026 12:00 <\/p>\n        \n        <div class=\"hidden__card hidden\">\n                            <p>\n                    <strong>Status :<\/strong>\n                    Ouvert\n                <\/p>\n            \n                            <p><strong>L\u00e9gislation applicable : <\/strong>Belge<\/p>\n            \n            \n                            <p><strong>Pi\u00e8ces jointes : <\/strong><\/p>\n                                                        <p><a href=\"https:\/\/www.enabel.be\/app\/uploads\/2026\/09\/MRT22001-10400_Cahier-des-charges.pdf\" download>MRT22001-10400_Cahier-des-charges.pdf<\/a><\/p>\n                                                        <p><a href=\"https:\/\/www.enabel.be\/app\/uploads\/2026\/09\/MRT22001-10400_Formulaires-de-soumission.docx\" download>MRT22001-10400_Formulaires-de-soumission.docx<\/a><\/p>\n                                    <\/div>\n    <\/div>\n<\/div>\n                                            <div class=\"card--news card--tenders | font-normal group text-inherit min-w-full col-span-12 bg-white no-underline\" data-open=\"false\">\n    <div class=\"news__botton px-6 pt-6 pb-10\">\n        <p class=\"h5\">\n            <span>\n                                    NER21003-10187 &#8211;\n                                Accord-cadre, avec un op\u00e9rateur \u00e9conomique par lot, en vue de l\u2019acquisition de kits solaires ainsi que de mat\u00e9riels d\u2019appui \u00e0 la production et \u00e0 la transformation agroalimentaire dans la zone d\u2019intervention du projet NER21003_ASYPON GMV, R\u00e9gion de Tillab\u00e9ri\n            <\/span>\n        <\/p>\n\n        <p><strong>Pays : <\/strong> Niger<\/p>\n\n                    <p class=\"\"><strong>Date de cl\u00f4ture : <\/strong> 05 October 2026 10:30 <\/p>\n        \n        <div class=\"hidden__card hidden\">\n                            <p>\n                    <strong>Status :<\/strong>\n                    Ouvert\n                <\/p>\n            \n                            <p><strong>L\u00e9gislation applicable : <\/strong>Belge<\/p>\n            \n                            <p><strong>Description : <\/strong><\/p>\n                <p><span data-olk-copy-source=\"MessageBody\">Ce march\u00e9 est un accord-cadre avec un op\u00e9rateur \u00e9conomique en vue de l\u2019acquisition de kits solaires ainsi que de mat\u00e9riels d\u2019appui \u00e0 la production et \u00e0 la transformation agroalimentaire dans la zone d\u2019intervention du projet NER21003_ASYPON GMV, R\u00e9gion de Tillab\u00e9ri. Il est constitu\u00e9 de deux lots :<\/span><\/p>\n<p><span class=\"fontstyle0\">Lot 1 : Mat\u00e9riel d\u2019appui \u00e0 la production et \u00e0 la transformation agroalimentaire ;<\/span><\/p>\n<p><span class=\"fontstyle0\">Lot 2 : Equipements et mat\u00e9riels d\u2019installation de kit solaire ;<\/span><\/p>\n\n            \n                            <p><strong>Pi\u00e8ces jointes : <\/strong><\/p>\n                                                        <p><a href=\"https:\/\/www.enabel.be\/app\/uploads\/2026\/08\/NER21003-10187_CSC_Accord-cadre-relatif-a-la-fourniture.pdf\" download>NER21003-10187_CSC_Accord-cadre-relatif-a-la-fourniture.pdf<\/a><\/p>\n                                                        <p><a href=\"https:\/\/www.enabel.be\/app\/uploads\/2026\/08\/NER21003-10187_DUME.docx\" download>NER21003-10187_DUME.docx<\/a><\/p>\n                                    <\/div>\n    <\/div>\n<\/div>\n                                            <div class=\"card--news card--tenders | font-normal group text-inherit min-w-full col-span-12 bg-white no-underline\" data-open=\"false\">\n    <div class=\"news__botton px-6 pt-6 pb-10\">\n        <p class=\"h5\">\n            <span>\n                                    BFA25001-10022 &#8211;\n                                Acquisition, formation &amp; installation d\u2019\u00e9quipements techniques et de mobilier d\u2019atelier au profit d&rsquo;\u00e9tablissements d&rsquo;Enseignement et Formation Techniques et Professionnels (EFTP)\n            <\/span>\n        <\/p>\n\n        <p><strong>Pays : <\/strong> Burkina Faso<\/p>\n\n                    <p class=\"\"><strong>Date de cl\u00f4ture : <\/strong> 21 September 2026 12:00 <\/p>\n        \n        <div class=\"hidden__card hidden\">\n                            <p>\n                    <strong>Status :<\/strong>\n                    Ouvert\n                <\/p>\n            \n                            <p><strong>L\u00e9gislation applicable : <\/strong>Proc\u00e9dure n\u00e9goci\u00e9e sans publication pr\u00e9alable en application de l\u2019art. 42 \u00a7 1, 1\u00b0 a) de la Loi du 17 juin 2016. <\/p>\n            \n                            <p><strong>Description : <\/strong><\/p>\n                <h2>Ce march\u00e9 public est un contrat de fourniture pour l&rsquo;achat de biens relatifs \u00e0 :<\/h2>\n<h2>&#8211; <strong>Lot 1<\/strong>\u00a0: Acquisition, fourniture, installation et mise en service d\u2019atelier de Coupe-Couture au profit du CETFP de Komsilga ;<\/h2>\n<h2>&#8211; <strong>Lot 2<\/strong>\u00a0: Acquisition, fourniture, installation et mise en service d\u2019atelier de G\u00e9nie Civil au profit du CETFP de Komsilga ;<\/h2>\n<h2>&#8211; <strong>Lot 3<\/strong> : Acquisition, fourniture, installation et mise en service d\u2019\u00e9quipements au profit de la sp\u00e9cialit\u00e9 agroalimentaire de la fili\u00e8re Agrosylvopastorale du Lyc\u00e9e Professionnel R\u00e9gional Nazi Boni (LPRNB) de D\u00e9dougou ;<\/h2>\n\n            \n                            <p><strong>Pi\u00e8ces jointes : <\/strong><\/p>\n                                                        <p><a href=\"https:\/\/www.enabel.be\/app\/uploads\/2026\/08\/BFA25001-10022_Cahier-Special-des-Charges-1.pdf\" download>BFA25001-10022_Cahier-Special-des-Charges-1.pdf<\/a><\/p>\n                                    <\/div>\n    <\/div>\n<\/div>\n                                            <div class=\"card--news card--tenders | font-normal group text-inherit min-w-full col-span-12 bg-white no-underline\" data-open=\"false\">\n    <div class=\"news__botton px-6 pt-6 pb-10\">\n        <p class=\"h5\">\n            <span>\n                                    NER21003-10144 &#8211;\n                                Ce march\u00e9 public est un accord-cadre pour l&rsquo;achat de biens relatifs \u00e0 : l&rsquo;outillage et mat\u00e9riel pour l\u2019insertion professionnelle dans les fili\u00e8res ASP\/H de 5 150 femmes et jeunes dans la zone d\u2019intervention du projet ASYPON GMV, R\u00e9gion de Tillab\u00e9ri\n            <\/span>\n        <\/p>\n\n        <p><strong>Pays : <\/strong> Niger<\/p>\n\n                    <p class=\"\"><strong>Date de cl\u00f4ture : <\/strong> 16 September 2026 10:30 <\/p>\n        \n        <div class=\"hidden__card hidden\">\n                            <p>\n                    <strong>Status :<\/strong>\n                    Ouvert\n                <\/p>\n            \n                            <p><strong>L\u00e9gislation applicable : <\/strong>Belge<\/p>\n            \n                            <p><strong>Description : <\/strong><\/p>\n                <p><span class=\"fontstyle0\">Ce march\u00e9 public est un accord-cadre pour l&rsquo;achat de biens relatifs \u00e0 : l&rsquo;outillage et mat\u00e9riel pour l\u2019insertion professionnelle dans les fili\u00e8res ASP\/H de 5 150 femmes et jeunes dans la zone d\u2019intervention du projet ASYPON GMV, R\u00e9gion de Tillab\u00e9ri<\/span><span class=\"fontstyle2\">. <span class=\"fontstyle0\">Ce march\u00e9 public n&rsquo;est pas divis\u00e9 en lots<\/span>.\u00a0<\/span><\/p>\n\n            \n                            <p><strong>Pi\u00e8ces jointes : <\/strong><\/p>\n                                                        <p><a href=\"https:\/\/www.enabel.be\/app\/uploads\/2026\/08\/Cahier-des-charges-NER21003-10144-1.pdf\" download>Cahier-des-charges-NER21003-10144-1.pdf<\/a><\/p>\n                                    <\/div>\n    <\/div>\n<\/div>\n                                            <div class=\"card--news card--tenders | font-normal group text-inherit min-w-full col-span-12 bg-white no-underline\" data-open=\"false\">\n    <div class=\"news__botton px-6 pt-6 pb-10\">\n        <p class=\"h5\">\n            <span>\n                                    BXL-15924 &#8211;\n                                Framework Agreement for Evaluation Expertise Services\n            <\/span>\n        <\/p>\n\n        <p><strong>Pays : <\/strong> Framework Agreement for Evaluation Expertise Services<\/p>\n\n                    <p class=\"\"><strong>Date de cl\u00f4ture : <\/strong> 21 September 2026 14:00 <\/p>\n        \n        <div class=\"hidden__card hidden\">\n                            <p>\n                    <strong>Status :<\/strong>\n                    Ouvert\n                <\/p>\n            \n                            <p><strong>L\u00e9gislation applicable : <\/strong>Belgian legislation<\/p>\n            \n                            <p><strong>Description : <\/strong><\/p>\n                <strong>Lot 1:<\/strong> Evaluative Studies and Project Portfolio Evaluations\r\n<div>\r\n\r\n<strong>Lot 2:<\/strong> Individual Project Evaluations\r\n<ul>\r\n \t<li><strong>Item 1:<\/strong> Evaluations Based on a Predefined Methodology<\/li>\r\n \t<li><strong>Item 2:<\/strong> Evaluations Involving Methodology Development<\/li>\r\n<\/ul>\r\nOfficial notice : https:\/\/www.publicprocurement.be\/publication-workspaces\/685df741-97fe-44ef-8c51-e2a3a1d80140\/general\r\n\r\n<\/div>\n            \n                    <\/div>\n    <\/div>\n<\/div>\n                                            <div class=\"card--news card--tenders | font-normal group text-inherit min-w-full col-span-12 bg-white no-underline\" data-open=\"false\">\n    <div class=\"news__botton px-6 pt-6 pb-10\">\n        <p class=\"h5\">\n            <span>\n                                    BDI23008-10331 &#8211;\n                                March\u00e9 public de fournitures relatif \u00e0 \u201cl\u2019acquisition des rejets de bananiers, des boutures de manioc -boutures de PDCO au profit des groupements CEPI-saison A 2027\u201d-RELANCE\n            <\/span>\n        <\/p>\n\n        <p><strong>Pays : <\/strong> Burundi<\/p>\n\n                    <p class=\"\"><strong>Date de cl\u00f4ture : <\/strong> 07 September 2026 10:00 <\/p>\n        \n        <div class=\"hidden__card hidden\">\n                            <p>\n                    <strong>Status :<\/strong>\n                    Ouvert\n                <\/p>\n            \n                            <p><strong>L\u00e9gislation applicable : <\/strong>BELGE<\/p>\n            \n            \n                            <p><strong>Pi\u00e8ces jointes : <\/strong><\/p>\n                                                        <p><a href=\"https:\/\/www.enabel.be\/app\/uploads\/2026\/08\/BDI23008-10331_ACQUISITION-DES-REJETS-DE-BANANE.pdf\" download>BDI23008-10331_ACQUISITION-DES-REJETS-DE-BANANE.pdf<\/a><\/p>\n                                                        <p><a href=\"https:\/\/www.enabel.be\/app\/uploads\/2026\/08\/BDI23008-10331-ACQUISITION-DES-REJETS-DE-BANANE.docx\" download>BDI23008-10331-ACQUISITION-DES-REJETS-DE-BANANE.docx<\/a><\/p>\n                                    <\/div>\n    <\/div>\n<\/div>\n                                            <div class=\"card--news card--tenders | font-normal group text-inherit min-w-full col-span-12 bg-white no-underline\" data-open=\"false\">\n    <div class=\"news__botton px-6 pt-6 pb-10\">\n        <p class=\"h5\">\n            <span>\n                                    BFA23004-10084 &#8211;\n                                Acquisition de mat\u00e9riel sp\u00e9cifique pour apprenants handicap\u00e9s\n            <\/span>\n        <\/p>\n\n        <p><strong>Pays : <\/strong> Burkina Faso<\/p>\n\n                    <p class=\"\"><strong>Date de cl\u00f4ture : <\/strong> 14 September 2026 12:00 <\/p>\n        \n        <div class=\"hidden__card hidden\">\n                            <p>\n                    <strong>Status :<\/strong>\n                    Ouvert\n                <\/p>\n            \n                            <p><strong>L\u00e9gislation applicable : <\/strong>Proc\u00e9dure n\u00e9goci\u00e9e sans publication pr\u00e9alable en application de l\u2019art. 42 \u00a7 1, 1\u00b0 a) de la Loi du 17 juin 2016. <\/p>\n            \n            \n                            <p><strong>Pi\u00e8ces jointes : <\/strong><\/p>\n                                                        <p><a href=\"https:\/\/www.enabel.be\/app\/uploads\/2026\/08\/BFA23004-10084_Cahier-des-charges-2.pdf\" download>BFA23004-10084_Cahier-des-charges-2.pdf<\/a><\/p>\n                                    <\/div>\n    <\/div>\n<\/div>\n                                            <div class=\"card--news card--tenders | font-normal group text-inherit min-w-full col-span-12 bg-white no-underline\" data-open=\"false\">\n    <div class=\"news__botton px-6 pt-6 pb-10\">\n        <p class=\"h5\">\n            <span>\n                                    2478MRT-10214 &#8211;\n                                March\u00e9 de services \u2013 Conclusion d\u2019un accord-cadre avec plusieurs participants pour la Location de v\u00e9hicules avec chauffeur pour les activit\u00e9s d\u2019Enabel en Mauritanie\n            <\/span>\n        <\/p>\n\n        <p><strong>Pays : <\/strong> Mauritanie<\/p>\n\n                    <p class=\"\"><strong>Date de cl\u00f4ture : <\/strong> 03 September 2026 10:00 <\/p>\n        \n        <div class=\"hidden__card hidden\">\n                            <p>\n                    <strong>Status :<\/strong>\n                    Ouvert\n                <\/p>\n            \n                            <p><strong>L\u00e9gislation applicable : <\/strong>Belge<\/p>\n            \n            \n                            <p><strong>Pi\u00e8ces jointes : <\/strong><\/p>\n                                                        <p><a href=\"https:\/\/www.enabel.be\/app\/uploads\/2026\/08\/2478MRT-10214_-Location-de-voitures-avec-chauffeur.pdf\" download>2478MRT-10214_-Location-de-voitures-avec-chauffeur.pdf<\/a><\/p>\n                                                        <p><a href=\"https:\/\/www.enabel.be\/app\/uploads\/2026\/08\/2478MRT-10214_formulaires-de-soumission.docx\" download>2478MRT-10214_formulaires-de-soumission.docx<\/a><\/p>\n                                    <\/div>\n    <\/div>\n<\/div>\n                                            <div class=\"card--news card--tenders | font-normal group text-inherit min-w-full col-span-12 bg-white no-underline\" data-open=\"false\">\n    <div class=\"news__botton px-6 pt-6 pb-10\">\n        <p class=\"h5\">\n            <span>\n                                    GIN23009-10069 &#8211;\n                                D\u00e9veloppement et D\u00e9ploiement du Portail de l&rsquo;Innovation de la  R\u00e9publique de Guin\u00e9e\n            <\/span>\n        <\/p>\n\n        <p><strong>Pays : <\/strong> Guin\u00e9e<\/p>\n\n                    <p class=\"\"><strong>Date de cl\u00f4ture : <\/strong> 18 September 2026 11:00 <\/p>\n        \n        <div class=\"hidden__card hidden\">\n                            <p>\n                    <strong>Status :<\/strong>\n                    Ouvert\n                <\/p>\n            \n                            <p><strong>L\u00e9gislation applicable : <\/strong>Belge<\/p>\n            \n                            <p><strong>Description : <\/strong><\/p>\n                Pour tout besoin d&rsquo;information compl\u00e9mentaire, veuillez contacter : <span style=\"font-size: 18pt;color: #0000ff\">adama.dianda@enabel.be\u00a0<\/span>\r\n\r\n&nbsp;\n            \n                            <p><strong>Pi\u00e8ces jointes : <\/strong><\/p>\n                                                        <p><a href=\"https:\/\/www.enabel.be\/app\/uploads\/2026\/08\/Formulaires-3.docx\" download>Formulaires-3.docx<\/a><\/p>\n                                                        <p><a href=\"https:\/\/www.enabel.be\/app\/uploads\/2026\/08\/GIN23009-10069_Portail_Innovation_27082026.pdf\" download>GIN23009-10069_Portail_Innovation_27082026.pdf<\/a><\/p>\n                                                        <p><a href=\"https:\/\/www.enabel.be\/app\/uploads\/2026\/08\/QUESTIONS-REPONSEs.pdf\" download>QUESTIONS-REPONSEs.pdf<\/a><\/p>\n                                    <\/div>\n    <\/div>\n<\/div>\n                         \n            <\/div>\n\n\n    <div class=\"container grid grid-cols-12 mt-10 \">\n\n\n\n        <div class=\"mt-8 col-span-12\">\n            <div class=\"border-t border-gray-200 px-4 flex items-center justify-between sm:px-0\">\n            <div class=\"-mt-px w-0 flex-1 flex\">\n                    <\/div>\n        <div class=\"hidden md:-mt-px md:flex\">\n                                                        <a href=\"https:\/\/www.enabel.be\/fr\/tenders\/developpement-et-deploiement-du-portail-de-linnovation-de-la-republique-de-guinee\/page\/1?\" class=\"no-underline border-indigo-500 text-indigo-600 border-t-2 pt-4 px-4 inline-flex items-center text-sm font-medium\" aria-current=\"page\">\n                        1\n                    <\/a>\n                                                                <a href=\"https:\/\/www.enabel.be\/fr\/tenders\/developpement-et-deploiement-du-portail-de-linnovation-de-la-republique-de-guinee\/page\/2?\" class=\"no-underline border-transparent text-gray-500 hover:text-gray-700 hover:border-gray-300 border-t-2 pt-4 px-4 inline-flex items-center text-sm font-medium\">\n                        2\n                    <\/a>\n                                                                <a href=\"https:\/\/www.enabel.be\/fr\/tenders\/developpement-et-deploiement-du-portail-de-linnovation-de-la-republique-de-guinee\/page\/3?\" class=\"no-underline border-transparent text-gray-500 hover:text-gray-700 hover:border-gray-300 border-t-2 pt-4 px-4 inline-flex items-center text-sm font-medium\">\n                        3\n                    <\/a>\n                                        <span class=\"border-transparent text-gray-500 border-t-2 pt-4 px-4 inline-flex items-center text-sm font-medium\">\n                &#8230;\n            <\/span>\n                                                <a href=\"https:\/\/www.enabel.be\/fr\/tenders\/developpement-et-deploiement-du-portail-de-linnovation-de-la-republique-de-guinee\/page\/160?\" class=\"no-underline border-transparent text-gray-500 hover:text-gray-700 hover:border-gray-300 border-t-2 pt-4 px-4 inline-flex items-center text-sm font-medium\">\n                        160\n                    <\/a>\n                                                                <a href=\"https:\/\/www.enabel.be\/fr\/tenders\/developpement-et-deploiement-du-portail-de-linnovation-de-la-republique-de-guinee\/page\/161?\" class=\"no-underline border-transparent text-gray-500 hover:text-gray-700 hover:border-gray-300 border-t-2 pt-4 px-4 inline-flex items-center text-sm font-medium\">\n                        161\n                    <\/a>\n                                                                <a href=\"https:\/\/www.enabel.be\/fr\/tenders\/developpement-et-deploiement-du-portail-de-linnovation-de-la-republique-de-guinee\/page\/162?\" class=\"no-underline border-transparent text-gray-500 hover:text-gray-700 hover:border-gray-300 border-t-2 pt-4 px-4 inline-flex items-center text-sm font-medium\">\n                        162\n                    <\/a>\n                                        <\/div>\n            <div class=\"-mt-px w-0 flex-1 flex justify-end\">\n                            <a href=\"https:\/\/www.enabel.be\/fr\/tenders\/developpement-et-deploiement-du-portail-de-linnovation-de-la-republique-de-guinee\/page\/2?\" class=\"no-underline border-t-2 border-transparent pt-4 pl-1 inline-flex items-center text-sm font-medium text-gray-500 hover:text-gray-700 hover:border-gray-300\">\n                    Next\n                    <svg class=\"ml-3 h-5 w-5 text-gray-400\" xmlns=\"http:\/\/www.w3.org\/2000\/svg\" viewBox=\"0 0 20 20\" fill=\"currentColor\" aria-hidden=\"true\">\n                        <path fill-rule=\"evenodd\" d=\"M12.293 5.293a1 1 0 011.414 0l4 4a1 1 0 010 1.414l-4 4a1 1 0 01-1.414-1.414L14.586 11H3a1 1 0 110-2h11.586l-2.293-2.293a1 1 0 010-1.414z\" clip-rule=\"evenodd\" \/>\n                    <\/svg>\n                <\/a>\n                    <\/div>\n    <\/div>\n        <\/div>\n\n    <\/div>\n<\/section>\n","protected":false},"excerpt":{"rendered":"","protected":false},"author":1,"featured_media":6178,"parent":0,"menu_order":0,"comment_status":"closed","ping_status":"closed","template":"","meta":{"_acf_changed":false,"inline_featured_image":false,"footnotes":""},"class_list":["post-4988","page","type-page","status-publish","has-post-thumbnail","hentry"],"yoast_head":"<!-- This site is optimized with the Yoast SEO plugin v27.7 - https:\/\/yoast.com\/product\/yoast-seo-wordpress\/ -->\n<title>March\u00e9s publics - Enabel - Agence belge de coop\u00e9ration internationale<\/title>\n<meta name=\"description\" content=\"Enabel et les pouvoirs publics des pays partenaires appliquent la r\u00e9glementation des march\u00e9s publics pour se procurer des biens, des services et des travaux\" \/>\n<meta name=\"robots\" content=\"index, follow, max-snippet:-1, max-image-preview:large, max-video-preview:-1\" \/>\n<link rel=\"canonical\" href=\"https:\/\/www.enabel.be\/fr\/marches-publics\/\" \/>\n<meta property=\"og:locale\" content=\"fr_FR\" \/>\n<meta property=\"og:type\" content=\"article\" \/>\n<meta property=\"og:title\" content=\"March\u00e9s publics - Enabel - Agence belge de coop\u00e9ration internationale\" \/>\n<meta property=\"og:description\" content=\"Enabel et les pouvoirs publics des pays partenaires appliquent la r\u00e9glementation des march\u00e9s publics pour se procurer des biens, des services et des travaux\" \/>\n<meta property=\"og:url\" content=\"https:\/\/www.enabel.be\/fr\/marches-publics\/\" \/>\n<meta property=\"og:site_name\" content=\"Enabel - Agence belge de coop\u00e9ration internationale\" \/>\n<meta property=\"article:publisher\" content=\"https:\/\/www.facebook.com\/EnabelBelgium\/\" \/>\n<meta property=\"article:modified_time\" content=\"2022-10-24T08:45:46+00:00\" \/>\n<meta property=\"og:image\" content=\"https:\/\/www.enabel.be\/app\/uploads\/2022\/08\/Education.jpg\" \/>\n\t<meta property=\"og:image:width\" content=\"1358\" \/>\n\t<meta property=\"og:image:height\" content=\"858\" \/>\n\t<meta property=\"og:image:type\" content=\"image\/jpeg\" \/>\n<meta name=\"twitter:card\" content=\"summary_large_image\" \/>\n<meta name=\"twitter:site\" content=\"@Enabel_Belgium\" \/>\n<script type=\"application\/ld+json\" class=\"yoast-schema-graph\">{\"@context\":\"https:\\\/\\\/schema.org\",\"@graph\":[{\"@type\":\"WebPage\",\"@id\":\"https:\\\/\\\/www.enabel.be\\\/fr\\\/marches-publics\\\/\",\"url\":\"https:\\\/\\\/www.enabel.be\\\/fr\\\/marches-publics\\\/\",\"name\":\"March\u00e9s publics - Enabel - Agence belge de coop\u00e9ration internationale\",\"isPartOf\":{\"@id\":\"https:\\\/\\\/www.enabel.be\\\/fr\\\/#website\"},\"primaryImageOfPage\":{\"@id\":\"https:\\\/\\\/www.enabel.be\\\/fr\\\/marches-publics\\\/#primaryimage\"},\"image\":{\"@id\":\"https:\\\/\\\/www.enabel.be\\\/fr\\\/marches-publics\\\/#primaryimage\"},\"thumbnailUrl\":\"https:\\\/\\\/www.enabel.be\\\/app\\\/uploads\\\/2022\\\/09\\\/J4-8-scaled.jpg\",\"datePublished\":\"2022-08-05T11:44:29+00:00\",\"dateModified\":\"2022-10-24T08:45:46+00:00\",\"description\":\"Enabel et les pouvoirs publics des pays partenaires appliquent la r\u00e9glementation des march\u00e9s publics pour se procurer des biens, des services et des travaux\",\"breadcrumb\":{\"@id\":\"https:\\\/\\\/www.enabel.be\\\/fr\\\/marches-publics\\\/#breadcrumb\"},\"inLanguage\":\"fr-FR\",\"potentialAction\":[{\"@type\":\"ReadAction\",\"target\":[\"https:\\\/\\\/www.enabel.be\\\/fr\\\/marches-publics\\\/\"]}]},{\"@type\":\"ImageObject\",\"inLanguage\":\"fr-FR\",\"@id\":\"https:\\\/\\\/www.enabel.be\\\/fr\\\/marches-publics\\\/#primaryimage\",\"url\":\"https:\\\/\\\/www.enabel.be\\\/app\\\/uploads\\\/2022\\\/09\\\/J4-8-scaled.jpg\",\"contentUrl\":\"https:\\\/\\\/www.enabel.be\\\/app\\\/uploads\\\/2022\\\/09\\\/J4-8-scaled.jpg\",\"width\":2560,\"height\":1709,\"caption\":\"Dalaba, installation hydrolique;\"},{\"@type\":\"BreadcrumbList\",\"@id\":\"https:\\\/\\\/www.enabel.be\\\/fr\\\/marches-publics\\\/#breadcrumb\",\"itemListElement\":[{\"@type\":\"ListItem\",\"position\":1,\"name\":\"Home\",\"item\":\"https:\\\/\\\/www.enabel.be\\\/fr\\\/\"},{\"@type\":\"ListItem\",\"position\":2,\"name\":\"March\u00e9s publics\"}]},{\"@type\":\"WebSite\",\"@id\":\"https:\\\/\\\/www.enabel.be\\\/fr\\\/#website\",\"url\":\"https:\\\/\\\/www.enabel.be\\\/fr\\\/\",\"name\":\"Enabel - Agence belge de coop\u00e9ration internationale\",\"description\":\"Enabling Change\",\"publisher\":{\"@id\":\"https:\\\/\\\/www.enabel.be\\\/fr\\\/#organization\"},\"potentialAction\":[{\"@type\":\"SearchAction\",\"target\":{\"@type\":\"EntryPoint\",\"urlTemplate\":\"https:\\\/\\\/www.enabel.be\\\/fr\\\/?s={search_term_string}\"},\"query-input\":{\"@type\":\"PropertyValueSpecification\",\"valueRequired\":true,\"valueName\":\"search_term_string\"}}],\"inLanguage\":\"fr-FR\"},{\"@type\":\"Organization\",\"@id\":\"https:\\\/\\\/www.enabel.be\\\/fr\\\/#organization\",\"name\":\"Enabel - Agence belge de coop\u00e9ration internationale\",\"url\":\"https:\\\/\\\/www.enabel.be\\\/fr\\\/\",\"logo\":{\"@type\":\"ImageObject\",\"inLanguage\":\"fr-FR\",\"@id\":\"https:\\\/\\\/www.enabel.be\\\/fr\\\/#\\\/schema\\\/logo\\\/image\\\/\",\"url\":\"https:\\\/\\\/www.enabel.be\\\/app\\\/uploads\\\/2022\\\/06\\\/enabel-logo-color.svg\",\"contentUrl\":\"https:\\\/\\\/www.enabel.be\\\/app\\\/uploads\\\/2022\\\/06\\\/enabel-logo-color.svg\",\"width\":103,\"height\":35,\"caption\":\"Enabel - Agence belge de coop\u00e9ration internationale\"},\"image\":{\"@id\":\"https:\\\/\\\/www.enabel.be\\\/fr\\\/#\\\/schema\\\/logo\\\/image\\\/\"},\"sameAs\":[\"https:\\\/\\\/www.facebook.com\\\/EnabelBelgium\\\/\",\"https:\\\/\\\/x.com\\\/Enabel_Belgium\",\"https:\\\/\\\/www.instagram.com\\\/enabel_be\\\/\",\"https:\\\/\\\/www.linkedin.com\\\/company\\\/enabel\\\/\",\"https:\\\/\\\/www.youtube.com\\\/channel\\\/UCHGr3iOQ9n2jORzgtkv5FyQ\"]}]}<\/script>\n<!-- \/ Yoast SEO plugin. -->","yoast_head_json":{"title":"March\u00e9s publics - Enabel - Agence belge de coop\u00e9ration internationale","description":"Enabel et les pouvoirs publics des pays partenaires appliquent la r\u00e9glementation des march\u00e9s publics pour se procurer des biens, des services et des travaux","robots":{"index":"index","follow":"follow","max-snippet":"max-snippet:-1","max-image-preview":"max-image-preview:large","max-video-preview":"max-video-preview:-1"},"canonical":"https:\/\/www.enabel.be\/fr\/marches-publics\/","og_locale":"fr_FR","og_type":"article","og_title":"March\u00e9s publics - Enabel - Agence belge de coop\u00e9ration internationale","og_description":"Enabel et les pouvoirs publics des pays partenaires appliquent la r\u00e9glementation des march\u00e9s publics pour se procurer des biens, des services et des travaux","og_url":"https:\/\/www.enabel.be\/fr\/marches-publics\/","og_site_name":"Enabel - Agence belge de coop\u00e9ration internationale","article_publisher":"https:\/\/www.facebook.com\/EnabelBelgium\/","article_modified_time":"2022-10-24T08:45:46+00:00","og_image":[{"width":1358,"height":858,"url":"https:\/\/www.enabel.be\/app\/uploads\/2022\/08\/Education.jpg","type":"image\/jpeg"}],"twitter_card":"summary_large_image","twitter_site":"@Enabel_Belgium","schema":{"@context":"https:\/\/schema.org","@graph":[{"@type":"WebPage","@id":"https:\/\/www.enabel.be\/fr\/marches-publics\/","url":"https:\/\/www.enabel.be\/fr\/marches-publics\/","name":"March\u00e9s publics - Enabel - Agence belge de coop\u00e9ration internationale","isPartOf":{"@id":"https:\/\/www.enabel.be\/fr\/#website"},"primaryImageOfPage":{"@id":"https:\/\/www.enabel.be\/fr\/marches-publics\/#primaryimage"},"image":{"@id":"https:\/\/www.enabel.be\/fr\/marches-publics\/#primaryimage"},"thumbnailUrl":"https:\/\/www.enabel.be\/app\/uploads\/2022\/09\/J4-8-scaled.jpg","datePublished":"2022-08-05T11:44:29+00:00","dateModified":"2022-10-24T08:45:46+00:00","description":"Enabel et les pouvoirs publics des pays partenaires appliquent la r\u00e9glementation des march\u00e9s publics pour se procurer des biens, des services et des travaux","breadcrumb":{"@id":"https:\/\/www.enabel.be\/fr\/marches-publics\/#breadcrumb"},"inLanguage":"fr-FR","potentialAction":[{"@type":"ReadAction","target":["https:\/\/www.enabel.be\/fr\/marches-publics\/"]}]},{"@type":"ImageObject","inLanguage":"fr-FR","@id":"https:\/\/www.enabel.be\/fr\/marches-publics\/#primaryimage","url":"https:\/\/www.enabel.be\/app\/uploads\/2022\/09\/J4-8-scaled.jpg","contentUrl":"https:\/\/www.enabel.be\/app\/uploads\/2022\/09\/J4-8-scaled.jpg","width":2560,"height":1709,"caption":"Dalaba, installation hydrolique;"},{"@type":"BreadcrumbList","@id":"https:\/\/www.enabel.be\/fr\/marches-publics\/#breadcrumb","itemListElement":[{"@type":"ListItem","position":1,"name":"Home","item":"https:\/\/www.enabel.be\/fr\/"},{"@type":"ListItem","position":2,"name":"March\u00e9s publics"}]},{"@type":"WebSite","@id":"https:\/\/www.enabel.be\/fr\/#website","url":"https:\/\/www.enabel.be\/fr\/","name":"Enabel - Agence belge de coop\u00e9ration internationale","description":"Enabling Change","publisher":{"@id":"https:\/\/www.enabel.be\/fr\/#organization"},"potentialAction":[{"@type":"SearchAction","target":{"@type":"EntryPoint","urlTemplate":"https:\/\/www.enabel.be\/fr\/?s={search_term_string}"},"query-input":{"@type":"PropertyValueSpecification","valueRequired":true,"valueName":"search_term_string"}}],"inLanguage":"fr-FR"},{"@type":"Organization","@id":"https:\/\/www.enabel.be\/fr\/#organization","name":"Enabel - Agence belge de coop\u00e9ration internationale","url":"https:\/\/www.enabel.be\/fr\/","logo":{"@type":"ImageObject","inLanguage":"fr-FR","@id":"https:\/\/www.enabel.be\/fr\/#\/schema\/logo\/image\/","url":"https:\/\/www.enabel.be\/app\/uploads\/2022\/06\/enabel-logo-color.svg","contentUrl":"https:\/\/www.enabel.be\/app\/uploads\/2022\/06\/enabel-logo-color.svg","width":103,"height":35,"caption":"Enabel - Agence belge de coop\u00e9ration internationale"},"image":{"@id":"https:\/\/www.enabel.be\/fr\/#\/schema\/logo\/image\/"},"sameAs":["https:\/\/www.facebook.com\/EnabelBelgium\/","https:\/\/x.com\/Enabel_Belgium","https:\/\/www.instagram.com\/enabel_be\/","https:\/\/www.linkedin.com\/company\/enabel\/","https:\/\/www.youtube.com\/channel\/UCHGr3iOQ9n2jORzgtkv5FyQ"]}]}},"acf":[],"_links":{"self":[{"href":"https:\/\/www.enabel.be\/fr\/wp-json\/wp\/v2\/pages\/4988","targetHints":{"allow":["GET"]}}],"collection":[{"href":"https:\/\/www.enabel.be\/fr\/wp-json\/wp\/v2\/pages"}],"about":[{"href":"https:\/\/www.enabel.be\/fr\/wp-json\/wp\/v2\/types\/page"}],"author":[{"embeddable":true,"href":"https:\/\/www.enabel.be\/fr\/wp-json\/wp\/v2\/users\/1"}],"replies":[{"embeddable":true,"href":"https:\/\/www.enabel.be\/fr\/wp-json\/wp\/v2\/comments?post=4988"}],"version-history":[{"count":0,"href":"https:\/\/www.enabel.be\/fr\/wp-json\/wp\/v2\/pages\/4988\/revisions"}],"wp:featuredmedia":[{"embeddable":true,"href":"https:\/\/www.enabel.be\/fr\/wp-json\/wp\/v2\/media\/6178"}],"wp:attachment":[{"href":"https:\/\/www.enabel.be\/fr\/wp-json\/wp\/v2\/media?parent=4988"}],"curies":[{"name":"wp","href":"https:\/\/api.w.org\/{rel}","templated":true}]}}