{"id":4988,"date":"2022-08-05T11:44:29","date_gmt":"2022-08-05T11:44:29","guid":{"rendered":"https:\/\/www.enabel.be\/tenders\/"},"modified":"2022-10-24T08:45:46","modified_gmt":"2022-10-24T08:45:46","slug":"marches-publics","status":"publish","type":"page","link":"https:\/\/www.enabel.be\/fr\/marches-publics\/","title":{"rendered":"March\u00e9s publics"},"content":{"rendered":"<header class=\"header--big relative flex align-center items-center min-h-[50vh] mt-[115px]\">\n\t<div class=\"z-20 container grid grid-cols-12\">\n\t\t<div class=\"z-30 relative col-span-12 md:col-span-8 col-start-1 md:col-start-3 text-center text-white\">\n\t\t\t\t\t\t<h1 data-aos=\"fade-up mb-0\">March\u00e9s publics<\/h1>\n\t\t\t\t\t<\/div>\n\t<\/div>\n\t\t\t\t\t\t\t<img decoding=\"async\" width=\"2560\" height=\"1709\" src=\"https:\/\/www.enabel.be\/app\/uploads\/2022\/09\/J4-8-scaled.jpg\" class=\"z-0 absolute inset-0 w-full h-full object-cover object-top wp-post-image\" alt=\"In Guinea contractors have a look at the planning for a\" srcset=\"https:\/\/www.enabel.be\/app\/uploads\/2022\/09\/J4-8-scaled.jpg 2560w, https:\/\/www.enabel.be\/app\/uploads\/2022\/09\/J4-8-300x200.jpg 300w, https:\/\/www.enabel.be\/app\/uploads\/2022\/09\/J4-8-1024x683.jpg 1024w, https:\/\/www.enabel.be\/app\/uploads\/2022\/09\/J4-8-768x513.jpg 768w, https:\/\/www.enabel.be\/app\/uploads\/2022\/09\/J4-8-1536x1025.jpg 1536w, https:\/\/www.enabel.be\/app\/uploads\/2022\/09\/J4-8-2048x1367.jpg 2048w\" sizes=\"(max-width: 2560px) 100vw, 2560px\" \/>\n\t\t\t\t\t<div class=\"scroll rellax\" data-rellax-percentage=\"0.5\" data-rellax-speed=\"-1.5\">\n\t\t<p>\n\t\t\tScroll\n\t\t<\/p>\n\t<\/div>\n<\/header>\n\n<section class=\"section--all-news section--subside mx-auto bg-greylight\" id=\"news\">\n    <div class=\"container grid grid-cols-12 md:gap-8\">\n        <div class=\"flex justify-center col-span-12\">\n            <form role=\"search\" method=\"get\" class=\"search-form\" action=\"https:\/\/www.enabel.be\/fr\/marches-publics\/#news\">\n                <div class=\"flex flex-wrap justify-start mb-5 checkboxes md:justify-center\">\n                    <div class=\"checkbox\">\n                        <input\n                             checked                             class=\"hidden\"\n                            id=\"_all\"\n                            name=\"in_category[]\"\n                            type=\"checkbox\"\n                            value=\"all\"\n                        >\n                        <label for=\"_all\" class=\"btn btn-taxonomy\">Tout<\/label>\n                    <\/div>\n                                                                        <div class=\"checkbox\">\n                                                                <input\n                                                                        class=\"hidden\"\n                                    id=\"_march-de-fournitures-fr\"\n                                    name=\"in_category[]\"\n                                    type=\"checkbox\"\n                                    value=\"march-de-fournitures-fr\"\n                                >\n                                <label for=\"_march-de-fournitures-fr\" class=\"btn btn-taxonomy\">March\u00e9 de fournitures<\/label>\n                            <\/div>\n                                                    <div class=\"checkbox\">\n                                                                <input\n                                                                        class=\"hidden\"\n                                    id=\"_marche-de-services-fr\"\n                                    name=\"in_category[]\"\n                                    type=\"checkbox\"\n                                    value=\"marche-de-services-fr\"\n                                >\n                                <label for=\"_marche-de-services-fr\" class=\"btn btn-taxonomy\">March\u00e9 de services<\/label>\n                            <\/div>\n                                                    <div class=\"checkbox\">\n                                                                <input\n                                                                        class=\"hidden\"\n                                    id=\"_marche-de-travaux-fr\"\n                                    name=\"in_category[]\"\n                                    type=\"checkbox\"\n                                    value=\"marche-de-travaux-fr\"\n                                >\n                                <label for=\"_marche-de-travaux-fr\" class=\"btn btn-taxonomy\">March\u00e9 de travaux<\/label>\n                            <\/div>\n                                                    <div class=\"checkbox\">\n                                                                <input\n                                                                        class=\"hidden\"\n                                    id=\"_subsides\"\n                                    name=\"in_category[]\"\n                                    type=\"checkbox\"\n                                    value=\"subsides\"\n                                >\n                                <label for=\"_subsides\" class=\"btn btn-taxonomy\">Subsides<\/label>\n                            <\/div>\n                                                            <\/div>\n                <div class=\"flex flex-col items-start md:flex-row md:items-center\">\n                    Pays\n                    <select name=\"in_country\" id=\"country\" class=\"mb-0\">\n                        <option value=\"all\"  selected >Tout<\/option>\n                                                                                <option\n                                                                value=\"1701\"\n                            >Belgique<\/option>\n                                                                                <option\n                                                                value=\"1710\"\n                            >B\u00e9nin<\/option>\n                                                                                <option\n                                                                value=\"1726\"\n                            >Burkina Faso<\/option>\n                                                                                <option\n                                                                value=\"1735\"\n                            >Burundi<\/option>\n                                                                                <option\n                                                                value=\"31023\"\n                            >C\u00f4te d&rsquo;Ivoire<\/option>\n                                                                                <option\n                                                                value=\"7323\"\n                            >Jordanie<\/option>\n                                                                                <option\n                                                                value=\"1902\"\n                            >Guin\u00e9e<\/option>\n                                                                                <option\n                                                                value=\"1977\"\n                            >Mali<\/option>\n                                                                                <option\n                                                                value=\"2157\"\n                            >Maroc<\/option>\n                                                                                <option\n                                                                value=\"1982\"\n                            >Mauritanie<\/option>\n                                                                                <option\n                                                                value=\"9032\"\n                            >Mozambique<\/option>\n                                                                                <option\n                                                                value=\"2165\"\n                            >Niger<\/option>\n                                                                                <option\n                                                                value=\"8006\"\n                            >Ouganda<\/option>\n                                                                                <option\n                                                                value=\"2306\"\n                            >Palestine<\/option>\n                                                                                <option\n                                                                value=\"1876\"\n                            >RD Congo<\/option>\n                                                                                <option\n                                                                value=\"1861\"\n                            >R\u00e9publique Centrafricaine<\/option>\n                                                                                <option\n                                                                value=\"7710\"\n                            >Rwanda<\/option>\n                                                                                <option\n                                                                value=\"2003\"\n                            >S\u00e9n\u00e9gal<\/option>\n                                                                                <option\n                                                                value=\"2316\"\n                            >Tanzanie<\/option>\n                                                                                <option\n                                                                value=\"42913\"\n                            >Ukraine<\/option>\n                                            <\/select>\n                    Status\n                    <select name=\"is_status\" id=\"status\" class=\"mb-0\">\n                        <option value=\"all\"  selected >Tout<\/option>\n                                                    <option\n                                                                value=\"0\"\n                            >Ouvert<\/option>\n                                                    <option\n                                                                value=\"1\"\n                            >Ferm\u00e9<\/option>\n                                            <\/select>\n                    <input class=\"mb-0 btn--red\" type=\"submit\" value=\"Filter\">\n                <\/div>\n            <\/form>\n        <\/div>\n    <\/div>\n    <div class=\"container grid grid-cols-12 mt-10 container--news md:gap-8\">\n                                                                <div class=\"card--news card--tenders | font-normal group text-inherit min-w-full col-span-12 bg-white no-underline\" data-open=\"false\">\n    <div class=\"news__botton px-6 pt-6 pb-10\">\n        <p class=\"h5\">\n            <span>\n                                    CIV22001-10051 &#8211;\n                                Etude de la p\u00e9n\u00e9tration des solutions de cuisson propre dans le secteur de la boulangerie en C\u00f4te d\u2019Ivoire\n            <\/span>\n        <\/p>\n\n        <p><strong>Pays : <\/strong> C\u00f4te d&rsquo;Ivoire<\/p>\n\n                    <p class=\"\"><strong>Date de cl\u00f4ture : <\/strong> 20 May 2026 16:00 <\/p>\n        \n        <div class=\"hidden__card hidden\">\n                            <p>\n                    <strong>Status :<\/strong>\n                    Ouvert\n                <\/p>\n            \n                            <p><strong>L\u00e9gislation applicable : <\/strong>Belge<\/p>\n            \n                            <p><strong>Description : <\/strong><\/p>\n                <p>Afin d\u2019\u00eatre en mesure d\u2019introduire une offre en connaissance de cause, Enabel organise une r\u00e9union d\u2019information pour les soumissionnaires le\u00a0<strong>jeudi 07\/05\/2026 \u00e0 09h30 (heure Abidjan)<\/strong>\u00a0sur Microsoft Teams via le lien suivant disponible en cliquant\u00a0<a href=\"https:\/\/teams.microsoft.com\/meet\/390785345398207?p=9oVVmDDexJ2PMR8Niv\">Rejoignez la r\u00e9union maintenant\u00a0\u00a0<\/a><\/p>\n<p>ou sur le lien suivant <a href=\"https:\/\/teams.microsoft.com\/meet\/390785345398207?p=9oVVmDDexJ2PMR8Niv\">https:\/\/teams.microsoft.com\/meet\/390785345398207?p=9oVVmDDexJ2PMR8Niv<\/a><\/p>\n<p>Vous pouvez prendre contact par \u00e9crit avec M. Eric GNAOULE \/\u00a0<a href=\"mailto:ericzaye.gnaoule@enabel.be\">ericzaye.gnaoule@enabel.be<\/a>\u00a0(Mettre en copie\u00a0<a href=\"mailto:sofia.haesevelde@enabel\">sofia.haesevelde@enabel<\/a>\u00a0) pour des questions concernant le Cahier Sp\u00e9cial des Charges et le march\u00e9.<\/p>\n\n            \n                            <p><strong>Pi\u00e8ces jointes : <\/strong><\/p>\n                                                        <p><a href=\"https:\/\/www.enabel.be\/app\/uploads\/2026\/04\/CIV22001-10051-CSC.pdf\" download>CIV22001-10051-CSC.pdf<\/a><\/p>\n                                                        <p><a href=\"https:\/\/www.enabel.be\/app\/uploads\/2026\/04\/CIV22001-10051-Annexe-_Instructions-generales-pour-lintroduction-dune-offre.docx\" download>CIV22001-10051-Annexe-_Instructions-generales-pour-lintroduction-dune-offre.docx<\/a><\/p>\n                                    <\/div>\n    <\/div>\n<\/div>\n                                            <div class=\"card--news card--tenders | font-normal group text-inherit min-w-full col-span-12 bg-white no-underline\" data-open=\"false\">\n    <div class=\"news__botton px-6 pt-6 pb-10\">\n        <p class=\"h5\">\n            <span>\n                                    COD22013-10056  &#8211;\n                                March\u00e9 des travaux de r\u00e9habilitation b\u00e2timent de trois salles de classe et latrine \/ CRS Muya et construction d&rsquo;un bloc sanitaire de deux latrines hygi\u00e9niques et une salle d&rsquo;intimit\u00e9 a usage des filles \u00e0 Muya, Don Bosco, Cardinal Malula et Mazzarello\n            <\/span>\n        <\/p>\n\n        <p><strong>Pays : <\/strong> RD Congo<\/p>\n\n                    <p class=\"\"><strong>Date de cl\u00f4ture : <\/strong> 25 May 2026 10:00 <\/p>\n        \n        <div class=\"hidden__card hidden\">\n                            <p>\n                    <strong>Status :<\/strong>\n                    Ouvert\n                <\/p>\n            \n                            <p><strong>L\u00e9gislation applicable : <\/strong>Belge<\/p>\n            \n            \n                            <p><strong>Pi\u00e8ces jointes : <\/strong><\/p>\n                                                        <p><a href=\"https:\/\/www.enabel.be\/app\/uploads\/2026\/04\/Annexe1_DQE_ST_LOT1_LOT2_LOT3_LOT4.xlsx\" download>Annexe1_DQE_ST_LOT1_LOT2_LOT3_LOT4.xlsx<\/a><\/p>\n                                                        <p><a href=\"https:\/\/www.enabel.be\/app\/uploads\/2026\/04\/Annexe2_PLAN-TYPE-LATRINE-ECOLE-Rev.pdf\" download>Annexe2_PLAN-TYPE-LATRINE-ECOLE-Rev.pdf<\/a><\/p>\n                                                        <p><a href=\"https:\/\/www.enabel.be\/app\/uploads\/2026\/04\/Annexe3_Spesifications_Techniques_LOT1234.xlsx\" download>Annexe3_Spesifications_Techniques_LOT1234.xlsx<\/a><\/p>\n                                                        <p><a href=\"https:\/\/www.enabel.be\/app\/uploads\/2026\/04\/Annexe4_BPU_LOT1234.xlsx\" download>Annexe4_BPU_LOT1234.xlsx<\/a><\/p>\n                                                        <p><a href=\"https:\/\/www.enabel.be\/app\/uploads\/2026\/04\/COD22013-10056-CSC-PUB.docx\" download>COD22013-10056-CSC-PUB.docx<\/a><\/p>\n                                                        <p><a href=\"https:\/\/www.enabel.be\/app\/uploads\/2026\/04\/COD22013-10056-CSC-PUB.pdf\" download>COD22013-10056-CSC-PUB.pdf<\/a><\/p>\n                                    <\/div>\n    <\/div>\n<\/div>\n                                            <div class=\"card--news card--tenders | font-normal group text-inherit min-w-full col-span-12 bg-white no-underline\" data-open=\"false\">\n    <div class=\"news__botton px-6 pt-6 pb-10\">\n        <p class=\"h5\">\n            <span>\n                                    GIN23002-10059 &#8211;\n                                March\u00e9 de services relatif au recrutement de structures pour la formation acc\u00e9l\u00e9r\u00e9e de 200 jeunes \u00e0 Conakry\n            <\/span>\n        <\/p>\n\n        <p><strong>Pays : <\/strong> Guin\u00e9e<\/p>\n\n                    <p class=\"\"><strong>Date de cl\u00f4ture : <\/strong> 21 May 2026 11:00 <\/p>\n        \n        <div class=\"hidden__card hidden\">\n                            <p>\n                    <strong>Status :<\/strong>\n                    Ouvert\n                <\/p>\n            \n                            <p><strong>L\u00e9gislation applicable : <\/strong>Belge<\/p>\n            \n            \n                            <p><strong>Pi\u00e8ces jointes : <\/strong><\/p>\n                                                        <p><a href=\"https:\/\/www.enabel.be\/app\/uploads\/2026\/04\/GIN23002-10059_Formation_Ckry_CSC_PUB.pdf\" download>GIN23002-10059_Formation_Ckry_CSC_PUB.pdf<\/a><\/p>\n                                                        <p><a href=\"https:\/\/www.enabel.be\/app\/uploads\/2026\/04\/GIN23002-10059-Formulaires.docx\" download>GIN23002-10059-Formulaires.docx<\/a><\/p>\n                                    <\/div>\n    <\/div>\n<\/div>\n                                            <div class=\"card--news card--tenders | font-normal group text-inherit min-w-full col-span-12 bg-white no-underline\" data-open=\"false\">\n    <div class=\"news__botton px-6 pt-6 pb-10\">\n        <p class=\"h5\">\n            <span>\n                                    COD22013-10056  &#8211;\n                                March\u00e9 des travaux de r\u00e9habilitation b\u00e2timent de trois salles de classe et latrine \/ CRS Muya et construction d&rsquo;un bloc sanitaire de deux latrines hygi\u00e9niques et une salle d&rsquo;intimit\u00e9 a usage des filles \u00e0 Muya, Don Bosco, Cardinal Malula et Mazzarello\n            <\/span>\n        <\/p>\n\n        <p><strong>Pays : <\/strong> RD Congo<\/p>\n\n                    <p class=\"\"><strong>Date de cl\u00f4ture : <\/strong> 25 May 2026 10:00 <\/p>\n        \n        <div class=\"hidden__card hidden\">\n                            <p>\n                    <strong>Status :<\/strong>\n                    Ouvert\n                <\/p>\n            \n                            <p><strong>L\u00e9gislation applicable : <\/strong>Belge<\/p>\n            \n            \n                            <p><strong>Pi\u00e8ces jointes : <\/strong><\/p>\n                                                        <p><a href=\"https:\/\/www.enabel.be\/app\/uploads\/2026\/04\/Annexe1_DQE_ST_LOT1_LOT2_LOT3_LOT4.xlsx\" download>Annexe1_DQE_ST_LOT1_LOT2_LOT3_LOT4.xlsx<\/a><\/p>\n                                                        <p><a href=\"https:\/\/www.enabel.be\/app\/uploads\/2026\/04\/Annexe2_PLAN-TYPE-LATRINE-ECOLE-Rev.pdf\" download>Annexe2_PLAN-TYPE-LATRINE-ECOLE-Rev.pdf<\/a><\/p>\n                                                        <p><a href=\"https:\/\/www.enabel.be\/app\/uploads\/2026\/04\/Annexe3_Spesifications_Techniques_LOT1234.xlsx\" download>Annexe3_Spesifications_Techniques_LOT1234.xlsx<\/a><\/p>\n                                                        <p><a href=\"https:\/\/www.enabel.be\/app\/uploads\/2026\/04\/Annexe4_BPU_LOT1234.xlsx\" download>Annexe4_BPU_LOT1234.xlsx<\/a><\/p>\n                                                        <p><a href=\"https:\/\/www.enabel.be\/app\/uploads\/2026\/04\/COD22013-10056-CSC-PUB.docx\" download>COD22013-10056-CSC-PUB.docx<\/a><\/p>\n                                                        <p><a href=\"https:\/\/www.enabel.be\/app\/uploads\/2026\/04\/COD22013-10056-CSC-PUB.pdf\" download>COD22013-10056-CSC-PUB.pdf<\/a><\/p>\n                                    <\/div>\n    <\/div>\n<\/div>\n                                            <div class=\"card--news card--tenders | font-normal group text-inherit min-w-full col-span-12 bg-white no-underline\" data-open=\"false\">\n    <div class=\"news__botton px-6 pt-6 pb-10\">\n        <p class=\"h5\">\n            <span>\n                                    NER21003-10114 &#8211;\n                                Travaux de construction de complexes multifonctionnels au profit des unions \/ SCOOPS dans la commune de Goth\u00e8ye\n            <\/span>\n        <\/p>\n\n        <p><strong>Pays : <\/strong> Niger<\/p>\n\n                    <p class=\"\"><strong>Date de cl\u00f4ture : <\/strong> 21 May 2026 10:30 <\/p>\n        \n        <div class=\"hidden__card hidden\">\n                            <p>\n                    <strong>Status :<\/strong>\n                    Ouvert\n                <\/p>\n            \n                            <p><strong>L\u00e9gislation applicable : <\/strong>belge<\/p>\n            \n                            <p><strong>Description : <\/strong><\/p>\n                <p>March\u00e9 de travaux relatif la construction de complexes multifonctionnels au profit des unions \/ SCOOPS dans la commune de Goth\u00e8y en deux lots.<\/p>\n\n            \n                            <p><strong>Pi\u00e8ces jointes : <\/strong><\/p>\n                                                        <p><a href=\"https:\/\/www.enabel.be\/app\/uploads\/2026\/04\/BPU.zip\" download>BPU.zip<\/a><\/p>\n                                                        <p><a href=\"https:\/\/www.enabel.be\/app\/uploads\/2026\/04\/Cadre-de-devis.zip\" download>Cadre-de-devis.zip<\/a><\/p>\n                                                        <p><a href=\"https:\/\/www.enabel.be\/app\/uploads\/2026\/04\/CSC-NER21003-10114-Travaux-de-construction-des-complexes-multifonctionnelles.pdf\" download>CSC-NER21003-10114-Travaux-de-construction-des-complexes-multifonctionnelles.pdf<\/a><\/p>\n                                                        <p><a href=\"https:\/\/www.enabel.be\/app\/uploads\/2026\/04\/NER21003-10114_Annexe-Specifications-techniques.pdf\" download>NER21003-10114_Annexe-Specifications-techniques.pdf<\/a><\/p>\n                                                        <p><a href=\"https:\/\/www.enabel.be\/app\/uploads\/2026\/04\/Plan-Architectural.zip\" download>Plan-Architectural.zip<\/a><\/p>\n                                                        <p><a href=\"https:\/\/www.enabel.be\/app\/uploads\/2026\/04\/Plan-Structural.zip\" download>Plan-Structural.zip<\/a><\/p>\n                                    <\/div>\n    <\/div>\n<\/div>\n                                            <div class=\"card--news card--tenders | font-normal group text-inherit min-w-full col-span-12 bg-white no-underline\" data-open=\"false\">\n    <div class=\"news__botton px-6 pt-6 pb-10\">\n        <p class=\"h5\">\n            <span>\n                                    SEN22003-10209 &#8211;\n                                March\u00e9 de services relatif au \u00ab recrutement des prestataires pour la sensibilisation et l\u2019enr\u00f4lement \u00e0 l\u2019assurance maladie des membres des Associations Villageoises d\u2019Epargne et de Cr\u00e9dit (AVEC) et du personnel des entreprises appuy\u00e9es par le projet S\u00e9curit\u00e9 Alimentaire et R\u00e9silience des Syst\u00e8mes Alimentaires au S\u00e9n\u00e9gal\u00bb\n            <\/span>\n        <\/p>\n\n        <p><strong>Pays : <\/strong> S\u00e9n\u00e9gal<\/p>\n\n                    <p class=\"\"><strong>Date de cl\u00f4ture : <\/strong> 20 May 2026 14:00 <\/p>\n        \n        <div class=\"hidden__card hidden\">\n                            <p>\n                    <strong>Status :<\/strong>\n                    Ouvert\n                <\/p>\n            \n                            <p><strong>L\u00e9gislation applicable : <\/strong>Belge<\/p>\n            \n                            <p><strong>Description : <\/strong><\/p>\n                <div><em>Pour toute information compl\u00e9mentaire, veuillez vous r\u00e9f\u00e9rer au cahier sp\u00e9cial des charges.<\/em><\/div>\r\n&nbsp;\n            \n                            <p><strong>Pi\u00e8ces jointes : <\/strong><\/p>\n                                                        <p><a href=\"https:\/\/www.enabel.be\/app\/uploads\/2026\/04\/SEN22003-10209_CSC_VF.pdf\" download>SEN22003-10209_CSC_VF.pdf<\/a><\/p>\n                                                        <p><a href=\"https:\/\/www.enabel.be\/app\/uploads\/2026\/04\/SEN22003-10209-Formulaires.docx\" download>SEN22003-10209-Formulaires.docx<\/a><\/p>\n                                    <\/div>\n    <\/div>\n<\/div>\n                                            <div class=\"card--news card--tenders | font-normal group text-inherit min-w-full col-span-12 bg-white no-underline\" data-open=\"false\">\n    <div class=\"news__botton px-6 pt-6 pb-10\">\n        <p class=\"h5\">\n            <span>\n                                    2204BEN-10360 &#8211;\n                                March\u00e9 de fournitures relatif \u00e0 la conclusion d\u2019un accord-cadre avec un seul participant par lot pour l\u2019acquisition d\u2019engins flottants au profit de diverses entit\u00e9s publiques partenaires des projets Enabel au B\u00e9nin\n            <\/span>\n        <\/p>\n\n        <p><strong>Pays : <\/strong> B\u00e9nin<\/p>\n\n                    <p class=\"\"><strong>Date de cl\u00f4ture : <\/strong> 26 May 2026 11:00 <\/p>\n        \n        <div class=\"hidden__card hidden\">\n                            <p>\n                    <strong>Status :<\/strong>\n                    Ouvert\n                <\/p>\n            \n                            <p><strong>L\u00e9gislation applicable : <\/strong>Belge<\/p>\n            \n                            <p><strong>Description : <\/strong><\/p>\n                Les candidats- soumissionnaires peuvent poser des questions concernant le CSC et le march\u00e9. Les questions seront pos\u00e9es par \u00e9crit \u00e0 :\r\nmouridjanatou.assani@enabel.be, avec copie \u00e0 armand.aguidi@enabel.be.\r\n\r\nDeux (02) r\u00e9unions d\u2019information sur le march\u00e9 seront organis\u00e9es respectivement le 29 avril et le 12 mai 2026 \u00e0 partir de 11 h 00 mn (heure du B\u00e9nin).\n            \n                            <p><strong>Pi\u00e8ces jointes : <\/strong><\/p>\n                                                        <p><a href=\"https:\/\/www.enabel.be\/app\/uploads\/2026\/04\/2204BEN-10360_Engins-flottants_CSC_ANO.pdf\" download>2204BEN-10360_Engins-flottants_CSC_ANO.pdf<\/a><\/p>\n                                                        <p><a href=\"https:\/\/www.enabel.be\/app\/uploads\/2026\/04\/2204BEN-10360_DUME-1.pdf\" download>2204BEN-10360_DUME-1.pdf<\/a><\/p>\n                                    <\/div>\n    <\/div>\n<\/div>\n                                            <div class=\"card--news card--tenders | font-normal group text-inherit min-w-full col-span-12 bg-white no-underline\" data-open=\"false\">\n    <div class=\"news__botton px-6 pt-6 pb-10\">\n        <p class=\"h5\">\n            <span>\n                                    BFA23004-10495 &#8211;\n                                March\u00e9 de services relatif au \u00ab Renforcement des capacit\u00e9s et de la comp\u00e9titivit\u00e9 des acteurs des cha\u00eenes de valeur agricoles \u00bb\n            <\/span>\n        <\/p>\n\n        <p><strong>Pays : <\/strong> Burkina Faso<\/p>\n\n                    <p class=\"\"><strong>Date de cl\u00f4ture : <\/strong> 18 May 2026 12:00 <\/p>\n        \n        <div class=\"hidden__card hidden\">\n                            <p>\n                    <strong>Status :<\/strong>\n                    Ouvert\n                <\/p>\n            \n                            <p><strong>L\u00e9gislation applicable : <\/strong>Belge<\/p>\n            \n            \n                            <p><strong>Pi\u00e8ces jointes : <\/strong><\/p>\n                                                        <p><a href=\"https:\/\/www.enabel.be\/app\/uploads\/2026\/04\/BFA23004-10495_CSC-Serv-Negoc_Renforcements-des-filieres-et-cooperatives-agricoles.pdf\" download>BFA23004-10495_CSC-Serv-Negoc_Renforcements-des-filieres-et-cooperatives-agricoles.pdf<\/a><\/p>\n                                                        <p><a href=\"https:\/\/www.enabel.be\/app\/uploads\/2026\/04\/BFA23004-10495_PUB_Invitation.pdf\" download>BFA23004-10495_PUB_Invitation.pdf<\/a><\/p>\n                                                        <p><a href=\"https:\/\/www.enabel.be\/app\/uploads\/2026\/04\/BFA23004-10495_Addendum.pdf\" download>BFA23004-10495_Addendum.pdf<\/a><\/p>\n                                    <\/div>\n    <\/div>\n<\/div>\n                                            <div class=\"card--news card--tenders | font-normal group text-inherit min-w-full col-span-12 bg-white no-underline\" data-open=\"false\">\n    <div class=\"news__botton px-6 pt-6 pb-10\">\n        <p class=\"h5\">\n            <span>\n                                    BFA23004-10090 &#8211;\n                                Etudes techniques pour la r\u00e9alisation d\u2019adductions d\u2019eau potable multi village (AEP-MV) dans les r\u00e9gions du Nakamb\u00e9 et du Oubri\n            <\/span>\n        <\/p>\n\n        <p><strong>Pays : <\/strong> Burkina Faso<\/p>\n\n                    <p class=\"\"><strong>Date de cl\u00f4ture : <\/strong> 13 May 2026 12:00 <\/p>\n        \n        <div class=\"hidden__card hidden\">\n                            <p>\n                    <strong>Status :<\/strong>\n                    Ouvert\n                <\/p>\n            \n                            <p><strong>L\u00e9gislation applicable : <\/strong>Belge<\/p>\n            \n            \n                            <p><strong>Pi\u00e8ces jointes : <\/strong><\/p>\n                                                        <p><a href=\"https:\/\/www.enabel.be\/app\/uploads\/2026\/04\/BFA23004-10090_CSC_Etude-AEP-MV_Version-Provisoire.pdf\" download>BFA23004-10090_CSC_Etude-AEP-MV_Version-Provisoire.pdf<\/a><\/p>\n                                                        <p><a href=\"\" download><\/a><\/p>\n                                    <\/div>\n    <\/div>\n<\/div>\n                                            <div class=\"card--news card--tenders | font-normal group text-inherit min-w-full col-span-12 bg-white no-underline\" data-open=\"false\">\n    <div class=\"news__botton px-6 pt-6 pb-10\">\n        <p class=\"h5\">\n            <span>\n                                    SEN24002-10211 &#8211;\n                                March\u00e9 de services relatif au recrutement d\u2019un prestataire pour le march\u00e9 appui \u00e0 la promotion et \u00e0 l\u2019int\u00e9gration du travail d\u00e9cent dans les activit\u00e9s d\u2019appui aux fili\u00e8res et aux entreprises du projet Naatal Sine Saloum\n            <\/span>\n        <\/p>\n\n        <p><strong>Pays : <\/strong> S\u00e9n\u00e9gal<\/p>\n\n                    <p class=\"\"><strong>Date de cl\u00f4ture : <\/strong> 25 May 2026 12:00 <\/p>\n        \n        <div class=\"hidden__card hidden\">\n                            <p>\n                    <strong>Status :<\/strong>\n                    Ouvert\n                <\/p>\n            \n                            <p><strong>L\u00e9gislation applicable : <\/strong>Belge<\/p>\n            \n                            <p><strong>Description : <\/strong><\/p>\n                Pour de plus ample information, veuillez contacter l&rsquo;adresse mail:ibrahim.niabaly@enabel.be .\n            \n                            <p><strong>Pi\u00e8ces jointes : <\/strong><\/p>\n                                                        <p><a href=\"https:\/\/www.enabel.be\/app\/uploads\/2026\/04\/SEN24002-10211_CSC.pdf\" download>SEN24002-10211_CSC.pdf<\/a><\/p>\n                                                        <p><a href=\"https:\/\/www.enabel.be\/app\/uploads\/2026\/04\/SEN24002-10211_DUME.docx\" download>SEN24002-10211_DUME.docx<\/a><\/p>\n                                                        <p><a href=\"https:\/\/www.enabel.be\/app\/uploads\/2026\/04\/SEN24002-10211_Formulaires.docx\" download>SEN24002-10211_Formulaires.docx<\/a><\/p>\n                                    <\/div>\n    <\/div>\n<\/div>\n                         \n            <\/div>\n\n\n    <div class=\"container grid grid-cols-12 mt-10 \">\n\n\n\n        <div class=\"mt-8 col-span-12\">\n            <div class=\"border-t border-gray-200 px-4 flex items-center justify-between sm:px-0\">\n            <div class=\"-mt-px w-0 flex-1 flex\">\n                    <\/div>\n        <div class=\"hidden md:-mt-px md:flex\">\n                                                        <a href=\"https:\/\/www.enabel.be\/fr\/tenders\/marche-de-services-relatif-au-recrutement-dun-prestataire-pour-le-marche-appui-a-la-promotion-et-a-lintegration-du-travail-decent-dans-les-activites-dappui-aux-filieres-et-a\/page\/1?\" class=\"no-underline border-indigo-500 text-indigo-600 border-t-2 pt-4 px-4 inline-flex items-center text-sm font-medium\" aria-current=\"page\">\n                        1\n                    <\/a>\n                                                                <a href=\"https:\/\/www.enabel.be\/fr\/tenders\/marche-de-services-relatif-au-recrutement-dun-prestataire-pour-le-marche-appui-a-la-promotion-et-a-lintegration-du-travail-decent-dans-les-activites-dappui-aux-filieres-et-a\/page\/2?\" class=\"no-underline border-transparent text-gray-500 hover:text-gray-700 hover:border-gray-300 border-t-2 pt-4 px-4 inline-flex items-center text-sm font-medium\">\n                        2\n                    <\/a>\n                                                                <a href=\"https:\/\/www.enabel.be\/fr\/tenders\/marche-de-services-relatif-au-recrutement-dun-prestataire-pour-le-marche-appui-a-la-promotion-et-a-lintegration-du-travail-decent-dans-les-activites-dappui-aux-filieres-et-a\/page\/3?\" class=\"no-underline border-transparent text-gray-500 hover:text-gray-700 hover:border-gray-300 border-t-2 pt-4 px-4 inline-flex items-center text-sm font-medium\">\n                        3\n                    <\/a>\n                                        <span class=\"border-transparent text-gray-500 border-t-2 pt-4 px-4 inline-flex items-center text-sm font-medium\">\n                &#8230;\n            <\/span>\n                                                <a href=\"https:\/\/www.enabel.be\/fr\/tenders\/marche-de-services-relatif-au-recrutement-dun-prestataire-pour-le-marche-appui-a-la-promotion-et-a-lintegration-du-travail-decent-dans-les-activites-dappui-aux-filieres-et-a\/page\/148?\" class=\"no-underline border-transparent text-gray-500 hover:text-gray-700 hover:border-gray-300 border-t-2 pt-4 px-4 inline-flex items-center text-sm font-medium\">\n                        148\n                    <\/a>\n                                                                <a href=\"https:\/\/www.enabel.be\/fr\/tenders\/marche-de-services-relatif-au-recrutement-dun-prestataire-pour-le-marche-appui-a-la-promotion-et-a-lintegration-du-travail-decent-dans-les-activites-dappui-aux-filieres-et-a\/page\/149?\" class=\"no-underline border-transparent text-gray-500 hover:text-gray-700 hover:border-gray-300 border-t-2 pt-4 px-4 inline-flex items-center text-sm font-medium\">\n                        149\n                    <\/a>\n                                                                <a href=\"https:\/\/www.enabel.be\/fr\/tenders\/marche-de-services-relatif-au-recrutement-dun-prestataire-pour-le-marche-appui-a-la-promotion-et-a-lintegration-du-travail-decent-dans-les-activites-dappui-aux-filieres-et-a\/page\/150?\" class=\"no-underline border-transparent text-gray-500 hover:text-gray-700 hover:border-gray-300 border-t-2 pt-4 px-4 inline-flex items-center text-sm font-medium\">\n                        150\n                    <\/a>\n                                        <\/div>\n            <div class=\"-mt-px w-0 flex-1 flex justify-end\">\n                            <a href=\"https:\/\/www.enabel.be\/fr\/tenders\/marche-de-services-relatif-au-recrutement-dun-prestataire-pour-le-marche-appui-a-la-promotion-et-a-lintegration-du-travail-decent-dans-les-activites-dappui-aux-filieres-et-a\/page\/2?\" class=\"no-underline border-t-2 border-transparent pt-4 pl-1 inline-flex items-center text-sm font-medium text-gray-500 hover:text-gray-700 hover:border-gray-300\">\n                    Next\n                    <svg class=\"ml-3 h-5 w-5 text-gray-400\" xmlns=\"http:\/\/www.w3.org\/2000\/svg\" viewBox=\"0 0 20 20\" fill=\"currentColor\" aria-hidden=\"true\">\n                        <path fill-rule=\"evenodd\" d=\"M12.293 5.293a1 1 0 011.414 0l4 4a1 1 0 010 1.414l-4 4a1 1 0 01-1.414-1.414L14.586 11H3a1 1 0 110-2h11.586l-2.293-2.293a1 1 0 010-1.414z\" clip-rule=\"evenodd\" \/>\n                    <\/svg>\n                <\/a>\n                    <\/div>\n    <\/div>\n        <\/div>\n\n    <\/div>\n<\/section>\n","protected":false},"excerpt":{"rendered":"","protected":false},"author":1,"featured_media":6178,"parent":0,"menu_order":0,"comment_status":"closed","ping_status":"closed","template":"","meta":{"_acf_changed":false,"inline_featured_image":false,"footnotes":""},"class_list":["post-4988","page","type-page","status-publish","has-post-thumbnail","hentry"],"yoast_head":"<!-- This site is optimized with the Yoast SEO plugin v25.9 - https:\/\/yoast.com\/wordpress\/plugins\/seo\/ -->\n<title>March\u00e9s publics - Enabel - Agence belge de coop\u00e9ration internationale<\/title>\n<meta name=\"description\" content=\"Enabel et les pouvoirs publics des pays partenaires appliquent la r\u00e9glementation des march\u00e9s publics pour se procurer des biens, des services et des travaux\" \/>\n<meta name=\"robots\" content=\"index, follow, max-snippet:-1, max-image-preview:large, max-video-preview:-1\" \/>\n<link rel=\"canonical\" href=\"https:\/\/www.enabel.be\/fr\/marches-publics\/\" \/>\n<meta property=\"og:locale\" content=\"fr_FR\" \/>\n<meta property=\"og:type\" content=\"article\" \/>\n<meta property=\"og:title\" content=\"March\u00e9s publics - Enabel - Agence belge de coop\u00e9ration internationale\" \/>\n<meta property=\"og:description\" content=\"Enabel et les pouvoirs publics des pays partenaires appliquent la r\u00e9glementation des march\u00e9s publics pour se procurer des biens, des services et des travaux\" \/>\n<meta property=\"og:url\" content=\"https:\/\/www.enabel.be\/fr\/marches-publics\/\" \/>\n<meta property=\"og:site_name\" content=\"Enabel - Agence belge de coop\u00e9ration internationale\" \/>\n<meta property=\"article:publisher\" content=\"https:\/\/www.facebook.com\/EnabelBelgium\/\" \/>\n<meta property=\"article:modified_time\" content=\"2022-10-24T08:45:46+00:00\" \/>\n<meta property=\"og:image\" content=\"https:\/\/www.enabel.be\/app\/uploads\/2022\/08\/Education.jpg\" \/>\n\t<meta property=\"og:image:width\" content=\"1358\" \/>\n\t<meta property=\"og:image:height\" content=\"858\" \/>\n\t<meta property=\"og:image:type\" content=\"image\/jpeg\" \/>\n<meta name=\"twitter:card\" content=\"summary_large_image\" \/>\n<meta name=\"twitter:site\" content=\"@Enabel_Belgium\" \/>\n<script type=\"application\/ld+json\" class=\"yoast-schema-graph\">{\"@context\":\"https:\/\/schema.org\",\"@graph\":[{\"@type\":\"WebPage\",\"@id\":\"https:\/\/www.enabel.be\/fr\/marches-publics\/\",\"url\":\"https:\/\/www.enabel.be\/fr\/marches-publics\/\",\"name\":\"March\u00e9s publics - Enabel - Agence belge de coop\u00e9ration internationale\",\"isPartOf\":{\"@id\":\"https:\/\/www.enabel.be\/fr\/#website\"},\"primaryImageOfPage\":{\"@id\":\"https:\/\/www.enabel.be\/fr\/marches-publics\/#primaryimage\"},\"image\":{\"@id\":\"https:\/\/www.enabel.be\/fr\/marches-publics\/#primaryimage\"},\"thumbnailUrl\":\"https:\/\/www.enabel.be\/app\/uploads\/2022\/09\/J4-8-scaled.jpg\",\"datePublished\":\"2022-08-05T11:44:29+00:00\",\"dateModified\":\"2022-10-24T08:45:46+00:00\",\"description\":\"Enabel et les pouvoirs publics des pays partenaires appliquent la r\u00e9glementation des march\u00e9s publics pour se procurer des biens, des services et des travaux\",\"breadcrumb\":{\"@id\":\"https:\/\/www.enabel.be\/fr\/marches-publics\/#breadcrumb\"},\"inLanguage\":\"fr-FR\",\"potentialAction\":[{\"@type\":\"ReadAction\",\"target\":[\"https:\/\/www.enabel.be\/fr\/marches-publics\/\"]}]},{\"@type\":\"ImageObject\",\"inLanguage\":\"fr-FR\",\"@id\":\"https:\/\/www.enabel.be\/fr\/marches-publics\/#primaryimage\",\"url\":\"https:\/\/www.enabel.be\/app\/uploads\/2022\/09\/J4-8-scaled.jpg\",\"contentUrl\":\"https:\/\/www.enabel.be\/app\/uploads\/2022\/09\/J4-8-scaled.jpg\",\"width\":2560,\"height\":1709,\"caption\":\"Dalaba, installation hydrolique;\"},{\"@type\":\"BreadcrumbList\",\"@id\":\"https:\/\/www.enabel.be\/fr\/marches-publics\/#breadcrumb\",\"itemListElement\":[{\"@type\":\"ListItem\",\"position\":1,\"name\":\"Home\",\"item\":\"https:\/\/www.enabel.be\/fr\/\"},{\"@type\":\"ListItem\",\"position\":2,\"name\":\"March\u00e9s publics\"}]},{\"@type\":\"WebSite\",\"@id\":\"https:\/\/www.enabel.be\/fr\/#website\",\"url\":\"https:\/\/www.enabel.be\/fr\/\",\"name\":\"Enabel - Agence belge de coop\u00e9ration internationale\",\"description\":\"Enabling Change\",\"publisher\":{\"@id\":\"https:\/\/www.enabel.be\/fr\/#organization\"},\"potentialAction\":[{\"@type\":\"SearchAction\",\"target\":{\"@type\":\"EntryPoint\",\"urlTemplate\":\"https:\/\/www.enabel.be\/fr\/?s={search_term_string}\"},\"query-input\":{\"@type\":\"PropertyValueSpecification\",\"valueRequired\":true,\"valueName\":\"search_term_string\"}}],\"inLanguage\":\"fr-FR\"},{\"@type\":\"Organization\",\"@id\":\"https:\/\/www.enabel.be\/fr\/#organization\",\"name\":\"Enabel - Agence belge de coop\u00e9ration internationale\",\"url\":\"https:\/\/www.enabel.be\/fr\/\",\"logo\":{\"@type\":\"ImageObject\",\"inLanguage\":\"fr-FR\",\"@id\":\"https:\/\/www.enabel.be\/fr\/#\/schema\/logo\/image\/\",\"url\":\"https:\/\/www.enabel.be\/app\/uploads\/2022\/06\/enabel-logo-color.svg\",\"contentUrl\":\"https:\/\/www.enabel.be\/app\/uploads\/2022\/06\/enabel-logo-color.svg\",\"width\":103,\"height\":35,\"caption\":\"Enabel - Agence belge de coop\u00e9ration internationale\"},\"image\":{\"@id\":\"https:\/\/www.enabel.be\/fr\/#\/schema\/logo\/image\/\"},\"sameAs\":[\"https:\/\/www.facebook.com\/EnabelBelgium\/\",\"https:\/\/x.com\/Enabel_Belgium\",\"https:\/\/www.instagram.com\/enabel_be\/\",\"https:\/\/www.linkedin.com\/company\/enabel\/\",\"https:\/\/www.youtube.com\/channel\/UCHGr3iOQ9n2jORzgtkv5FyQ\"]}]}<\/script>\n<!-- \/ Yoast SEO plugin. -->","yoast_head_json":{"title":"March\u00e9s publics - Enabel - Agence belge de coop\u00e9ration internationale","description":"Enabel et les pouvoirs publics des pays partenaires appliquent la r\u00e9glementation des march\u00e9s publics pour se procurer des biens, des services et des travaux","robots":{"index":"index","follow":"follow","max-snippet":"max-snippet:-1","max-image-preview":"max-image-preview:large","max-video-preview":"max-video-preview:-1"},"canonical":"https:\/\/www.enabel.be\/fr\/marches-publics\/","og_locale":"fr_FR","og_type":"article","og_title":"March\u00e9s publics - Enabel - Agence belge de coop\u00e9ration internationale","og_description":"Enabel et les pouvoirs publics des pays partenaires appliquent la r\u00e9glementation des march\u00e9s publics pour se procurer des biens, des services et des travaux","og_url":"https:\/\/www.enabel.be\/fr\/marches-publics\/","og_site_name":"Enabel - Agence belge de coop\u00e9ration internationale","article_publisher":"https:\/\/www.facebook.com\/EnabelBelgium\/","article_modified_time":"2022-10-24T08:45:46+00:00","og_image":[{"width":1358,"height":858,"url":"https:\/\/www.enabel.be\/app\/uploads\/2022\/08\/Education.jpg","type":"image\/jpeg"}],"twitter_card":"summary_large_image","twitter_site":"@Enabel_Belgium","schema":{"@context":"https:\/\/schema.org","@graph":[{"@type":"WebPage","@id":"https:\/\/www.enabel.be\/fr\/marches-publics\/","url":"https:\/\/www.enabel.be\/fr\/marches-publics\/","name":"March\u00e9s publics - Enabel - Agence belge de coop\u00e9ration internationale","isPartOf":{"@id":"https:\/\/www.enabel.be\/fr\/#website"},"primaryImageOfPage":{"@id":"https:\/\/www.enabel.be\/fr\/marches-publics\/#primaryimage"},"image":{"@id":"https:\/\/www.enabel.be\/fr\/marches-publics\/#primaryimage"},"thumbnailUrl":"https:\/\/www.enabel.be\/app\/uploads\/2022\/09\/J4-8-scaled.jpg","datePublished":"2022-08-05T11:44:29+00:00","dateModified":"2022-10-24T08:45:46+00:00","description":"Enabel et les pouvoirs publics des pays partenaires appliquent la r\u00e9glementation des march\u00e9s publics pour se procurer des biens, des services et des travaux","breadcrumb":{"@id":"https:\/\/www.enabel.be\/fr\/marches-publics\/#breadcrumb"},"inLanguage":"fr-FR","potentialAction":[{"@type":"ReadAction","target":["https:\/\/www.enabel.be\/fr\/marches-publics\/"]}]},{"@type":"ImageObject","inLanguage":"fr-FR","@id":"https:\/\/www.enabel.be\/fr\/marches-publics\/#primaryimage","url":"https:\/\/www.enabel.be\/app\/uploads\/2022\/09\/J4-8-scaled.jpg","contentUrl":"https:\/\/www.enabel.be\/app\/uploads\/2022\/09\/J4-8-scaled.jpg","width":2560,"height":1709,"caption":"Dalaba, installation hydrolique;"},{"@type":"BreadcrumbList","@id":"https:\/\/www.enabel.be\/fr\/marches-publics\/#breadcrumb","itemListElement":[{"@type":"ListItem","position":1,"name":"Home","item":"https:\/\/www.enabel.be\/fr\/"},{"@type":"ListItem","position":2,"name":"March\u00e9s publics"}]},{"@type":"WebSite","@id":"https:\/\/www.enabel.be\/fr\/#website","url":"https:\/\/www.enabel.be\/fr\/","name":"Enabel - Agence belge de coop\u00e9ration internationale","description":"Enabling Change","publisher":{"@id":"https:\/\/www.enabel.be\/fr\/#organization"},"potentialAction":[{"@type":"SearchAction","target":{"@type":"EntryPoint","urlTemplate":"https:\/\/www.enabel.be\/fr\/?s={search_term_string}"},"query-input":{"@type":"PropertyValueSpecification","valueRequired":true,"valueName":"search_term_string"}}],"inLanguage":"fr-FR"},{"@type":"Organization","@id":"https:\/\/www.enabel.be\/fr\/#organization","name":"Enabel - Agence belge de coop\u00e9ration internationale","url":"https:\/\/www.enabel.be\/fr\/","logo":{"@type":"ImageObject","inLanguage":"fr-FR","@id":"https:\/\/www.enabel.be\/fr\/#\/schema\/logo\/image\/","url":"https:\/\/www.enabel.be\/app\/uploads\/2022\/06\/enabel-logo-color.svg","contentUrl":"https:\/\/www.enabel.be\/app\/uploads\/2022\/06\/enabel-logo-color.svg","width":103,"height":35,"caption":"Enabel - Agence belge de coop\u00e9ration internationale"},"image":{"@id":"https:\/\/www.enabel.be\/fr\/#\/schema\/logo\/image\/"},"sameAs":["https:\/\/www.facebook.com\/EnabelBelgium\/","https:\/\/x.com\/Enabel_Belgium","https:\/\/www.instagram.com\/enabel_be\/","https:\/\/www.linkedin.com\/company\/enabel\/","https:\/\/www.youtube.com\/channel\/UCHGr3iOQ9n2jORzgtkv5FyQ"]}]}},"acf":[],"_links":{"self":[{"href":"https:\/\/www.enabel.be\/fr\/wp-json\/wp\/v2\/pages\/4988","targetHints":{"allow":["GET"]}}],"collection":[{"href":"https:\/\/www.enabel.be\/fr\/wp-json\/wp\/v2\/pages"}],"about":[{"href":"https:\/\/www.enabel.be\/fr\/wp-json\/wp\/v2\/types\/page"}],"author":[{"embeddable":true,"href":"https:\/\/www.enabel.be\/fr\/wp-json\/wp\/v2\/users\/1"}],"replies":[{"embeddable":true,"href":"https:\/\/www.enabel.be\/fr\/wp-json\/wp\/v2\/comments?post=4988"}],"version-history":[{"count":0,"href":"https:\/\/www.enabel.be\/fr\/wp-json\/wp\/v2\/pages\/4988\/revisions"}],"wp:featuredmedia":[{"embeddable":true,"href":"https:\/\/www.enabel.be\/fr\/wp-json\/wp\/v2\/media\/6178"}],"wp:attachment":[{"href":"https:\/\/www.enabel.be\/fr\/wp-json\/wp\/v2\/media?parent=4988"}],"curies":[{"name":"wp","href":"https:\/\/api.w.org\/{rel}","templated":true}]}}