{"id":57649,"date":"2025-07-29T06:44:05","date_gmt":"2025-07-29T06:44:05","guid":{"rendered":"https:\/\/www.enabel.be\/tenders\/marche-de-services-relatif-a-la-mise-en-place-dun-accord-cadre-pour-des-prestations-de-services-dorganisation-de-seminaires-hebergement-restauration-et-de-location-de-s\/"},"modified":"2025-07-29T06:47:51","modified_gmt":"2025-07-29T06:47:51","slug":"marche-de-services-relatif-a-la-mise-en-place-dun-accord-cadre-pour-des-prestations-de-services-dorganisation-de-seminaires-hebergement-restauration-et-de-location-de-s","status":"publish","type":"tenders","link":"https:\/\/www.enabel.be\/fr\/tenders\/marche-de-services-relatif-a-la-mise-en-place-dun-accord-cadre-pour-des-prestations-de-services-dorganisation-de-seminaires-hebergement-restauration-et-de-location-de-s\/","title":{"rendered":"2108BDI-10197_March\u00e9 de Services relatif \u00e0 la \u00ab\u00a0mise en place d\u2019un accord-cadre pour des prestations de services d\u2019organisation de s\u00e9minaires (h\u00e9bergement, restauration et de location de salle de r\u00e9unions), au profit de la Repr\u00e9sentation de Enabel au Burundi et de ses projets\u00a0\u00bb"},"content":{"rendered":"","protected":false},"featured_media":0,"template":"","type-tenders":[],"class_list":["post-57649","tenders","type-tenders","status-publish","hentry"],"yoast_head":"<!-- This site is optimized with the Yoast SEO plugin v25.9 - https:\/\/yoast.com\/wordpress\/plugins\/seo\/ -->\n<title>2108BDI-10197_March\u00e9 de Services relatif \u00e0 la \u00ab\u00a0mise en place d\u2019un accord-cadre pour des prestations de services d\u2019organisation de s\u00e9minaires (h\u00e9bergement, restauration et de location de salle de r\u00e9unions), au profit de la Repr\u00e9sentation de Enabel au Burundi et de ses projets\u00a0\u00bb - Enabel - Agence belge de coop\u00e9ration internationale<\/title>\n<meta name=\"robots\" content=\"index, follow, max-snippet:-1, max-image-preview:large, max-video-preview:-1\" \/>\n<link rel=\"canonical\" href=\"https:\/\/www.enabel.be\/fr\/tenders\/marche-de-services-relatif-a-la-mise-en-place-dun-accord-cadre-pour-des-prestations-de-services-dorganisation-de-seminaires-hebergement-restauration-et-de-location-de-s\/\" \/>\n<meta property=\"og:locale\" content=\"fr_FR\" \/>\n<meta property=\"og:type\" content=\"article\" \/>\n<meta property=\"og:title\" content=\"2108BDI-10197_March\u00e9 de Services relatif \u00e0 la \u00ab\u00a0mise en place d\u2019un accord-cadre pour des prestations de services d\u2019organisation de s\u00e9minaires (h\u00e9bergement, restauration et de location de salle de r\u00e9unions), au profit de la Repr\u00e9sentation de Enabel au Burundi et de ses projets\u00a0\u00bb - Enabel - Agence belge de coop\u00e9ration internationale\" \/>\n<meta property=\"og:url\" content=\"https:\/\/www.enabel.be\/fr\/tenders\/marche-de-services-relatif-a-la-mise-en-place-dun-accord-cadre-pour-des-prestations-de-services-dorganisation-de-seminaires-hebergement-restauration-et-de-location-de-s\/\" \/>\n<meta property=\"og:site_name\" content=\"Enabel - Agence belge de coop\u00e9ration internationale\" \/>\n<meta property=\"article:publisher\" content=\"https:\/\/www.facebook.com\/EnabelBelgium\/\" \/>\n<meta property=\"article:modified_time\" content=\"2025-07-29T06:47:51+00:00\" \/>\n<meta property=\"og:image\" content=\"https:\/\/www.enabel.be\/app\/uploads\/2022\/10\/OG-Enabel-e1666600479426.jpg\" \/>\n\t<meta property=\"og:image:width\" content=\"1500\" \/>\n\t<meta property=\"og:image:height\" content=\"707\" \/>\n\t<meta property=\"og:image:type\" content=\"image\/jpeg\" \/>\n<meta name=\"twitter:card\" content=\"summary_large_image\" \/>\n<meta name=\"twitter:site\" content=\"@Enabel_Belgium\" \/>\n<script type=\"application\/ld+json\" class=\"yoast-schema-graph\">{\"@context\":\"https:\/\/schema.org\",\"@graph\":[{\"@type\":\"WebPage\",\"@id\":\"https:\/\/www.enabel.be\/fr\/tenders\/marche-de-services-relatif-a-la-mise-en-place-dun-accord-cadre-pour-des-prestations-de-services-dorganisation-de-seminaires-hebergement-restauration-et-de-location-de-s\/\",\"url\":\"https:\/\/www.enabel.be\/fr\/tenders\/marche-de-services-relatif-a-la-mise-en-place-dun-accord-cadre-pour-des-prestations-de-services-dorganisation-de-seminaires-hebergement-restauration-et-de-location-de-s\/\",\"name\":\"2108BDI-10197_March\u00e9 de Services relatif \u00e0 la \u00ab\u00a0mise en place d\u2019un accord-cadre pour des prestations de services d\u2019organisation de s\u00e9minaires (h\u00e9bergement, restauration et de location de salle de r\u00e9unions), au profit de la Repr\u00e9sentation de Enabel au Burundi et de ses projets\u00a0\u00bb - Enabel - Agence belge de coop\u00e9ration internationale\",\"isPartOf\":{\"@id\":\"https:\/\/www.enabel.be\/fr\/#website\"},\"datePublished\":\"2025-07-29T06:44:05+00:00\",\"dateModified\":\"2025-07-29T06:47:51+00:00\",\"breadcrumb\":{\"@id\":\"https:\/\/www.enabel.be\/fr\/tenders\/marche-de-services-relatif-a-la-mise-en-place-dun-accord-cadre-pour-des-prestations-de-services-dorganisation-de-seminaires-hebergement-restauration-et-de-location-de-s\/#breadcrumb\"},\"inLanguage\":\"fr-FR\",\"potentialAction\":[{\"@type\":\"ReadAction\",\"target\":[\"https:\/\/www.enabel.be\/fr\/tenders\/marche-de-services-relatif-a-la-mise-en-place-dun-accord-cadre-pour-des-prestations-de-services-dorganisation-de-seminaires-hebergement-restauration-et-de-location-de-s\/\"]}]},{\"@type\":\"BreadcrumbList\",\"@id\":\"https:\/\/www.enabel.be\/fr\/tenders\/marche-de-services-relatif-a-la-mise-en-place-dun-accord-cadre-pour-des-prestations-de-services-dorganisation-de-seminaires-hebergement-restauration-et-de-location-de-s\/#breadcrumb\",\"itemListElement\":[{\"@type\":\"ListItem\",\"position\":1,\"name\":\"Home\",\"item\":\"https:\/\/www.enabel.be\/fr\/\"},{\"@type\":\"ListItem\",\"position\":2,\"name\":\"2108BDI-10197_March\u00e9 de Services relatif \u00e0 la \u00ab\u00a0mise en place d\u2019un accord-cadre pour des prestations de services d\u2019organisation de s\u00e9minaires (h\u00e9bergement, restauration et de location de salle de r\u00e9unions), au profit de la Repr\u00e9sentation de Enabel au Burundi et de ses projets\u00a0\u00bb\"}]},{\"@type\":\"WebSite\",\"@id\":\"https:\/\/www.enabel.be\/fr\/#website\",\"url\":\"https:\/\/www.enabel.be\/fr\/\",\"name\":\"Enabel - Agence belge de coop\u00e9ration internationale\",\"description\":\"Enabling Change\",\"publisher\":{\"@id\":\"https:\/\/www.enabel.be\/fr\/#organization\"},\"potentialAction\":[{\"@type\":\"SearchAction\",\"target\":{\"@type\":\"EntryPoint\",\"urlTemplate\":\"https:\/\/www.enabel.be\/fr\/?s={search_term_string}\"},\"query-input\":{\"@type\":\"PropertyValueSpecification\",\"valueRequired\":true,\"valueName\":\"search_term_string\"}}],\"inLanguage\":\"fr-FR\"},{\"@type\":\"Organization\",\"@id\":\"https:\/\/www.enabel.be\/fr\/#organization\",\"name\":\"Enabel - Agence belge de coop\u00e9ration internationale\",\"url\":\"https:\/\/www.enabel.be\/fr\/\",\"logo\":{\"@type\":\"ImageObject\",\"inLanguage\":\"fr-FR\",\"@id\":\"https:\/\/www.enabel.be\/fr\/#\/schema\/logo\/image\/\",\"url\":\"https:\/\/www.enabel.be\/app\/uploads\/2022\/06\/enabel-logo-color.svg\",\"contentUrl\":\"https:\/\/www.enabel.be\/app\/uploads\/2022\/06\/enabel-logo-color.svg\",\"width\":103,\"height\":35,\"caption\":\"Enabel - Agence belge de coop\u00e9ration internationale\"},\"image\":{\"@id\":\"https:\/\/www.enabel.be\/fr\/#\/schema\/logo\/image\/\"},\"sameAs\":[\"https:\/\/www.facebook.com\/EnabelBelgium\/\",\"https:\/\/x.com\/Enabel_Belgium\",\"https:\/\/www.instagram.com\/enabel_be\/\",\"https:\/\/www.linkedin.com\/company\/enabel\/\",\"https:\/\/www.youtube.com\/channel\/UCHGr3iOQ9n2jORzgtkv5FyQ\"]}]}<\/script>\n<!-- \/ Yoast SEO plugin. -->","yoast_head_json":{"title":"2108BDI-10197_March\u00e9 de Services relatif \u00e0 la \u00ab\u00a0mise en place d\u2019un accord-cadre pour des prestations de services d\u2019organisation de s\u00e9minaires (h\u00e9bergement, restauration et de location de salle de r\u00e9unions), au profit de la Repr\u00e9sentation de Enabel au Burundi et de ses projets\u00a0\u00bb - Enabel - Agence belge de coop\u00e9ration internationale","robots":{"index":"index","follow":"follow","max-snippet":"max-snippet:-1","max-image-preview":"max-image-preview:large","max-video-preview":"max-video-preview:-1"},"canonical":"https:\/\/www.enabel.be\/fr\/tenders\/marche-de-services-relatif-a-la-mise-en-place-dun-accord-cadre-pour-des-prestations-de-services-dorganisation-de-seminaires-hebergement-restauration-et-de-location-de-s\/","og_locale":"fr_FR","og_type":"article","og_title":"2108BDI-10197_March\u00e9 de Services relatif \u00e0 la \u00ab\u00a0mise en place d\u2019un accord-cadre pour des prestations de services d\u2019organisation de s\u00e9minaires (h\u00e9bergement, restauration et de location de salle de r\u00e9unions), au profit de la Repr\u00e9sentation de Enabel au Burundi et de ses projets\u00a0\u00bb - Enabel - Agence belge de coop\u00e9ration internationale","og_url":"https:\/\/www.enabel.be\/fr\/tenders\/marche-de-services-relatif-a-la-mise-en-place-dun-accord-cadre-pour-des-prestations-de-services-dorganisation-de-seminaires-hebergement-restauration-et-de-location-de-s\/","og_site_name":"Enabel - Agence belge de coop\u00e9ration internationale","article_publisher":"https:\/\/www.facebook.com\/EnabelBelgium\/","article_modified_time":"2025-07-29T06:47:51+00:00","og_image":[{"width":1500,"height":707,"url":"https:\/\/www.enabel.be\/app\/uploads\/2022\/10\/OG-Enabel-e1666600479426.jpg","type":"image\/jpeg"}],"twitter_card":"summary_large_image","twitter_site":"@Enabel_Belgium","schema":{"@context":"https:\/\/schema.org","@graph":[{"@type":"WebPage","@id":"https:\/\/www.enabel.be\/fr\/tenders\/marche-de-services-relatif-a-la-mise-en-place-dun-accord-cadre-pour-des-prestations-de-services-dorganisation-de-seminaires-hebergement-restauration-et-de-location-de-s\/","url":"https:\/\/www.enabel.be\/fr\/tenders\/marche-de-services-relatif-a-la-mise-en-place-dun-accord-cadre-pour-des-prestations-de-services-dorganisation-de-seminaires-hebergement-restauration-et-de-location-de-s\/","name":"2108BDI-10197_March\u00e9 de Services relatif \u00e0 la \u00ab\u00a0mise en place d\u2019un accord-cadre pour des prestations de services d\u2019organisation de s\u00e9minaires (h\u00e9bergement, restauration et de location de salle de r\u00e9unions), au profit de la Repr\u00e9sentation de Enabel au Burundi et de ses projets\u00a0\u00bb - Enabel - Agence belge de coop\u00e9ration internationale","isPartOf":{"@id":"https:\/\/www.enabel.be\/fr\/#website"},"datePublished":"2025-07-29T06:44:05+00:00","dateModified":"2025-07-29T06:47:51+00:00","breadcrumb":{"@id":"https:\/\/www.enabel.be\/fr\/tenders\/marche-de-services-relatif-a-la-mise-en-place-dun-accord-cadre-pour-des-prestations-de-services-dorganisation-de-seminaires-hebergement-restauration-et-de-location-de-s\/#breadcrumb"},"inLanguage":"fr-FR","potentialAction":[{"@type":"ReadAction","target":["https:\/\/www.enabel.be\/fr\/tenders\/marche-de-services-relatif-a-la-mise-en-place-dun-accord-cadre-pour-des-prestations-de-services-dorganisation-de-seminaires-hebergement-restauration-et-de-location-de-s\/"]}]},{"@type":"BreadcrumbList","@id":"https:\/\/www.enabel.be\/fr\/tenders\/marche-de-services-relatif-a-la-mise-en-place-dun-accord-cadre-pour-des-prestations-de-services-dorganisation-de-seminaires-hebergement-restauration-et-de-location-de-s\/#breadcrumb","itemListElement":[{"@type":"ListItem","position":1,"name":"Home","item":"https:\/\/www.enabel.be\/fr\/"},{"@type":"ListItem","position":2,"name":"2108BDI-10197_March\u00e9 de Services relatif \u00e0 la \u00ab\u00a0mise en place d\u2019un accord-cadre pour des prestations de services d\u2019organisation de s\u00e9minaires (h\u00e9bergement, restauration et de location de salle de r\u00e9unions), au profit de la Repr\u00e9sentation de Enabel au Burundi et de ses projets\u00a0\u00bb"}]},{"@type":"WebSite","@id":"https:\/\/www.enabel.be\/fr\/#website","url":"https:\/\/www.enabel.be\/fr\/","name":"Enabel - Agence belge de coop\u00e9ration internationale","description":"Enabling Change","publisher":{"@id":"https:\/\/www.enabel.be\/fr\/#organization"},"potentialAction":[{"@type":"SearchAction","target":{"@type":"EntryPoint","urlTemplate":"https:\/\/www.enabel.be\/fr\/?s={search_term_string}"},"query-input":{"@type":"PropertyValueSpecification","valueRequired":true,"valueName":"search_term_string"}}],"inLanguage":"fr-FR"},{"@type":"Organization","@id":"https:\/\/www.enabel.be\/fr\/#organization","name":"Enabel - Agence belge de coop\u00e9ration internationale","url":"https:\/\/www.enabel.be\/fr\/","logo":{"@type":"ImageObject","inLanguage":"fr-FR","@id":"https:\/\/www.enabel.be\/fr\/#\/schema\/logo\/image\/","url":"https:\/\/www.enabel.be\/app\/uploads\/2022\/06\/enabel-logo-color.svg","contentUrl":"https:\/\/www.enabel.be\/app\/uploads\/2022\/06\/enabel-logo-color.svg","width":103,"height":35,"caption":"Enabel - Agence belge de coop\u00e9ration internationale"},"image":{"@id":"https:\/\/www.enabel.be\/fr\/#\/schema\/logo\/image\/"},"sameAs":["https:\/\/www.facebook.com\/EnabelBelgium\/","https:\/\/x.com\/Enabel_Belgium","https:\/\/www.instagram.com\/enabel_be\/","https:\/\/www.linkedin.com\/company\/enabel\/","https:\/\/www.youtube.com\/channel\/UCHGr3iOQ9n2jORzgtkv5FyQ"]}]}},"acf":[],"_links":{"self":[{"href":"https:\/\/www.enabel.be\/fr\/wp-json\/wp\/v2\/tenders\/57649","targetHints":{"allow":["GET"]}}],"collection":[{"href":"https:\/\/www.enabel.be\/fr\/wp-json\/wp\/v2\/tenders"}],"about":[{"href":"https:\/\/www.enabel.be\/fr\/wp-json\/wp\/v2\/types\/tenders"}],"wp:attachment":[{"href":"https:\/\/www.enabel.be\/fr\/wp-json\/wp\/v2\/media?parent=57649"}],"wp:term":[{"taxonomy":"type-tenders","embeddable":true,"href":"https:\/\/www.enabel.be\/fr\/wp-json\/wp\/v2\/type-tenders?post=57649"}],"curies":[{"name":"wp","href":"https:\/\/api.w.org\/{rel}","templated":true}]}}